{"id":25091,"date":"2022-11-07T12:26:24","date_gmt":"2022-11-07T12:26:24","guid":{"rendered":"https:\/\/sanantonioalgeciras.com\/?page_id=25091"},"modified":"2022-11-24T20:34:55","modified_gmt":"2022-11-24T20:34:55","slug":"imagenes-de-la-parroquia","status":"publish","type":"page","link":"https:\/\/sanantonioalgeciras.com\/index.php\/imagenes-de-la-parroquia\/","title":{"rendered":"Im\u00e1genes de la Parroquia"},"content":{"rendered":"<div class=\"row \"><div class=\"wpv-grid grid-1-1 move-into-slider wpv-first-level first has-background unextended\" style=\"background-color:#fff;padding-top:30px;padding-bottom:20px\" id=\"wpv-column-4c71ddfe95d2a4efd5a3df0173b32b3b\" ><style>#wpv-column-4c71ddfe95d2a4efd5a3df0173b32b3b p,#wpv-column-4c71ddfe95d2a4efd5a3df0173b32b3b em,#wpv-column-4c71ddfe95d2a4efd5a3df0173b32b3b .column-title,#wpv-column-4c71ddfe95d2a4efd5a3df0173b32b3b .sep-text h2.regular-title-wrapper,#wpv-column-4c71ddfe95d2a4efd5a3df0173b32b3b .text-divider-double,#wpv-column-4c71ddfe95d2a4efd5a3df0173b32b3b .sep-text .sep-text-line,#wpv-column-4c71ddfe95d2a4efd5a3df0173b32b3b .sep,#wpv-column-4c71ddfe95d2a4efd5a3df0173b32b3b .sep-2,#wpv-column-4c71ddfe95d2a4efd5a3df0173b32b3b .sep-3{color:#808080;}#wpv-column-4c71ddfe95d2a4efd5a3df0173b32b3b:before{background-color:transparent;}<\/style><div class=\"row \"><div class=\"wpv-grid grid-1-4  first unextended\" style=\"padding-top:0px;padding-bottom:0px\" id=\"wpv-column-ef1bdf533244ce7cfc66929421ee2b47\" ><h4 style=\"text-align: right;\">Next big event in:<\/h4><\/div>\n<div class=\"wpv-grid grid-2-3  unextended\" style=\"padding-top:0px;padding-bottom:0px\" id=\"wpv-column-b0471ef7392abf426db443f810b5a4e4\" ><\/div><\/div><\/div><\/div>\n<div class=\"row \"><div class=\"wpv-grid grid-1-1  wpv-first-level first extended animation-fade-in animated-active\" style=\"padding-top:0px;padding-bottom:50px\" id=\"wpv-column-181278708fabf37ce2d7bc8edd2644a2\" ><div class=\"extended-column-inner\">\t\t<div class=\"sep-text single centered\">\n\t\t\t\t\t\t\t<span class=\"sep-text-before\"><div class=\"sep-text-line\"><\/div><\/span>\n\t\t\t\t\t\t<div class=\"content\">\n\t\t\t\t<h2 class=\"text-divider-double\">NUESTROS SANTOS<\/h2>\t\t\t<\/div>\n\t\t\t<span class=\"sep-text-after\"><div class=\"sep-text-line\"><\/div><\/span>\n\t\t\t\t\t<\/div>\n\t<div class=\"row \"><div class=\"wpv-grid grid-1-4  first unextended animation-from-left animated-active\" style=\"padding-top:0px;padding-bottom:0px\" id=\"wpv-column-876d4bcf2c0f40c3c007fced05fa95b2\" ><div class=\"services clearfix fullimage has-image has-icon has-button \" style=\"text-align:center;\">\n\t<div class=\"services-inside\">\n\t\t\t\t\t\t\t\t\t<div class=\"thumbnail\">\n\t\t\t\t\t\t\t\t\t\t\t<a href=\"#\" title=\"SAN ANTONIO DE PADUA\" class=\"has-border\">\n\t\t\t\t\t\t\t\t\t\t\t\t\t\t\t\t\t\t<img decoding=\"async\" src=\"https:\/\/church-event.vamtam.com\/wp-content\/uploads\/2013\/03\/about_1.jpg\" alt=\"\" \/>\t\t\t\t\t\t\t\t\t\t\t\t\t\t\t\t\t<\/a>\n\t\t\t\t\t\t\t\t\t<\/div>\n\t\t\t\t\t\t\t\t\t\t<h4 class=\"services-title\">\n\t\t\t\t\t\t\t\t\t<a href=\"#\" title=\"SAN ANTONIO DE PADUA\">SAN ANTONIO DE PADUA<\/a>\n\t\t\t\t\t\t\t<\/h4>\n\t\t\t\t\t\t\t<div class=\"services-content\">\nClaritas est etiam processus dynamicus, qui sequitur mutationem consuetudium lectorum.<br \/>\n<img loading=\"lazy\" decoding=\"async\" class=\"size-full wp-image-6905 aligncenter\" src=\"https:\/\/sanantonioalgeciras.com\/wp-content\/themes\/churchtheme\/samples\/images\/ornament1.png\" alt=\"ornament1\" width=\"50\" height=\"30\" \/><\/div>\n\t\t\t\t\t<\/div>\n<\/div>\n<\/div>\n<div class=\"wpv-grid grid-1-4  unextended animation-from-left animated-active\" style=\"padding-top:0px;padding-bottom:0px\" id=\"wpv-column-9edd4715b9d302283edfdd9c3324078c\" ><div class=\"services clearfix fullimage has-image has-icon has-button \" style=\"text-align:center;\">\n\t<div class=\"services-inside\">\n\t\t\t\t\t\t\t\t\t<div class=\"thumbnail\">\n\t\t\t\t\t\t\t\t\t\t\t<a href=\"#\" title=\"SANTA ANGELA DE LA CRUZ\" class=\"has-border\">\n\t\t\t\t\t\t\t\t\t\t\t\t\t\t\t\t\t\t<img decoding=\"async\" src=\"https:\/\/church-event.vamtam.com\/wp-content\/uploads\/2013\/03\/about_3.jpg\" alt=\"\" \/>\t\t\t\t\t\t\t\t\t\t\t\t\t\t\t\t\t<\/a>\n\t\t\t\t\t\t\t\t\t<\/div>\n\t\t\t\t\t\t\t\t\t\t<h4 class=\"services-title\">\n\t\t\t\t\t\t\t\t\t<a href=\"#\" title=\"SANTA ANGELA DE LA CRUZ\">SANTA ANGELA DE LA CRUZ<\/a>\n\t\t\t\t\t\t\t<\/h4>\n\t\t\t\t\t\t\t<div class=\"services-content\">\nClaritas est etiam processus dynamicus, qui sequitur mutationem consuetudium lectorum.<\/p>\n<p><img loading=\"lazy\" decoding=\"async\" class=\"size-full wp-image-6905 aligncenter\" src=\"https:\/\/sanantonioalgeciras.com\/wp-content\/themes\/churchtheme\/samples\/images\/ornament1.png\" alt=\"ornament1\" width=\"50\" height=\"30\" \/><\/div>\n\t\t\t\t\t<\/div>\n<\/div>\n<\/div>\n<div class=\"wpv-grid grid-1-4  unextended animation-from-left animated-active\" style=\"padding-top:0px;padding-bottom:0px\" id=\"wpv-column-dd3ba088f024e32c4f2020f6b9237660\" ><div class=\"services clearfix fullimage has-image has-icon has-button \" style=\"text-align:center;\">\n\t<div class=\"services-inside\">\n\t\t\t\t\t\t\t\t\t<div class=\"thumbnail\">\n\t\t\t\t\t\t\t\t\t\t\t<a href=\"#\" title=\"SANTA ANGELA DE LA CRUZ\" class=\"has-border\">\n\t\t\t\t\t\t\t\t\t\t\t\t\t\t\t\t\t\t<img decoding=\"async\" src=\"https:\/\/church-event.vamtam.com\/wp-content\/uploads\/2013\/03\/about_3.jpg\" alt=\"\" \/>\t\t\t\t\t\t\t\t\t\t\t\t\t\t\t\t\t<\/a>\n\t\t\t\t\t\t\t\t\t<\/div>\n\t\t\t\t\t\t\t\t\t\t<h4 class=\"services-title\">\n\t\t\t\t\t\t\t\t\t<a href=\"#\" title=\"SANTA ANGELA DE LA CRUZ\">SANTA ANGELA DE LA CRUZ<\/a>\n\t\t\t\t\t\t\t<\/h4>\n\t\t\t\t\t\t\t<div class=\"services-content\">\nClaritas est etiam processus dynamicus, qui sequitur mutationem consuetudium lectorum.<\/p>\n<p><img loading=\"lazy\" decoding=\"async\" class=\"aligncenter\" src=\"https:\/\/sanantonioalgeciras.com\/wp-content\/themes\/churchtheme\/samples\/images\/ornament1.png\" alt=\"ornament1\" width=\"50\" height=\"30\" \/><\/div>\n\t\t\t\t\t<\/div>\n<\/div>\n<\/div>\n<div class=\"wpv-grid grid-1-4  unextended animation-from-right animated-active\" style=\"padding-top:0px;padding-bottom:0px\" id=\"wpv-column-b6f546dd1eabd9e02d89ef1c9e27a124\" ><div class=\"services clearfix fullimage has-image has-icon has-button \" style=\"text-align:center;\">\n\t<div class=\"services-inside\">\n\t\t\t\t\t\t\t\t\t<div class=\"thumbnail\">\n\t\t\t\t\t\t\t\t\t\t\t<a href=\"#\" title=\"SAN BERNARDO\" class=\"has-border\">\n\t\t\t\t\t\t\t\t\t\t\t\t\t\t\t\t\t\t<img decoding=\"async\" src=\"https:\/\/church-event.vamtam.com\/wp-content\/uploads\/2013\/03\/about_2.jpg\" alt=\"\" \/>\t\t\t\t\t\t\t\t\t\t\t\t\t\t\t\t\t<\/a>\n\t\t\t\t\t\t\t\t\t<\/div>\n\t\t\t\t\t\t\t\t\t\t<h4 class=\"services-title\">\n\t\t\t\t\t\t\t\t\t<a href=\"#\" title=\"SAN BERNARDO\">SAN BERNARDO<\/a>\n\t\t\t\t\t\t\t<\/h4>\n\t\t\t\t\t\t\t<div class=\"services-content\">\nClaritas est etiam processus dynamicus, qui sequitur mutationem consuetudium lectorum.<br \/>\n<img loading=\"lazy\" decoding=\"async\" class=\"aligncenter\" src=\"https:\/\/sanantonioalgeciras.com\/wp-content\/themes\/churchtheme\/samples\/images\/ornament1.png\" alt=\"ornament1\" width=\"50\" height=\"30\" \/><\/div>\n\t\t\t\t\t<\/div>\n<\/div>\n<\/div>\n<div class=\"wpv-grid grid-1-4  unextended animation-from-right animated-active\" style=\"padding-top:0px;padding-bottom:0px\" id=\"wpv-column-55901a98a01c397eee0163b4cef5d0f1\" ><div class=\"services clearfix fullimage has-image has-icon has-button \" style=\"text-align:center;\">\n\t<div class=\"services-inside\">\n\t\t\t\t\t\t\t\t\t<div class=\"thumbnail\">\n\t\t\t\t\t\t\t\t\t\t\t<a href=\"#\" title=\"SAN +++?\" class=\"has-border\">\n\t\t\t\t\t\t\t\t\t\t\t\t\t\t\t\t\t\t<img decoding=\"async\" src=\"https:\/\/church-event.vamtam.com\/wp-content\/uploads\/2013\/03\/about_4.jpg\" alt=\"\" \/>\t\t\t\t\t\t\t\t\t\t\t\t\t\t\t\t\t<\/a>\n\t\t\t\t\t\t\t\t\t<\/div>\n\t\t\t\t\t\t\t\t\t\t<h4 class=\"services-title\">\n\t\t\t\t\t\t\t\t\t<a href=\"#\" title=\"SAN +++?\">SAN +++?<\/a>\n\t\t\t\t\t\t\t<\/h4>\n\t\t\t\t\t\t\t<div class=\"services-content\">\nClaritas est etiam processus dynamicus, qui sequitur mutationem consuetudium lectorum.<\/p>\n<p><img loading=\"lazy\" decoding=\"async\" class=\"aligncenter\" src=\"https:\/\/sanantonioalgeciras.com\/wp-content\/themes\/churchtheme\/samples\/images\/ornament1.png\" alt=\"ornament1\" width=\"50\" height=\"30\" \/><\/div>\n\t\t\t\t\t<\/div>\n<\/div>\n<\/div><\/div>\n<div class=\"row \"><div class=\"wpv-grid grid-1-4  first unextended animation-from-right animated-active\" style=\"padding-top:0px;padding-bottom:0px\" id=\"wpv-column-e843bc59e1fe302cad8df1f32fb96945\" ><div class=\"services clearfix fullimage has-image has-icon has-button \" style=\"text-align:center;\">\n\t<div class=\"services-inside\">\n\t\t\t\t\t\t\t\t\t<div class=\"thumbnail\">\n\t\t\t\t\t\t\t\t\t\t\t<a href=\"#\" title=\"SAN +++?\" class=\"has-border\">\n\t\t\t\t\t\t\t\t\t\t\t\t\t\t\t\t\t\t<img decoding=\"async\" src=\"https:\/\/church-event.vamtam.com\/wp-content\/uploads\/2013\/03\/about_4.jpg\" alt=\"\" \/>\t\t\t\t\t\t\t\t\t\t\t\t\t\t\t\t\t<\/a>\n\t\t\t\t\t\t\t\t\t<\/div>\n\t\t\t\t\t\t\t\t\t\t<h4 class=\"services-title\">\n\t\t\t\t\t\t\t\t\t<a href=\"#\" title=\"SAN +++?\">SAN +++?<\/a>\n\t\t\t\t\t\t\t<\/h4>\n\t\t\t\t\t\t\t<div class=\"services-content\">\nClaritas est etiam processus dynamicus, qui sequitur mutationem consuetudium lectorum.<br \/>\n<img loading=\"lazy\" decoding=\"async\" class=\"aligncenter\" src=\"https:\/\/sanantonioalgeciras.com\/wp-content\/themes\/churchtheme\/samples\/images\/ornament1.png\" alt=\"ornament1\" width=\"50\" height=\"30\" \/><\/p>\n<p><img loading=\"lazy\" decoding=\"async\" class=\"aligncenter\" src=\"https:\/\/sanantonioalgeciras.com\/wp-content\/themes\/churchtheme\/samples\/images\/ornament1.png\" alt=\"ornament1\" width=\"50\" height=\"30\" \/><\/div>\n\t\t\t\t\t<\/div>\n<\/div>\n<\/div><\/div><\/div><\/div><\/div>\n<div class=\"row \"><div class=\"wpv-grid grid-1-1  wpv-first-level parallax-bg first has-background extended\" style=\"\n\t\t\t\tbackground: url('https:\/\/church-event.vamtam.com\/wp-content\/uploads\/2014\/04\/slider_shop_bg_big2.jpg') no-repeat center top;\n\t\t\t\tbackground-size: auto;\n\t\t\t\tbackground-attachment: fixed;\n\t\t\tpadding-top:60px;padding-bottom:60px\" id=\"wpv-column-c8e0fe45031c4ec6c7ce01ef52ff4a53\"  data-parallax-method=\"to-centre\" data-parallax-inertia=\"-0.2\"><div class=\"extended-column-inner\">\t\t<div class=\"sep-text single centered\">\n\t\t\t\t\t\t\t<span class=\"sep-text-before\"><div class=\"sep-text-line\"><\/div><\/span>\n\t\t\t\t\t\t<div class=\"content\">\n\t\t\t\t<h2 class=\"text-divider-double\">\nLatest sermon<\/h2>\t\t\t<\/div>\n\t\t\t<span class=\"sep-text-after\"><div class=\"sep-text-line\"><\/div><\/span>\n\t\t\t\t\t<\/div>\n\t\n<div class=\"row \"><div class=\"wpv-grid grid-1-1  first unextended\" style=\"padding-top:0px;padding-bottom:0px\" id=\"wpv-column-771f4450e63f5f8b33f0353c52e2eccf\" ><p><\/div><\/div>\n<div class=\"sep\"><\/div><\/div><\/div><\/div>\n<div class=\"row \"><div class=\"wpv-grid grid-1-1  wpv-first-level parallax-bg first has-background extended\" style=\"\n\t\t\t\tbackground: url('https:\/\/church-event.vamtam.com\/wp-content\/uploads\/2013\/03\/bg_photo11.jpg') no-repeat center top;\n\t\t\t\tbackground-size: cover;\n\t\t\t\tbackground-attachment: fixed;\n\t\t\tbackground-color:#333333;padding-top:30px;padding-bottom:30px\" id=\"wpv-column-269ef01cc439480d12a4bbe21b9eccdf\"  data-parallax-method=\"fixed\" data-parallax-inertia=\"-0.2\"><div class=\"extended-column-inner\"><style>#wpv-column-269ef01cc439480d12a4bbe21b9eccdf p,#wpv-column-269ef01cc439480d12a4bbe21b9eccdf em,#wpv-column-269ef01cc439480d12a4bbe21b9eccdf .column-title,#wpv-column-269ef01cc439480d12a4bbe21b9eccdf .sep-text h2.regular-title-wrapper,#wpv-column-269ef01cc439480d12a4bbe21b9eccdf .text-divider-double,#wpv-column-269ef01cc439480d12a4bbe21b9eccdf .sep-text .sep-text-line,#wpv-column-269ef01cc439480d12a4bbe21b9eccdf .sep,#wpv-column-269ef01cc439480d12a4bbe21b9eccdf .sep-2,#wpv-column-269ef01cc439480d12a4bbe21b9eccdf .sep-3{color:#b3b3b3;}#wpv-column-269ef01cc439480d12a4bbe21b9eccdf:before{background-color:transparent;}<\/style>\t\t<div class=\"sep-text single centered\">\n\t\t\t\t\t\t\t<span class=\"sep-text-before\"><div class=\"sep-text-line\"><\/div><\/span>\n\t\t\t\t\t\t<div class=\"content\">\n\t\t\t\t<h2 class=\"text-divider-double\">Upcoming Events<\/h2>\t\t\t<\/div>\n\t\t\t<span class=\"sep-text-after\"><div class=\"sep-text-line\"><\/div><\/span>\n\t\t\t\t\t<\/div>\n\t<div class=\"row \"><div class=\"wpv-grid grid-1-1  first unextended\" style=\"padding-top:0px;padding-bottom:0px\" id=\"wpv-column-fe5333828be9c8d21cec0c1d82d022be\" ><\/div><\/div>\n<div class=\"row \"><div class=\"wpv-grid grid-1-1  first unextended animation-zoom-in animated-active\" style=\"padding-top:0px;padding-bottom:0px\" id=\"wpv-column-5e880d12b632503c7e319daa9285aba1\" ><div class=\"push\" style='height:30px'><\/div>\n<p style=\"text-align: center;\"><a class=\"wpv-scroll-to-top\" href=\"#\">Top \u2191<\/a> | <a href=\"\/events\/\">View Full Calendar \u2192<\/a><\/div><\/div><\/div><\/div><\/div>\n<div class=\"push\" style='height:30px'><\/div>\n<div class=\"row \"><div class=\"wpv-grid grid-1-1  wpv-first-level first unextended animation-fade-in animated-active\" style=\"padding-top:0px;padding-bottom:0px\" id=\"wpv-column-e3fc6c90520f58cfb536de807f82caa7\" ><p><img loading=\"lazy\" decoding=\"async\" class=\"aligncenter size-full wp-image-7348\" src=\"https:\/\/church-event.vamtam.com\/wp-content\/uploads\/2014\/04\/element10.png\" alt=\"element10\" width=\"40\" height=\"52\" \/><\/p>\n<h2 style=\"text-align: center;\">\u201cEvery mountain top is within reach if you just keep climbing.\u201d<\/h2>\n<p style=\"text-align: center;\">Duis autem vel eum iriure dolor in hendrerit in vulputate velit esse molestie consequat, vel illum dolore eu feugiat nulla facilisis at vero eros et accumsan<br \/>\net iusto odio dignissim qui blandit praesent luptatum zzril delenit augue duis dolore te feugait nulla facilisi.<\/p>\n<p style=\"text-align: center;\"><a href=\"#\">\u2014 Richard James Molloy<\/a><\/div><\/div>\n<div class=\"push\" style='height:40px'><\/div>\n<div class=\"row \"><div class=\"wpv-grid grid-1-1  wpv-first-level first unextended\" style=\"padding-top:0px;padding-bottom:0px\" id=\"wpv-column-ddc3fa2d46c57dcf17fabf1da624a405\" >\t\t<div class=\"sep-text single centered\">\n\t\t\t\t\t\t\t<span class=\"sep-text-before\"><div class=\"sep-text-line\"><\/div><\/span>\n\t\t\t\t\t\t<div class=\"content\">\n\t\t\t\t<h2 class=\"text-divider-double\">What's new?<\/h2>\t\t\t<\/div>\n\t\t\t<span class=\"sep-text-after\"><div class=\"sep-text-line\"><\/div><\/span>\n\t\t\t\t\t<\/div>\n\t<div class=\"scrollable-wrapper\">\n\t<div class=\"loop-wrapper clearfix news scroll-x\">\n\t\t<ul class=\"clearfix\" data-columns=\"4\">\n\t\t\t\t\t\t\t\t<li class=\"page-content post-head list-item post-27289 post type-post status-publish format-standard has-post-thumbnail hentry category-proximoseventos\">\n\t\t\t\t\t\t<div>\n\t\t\t\t\t\t\t<div class=\"post-article has-image-wrapper \">\n\t<div class=\"standard-post-format clearfix as-image \">\n\t\t\t<div class=\"thumbnail\">\n\t\t\t\t\t\t\t<a href=\"https:\/\/sanantonioalgeciras.com\/index.php\/2025\/03\/17\/de-enfermera-abortista-a-misionera-pro-vida\/\" title=\"DE ENFERMERA ABORTISTA A MISIONERA PRO VIDA\">\n\t\t\t\t\t\t<img loading=\"lazy\" decoding=\"async\" width=\"142\" height=\"201\" src=\"https:\/\/sanantonioalgeciras.com\/wp-content\/uploads\/2025\/03\/charla-san-antonio-pdf.jpg\" class=\"attachment-post-small-4 size-post-small-4 wp-post-image\" alt=\"\" \/>\t\t\t\t\t<\/a>\n\t\t\t<\/div>\n\n\t<div class=\"post-content-wrapper\">\n\t\t\t<div class=\"post-actions-wrapper\">\n\t\t\t\t\n<div class=\"post-date\">\n\t\t\t<span class=\"top-part\">\n\t\t\t17\t\t<\/span>\n\t\t<span class=\"bottom-part\">\n\t\t\t03 '25\t\t<\/span>\n\t<\/div>\t\t\t\t\n<div class=\"post-actions\">\n\t\t\t\t\t\t<div class=\"comment-count\">\n\t\t\t\t<a href=\"https:\/\/sanantonioalgeciras.com\/index.php\/2025\/03\/17\/de-enfermera-abortista-a-misionera-pro-vida\/#respond\">0 <span class=\"comment-word\">Comments<\/span><\/a>\t\t\t<\/div>\n\t\t\n\t\t\n\t\t\t<\/div>\t\t\t<\/div>\n\t\t\t<div class=\"post-right\">\n\t\t\t\t<div class=\"post-content-outer\">\n\t\t\t\t\t\t\t<header class=\"single\">\n\t\t\t<div class=\"content\">\n\t\t\t\t<h4>\n\t\t\t\t\t<a href=\"https:\/\/sanantonioalgeciras.com\/index.php\/2025\/03\/17\/de-enfermera-abortista-a-misionera-pro-vida\/\" title=\"DE ENFERMERA ABORTISTA A MISIONERA PRO VIDA\" class=\"entry-title\">DE ENFERMERA ABORTISTA A MISIONERA PRO VIDA<\/a>\n\t\t\t\t<\/h4>\n\t\t\t<\/div>\n\t\t<\/header>\n\t<p>Querida familia, con gran alegr\u00eda, os anuncio que tendremos en nuestra parroquia a Mar\u00eda de&#8230;<\/p>\n\t\t\t\t<\/div>\n\t\t\t<\/div>\n\t<\/div>\n\t<\/div>\n<\/div>\n\t\t\t\t\t\t<\/div>\n\t\t\t\t\t<\/li>\n\t\t\t\t\t\t\t\t\t<li class=\"page-content post-head list-item post-27282 post type-post status-publish format-standard has-post-thumbnail hentry category-proximoseventos\">\n\t\t\t\t\t\t<div>\n\t\t\t\t\t\t\t<div class=\"post-article has-image-wrapper \">\n\t<div class=\"standard-post-format clearfix as-image \">\n\t\t\t<div class=\"thumbnail\">\n\t\t\t\t\t\t\t<a href=\"https:\/\/sanantonioalgeciras.com\/index.php\/2025\/02\/02\/catequesis-confirmacion-adultos\/\" title=\"CATEQUESIS CONFIRMACI\u00d3N ADULTOS\">\n\t\t\t\t\t\t<img loading=\"lazy\" decoding=\"async\" width=\"262\" height=\"201\" src=\"https:\/\/sanantonioalgeciras.com\/wp-content\/uploads\/2025\/02\/CATEQUESIS-ADULTOS-262x201.jpg\" class=\"attachment-post-small-4 size-post-small-4 wp-post-image\" alt=\"\" srcset=\"https:\/\/sanantonioalgeciras.com\/wp-content\/uploads\/2025\/02\/CATEQUESIS-ADULTOS-262x201.jpg 262w, https:\/\/sanantonioalgeciras.com\/wp-content\/uploads\/2025\/02\/CATEQUESIS-ADULTOS-480x369.jpg 480w, https:\/\/sanantonioalgeciras.com\/wp-content\/uploads\/2025\/02\/CATEQUESIS-ADULTOS-555x426.jpg 555w, https:\/\/sanantonioalgeciras.com\/wp-content\/uploads\/2025\/02\/CATEQUESIS-ADULTOS-360x276.jpg 360w\" sizes=\"auto, (max-width: 262px) 100vw, 262px\" \/>\t\t\t\t\t<\/a>\n\t\t\t<\/div>\n\n\t<div class=\"post-content-wrapper\">\n\t\t\t<div class=\"post-actions-wrapper\">\n\t\t\t\t\n<div class=\"post-date\">\n\t\t\t<span class=\"top-part\">\n\t\t\t02\t\t<\/span>\n\t\t<span class=\"bottom-part\">\n\t\t\t02 '25\t\t<\/span>\n\t<\/div>\t\t\t\t\n<div class=\"post-actions\">\n\t\t\t\t\t\t<div class=\"comment-count\">\n\t\t\t\t<a href=\"https:\/\/sanantonioalgeciras.com\/index.php\/2025\/02\/02\/catequesis-confirmacion-adultos\/#respond\">0 <span class=\"comment-word\">Comments<\/span><\/a>\t\t\t<\/div>\n\t\t\n\t\t\n\t\t\t<\/div>\t\t\t<\/div>\n\t\t\t<div class=\"post-right\">\n\t\t\t\t<div class=\"post-content-outer\">\n\t\t\t\t\t\t\t<header class=\"single\">\n\t\t\t<div class=\"content\">\n\t\t\t\t<h4>\n\t\t\t\t\t<a href=\"https:\/\/sanantonioalgeciras.com\/index.php\/2025\/02\/02\/catequesis-confirmacion-adultos\/\" title=\"CATEQUESIS CONFIRMACI\u00d3N ADULTOS\" class=\"entry-title\">CATEQUESIS CONFIRMACI\u00d3N ADULTOS<\/a>\n\t\t\t\t<\/h4>\n\t\t\t<\/div>\n\t\t<\/header>\n\t<p>El pr\u00f3ximo d\u00eda 19 de febrero comenzamos un nuevo ciclo de catequesis preparatoria para recibir&#8230;<\/p>\n\t\t\t\t<\/div>\n\t\t\t<\/div>\n\t<\/div>\n\t<\/div>\n<\/div>\n\t\t\t\t\t\t<\/div>\n\t\t\t\t\t<\/li>\n\t\t\t\t\t\t\t\t\t<li class=\"page-content post-head list-item post-27279 post type-post status-publish format-standard has-post-thumbnail hentry category-proximoseventos\">\n\t\t\t\t\t\t<div>\n\t\t\t\t\t\t\t<div class=\"post-article has-image-wrapper \">\n\t<div class=\"standard-post-format clearfix as-image \">\n\t\t\t<div class=\"thumbnail\">\n\t\t\t\t\t\t\t<a href=\"https:\/\/sanantonioalgeciras.com\/index.php\/2025\/01\/27\/misa-de-las-candelas-2\/\" title=\"MISA DE LAS CANDELAS\">\n\t\t\t\t\t\t<img loading=\"lazy\" decoding=\"async\" width=\"262\" height=\"201\" src=\"https:\/\/sanantonioalgeciras.com\/wp-content\/uploads\/2025\/01\/misa-de-las-candelas-262x201.jpg\" class=\"attachment-post-small-4 size-post-small-4 wp-post-image\" alt=\"\" srcset=\"https:\/\/sanantonioalgeciras.com\/wp-content\/uploads\/2025\/01\/misa-de-las-candelas-262x201.jpg 262w, https:\/\/sanantonioalgeciras.com\/wp-content\/uploads\/2025\/01\/misa-de-las-candelas-480x369.jpg 480w, https:\/\/sanantonioalgeciras.com\/wp-content\/uploads\/2025\/01\/misa-de-las-candelas-555x426.jpg 555w, https:\/\/sanantonioalgeciras.com\/wp-content\/uploads\/2025\/01\/misa-de-las-candelas-360x276.jpg 360w\" sizes=\"auto, (max-width: 262px) 100vw, 262px\" \/>\t\t\t\t\t<\/a>\n\t\t\t<\/div>\n\n\t<div class=\"post-content-wrapper\">\n\t\t\t<div class=\"post-actions-wrapper\">\n\t\t\t\t\n<div class=\"post-date\">\n\t\t\t<span class=\"top-part\">\n\t\t\t27\t\t<\/span>\n\t\t<span class=\"bottom-part\">\n\t\t\t01 '25\t\t<\/span>\n\t<\/div>\t\t\t\t\n<div class=\"post-actions\">\n\t\t\t\t\t\t<div class=\"comment-count\">\n\t\t\t\t<a href=\"https:\/\/sanantonioalgeciras.com\/index.php\/2025\/01\/27\/misa-de-las-candelas-2\/#respond\">0 <span class=\"comment-word\">Comments<\/span><\/a>\t\t\t<\/div>\n\t\t\n\t\t\n\t\t\t<\/div>\t\t\t<\/div>\n\t\t\t<div class=\"post-right\">\n\t\t\t\t<div class=\"post-content-outer\">\n\t\t\t\t\t\t\t<header class=\"single\">\n\t\t\t<div class=\"content\">\n\t\t\t\t<h4>\n\t\t\t\t\t<a href=\"https:\/\/sanantonioalgeciras.com\/index.php\/2025\/01\/27\/misa-de-las-candelas-2\/\" title=\"MISA DE LAS CANDELAS\" class=\"entry-title\">MISA DE LAS CANDELAS<\/a>\n\t\t\t\t<\/h4>\n\t\t\t<\/div>\n\t\t<\/header>\n\t<p>El 2 de febrero, a los 40 d\u00edas de Navidad, la Iglesia celebra la Presentaci\u00f3n&#8230;<\/p>\n\t\t\t\t<\/div>\n\t\t\t<\/div>\n\t<\/div>\n\t<\/div>\n<\/div>\n\t\t\t\t\t\t<\/div>\n\t\t\t\t\t<\/li>\n\t\t\t\t\t\t\t\t\t<li class=\"page-content post-head list-item post-27276 post type-post status-publish format-standard has-post-thumbnail hentry category-proximoseventos\">\n\t\t\t\t\t\t<div>\n\t\t\t\t\t\t\t<div class=\"post-article has-image-wrapper \">\n\t<div class=\"standard-post-format clearfix as-image \">\n\t\t\t<div class=\"thumbnail\">\n\t\t\t\t\t\t\t<a href=\"https:\/\/sanantonioalgeciras.com\/index.php\/2025\/01\/27\/curso-prematrimonial\/\" title=\"CURSO PREMATRIMONIAL\">\n\t\t\t\t\t\t<img loading=\"lazy\" decoding=\"async\" width=\"262\" height=\"201\" src=\"https:\/\/sanantonioalgeciras.com\/wp-content\/uploads\/2025\/01\/curso-prematrimonial-262x201.jpg\" class=\"attachment-post-small-4 size-post-small-4 wp-post-image\" alt=\"\" srcset=\"https:\/\/sanantonioalgeciras.com\/wp-content\/uploads\/2025\/01\/curso-prematrimonial-262x201.jpg 262w, https:\/\/sanantonioalgeciras.com\/wp-content\/uploads\/2025\/01\/curso-prematrimonial-480x369.jpg 480w, https:\/\/sanantonioalgeciras.com\/wp-content\/uploads\/2025\/01\/curso-prematrimonial-1140x876.jpg 1140w, https:\/\/sanantonioalgeciras.com\/wp-content\/uploads\/2025\/01\/curso-prematrimonial-555x426.jpg 555w, https:\/\/sanantonioalgeciras.com\/wp-content\/uploads\/2025\/01\/curso-prematrimonial-360x276.jpg 360w\" sizes=\"auto, (max-width: 262px) 100vw, 262px\" \/>\t\t\t\t\t<\/a>\n\t\t\t<\/div>\n\n\t<div class=\"post-content-wrapper\">\n\t\t\t<div class=\"post-actions-wrapper\">\n\t\t\t\t\n<div class=\"post-date\">\n\t\t\t<span class=\"top-part\">\n\t\t\t27\t\t<\/span>\n\t\t<span class=\"bottom-part\">\n\t\t\t01 '25\t\t<\/span>\n\t<\/div>\t\t\t\t\n<div class=\"post-actions\">\n\t\t\t\t\t\t<div class=\"comment-count\">\n\t\t\t\t<a href=\"https:\/\/sanantonioalgeciras.com\/index.php\/2025\/01\/27\/curso-prematrimonial\/#respond\">0 <span class=\"comment-word\">Comments<\/span><\/a>\t\t\t<\/div>\n\t\t\n\t\t\n\t\t\t<\/div>\t\t\t<\/div>\n\t\t\t<div class=\"post-right\">\n\t\t\t\t<div class=\"post-content-outer\">\n\t\t\t\t\t\t\t<header class=\"single\">\n\t\t\t<div class=\"content\">\n\t\t\t\t<h4>\n\t\t\t\t\t<a href=\"https:\/\/sanantonioalgeciras.com\/index.php\/2025\/01\/27\/curso-prematrimonial\/\" title=\"CURSO PREMATRIMONIAL\" class=\"entry-title\">CURSO PREMATRIMONIAL<\/a>\n\t\t\t\t<\/h4>\n\t\t\t<\/div>\n\t\t<\/header>\n\t<p>MATRIMONIO | Si est\u00e1s pensando en casarte, no lo dudes m\u00e1s y recibe la bendici\u00f3n&#8230;<\/p>\n\t\t\t\t<\/div>\n\t\t\t<\/div>\n\t<\/div>\n\t<\/div>\n<\/div>\n\t\t\t\t\t\t<\/div>\n\t\t\t\t\t<\/li>\n\t\t\t\t\t\t\t\t\t<li class=\"page-content post-head list-item post-27272 post type-post status-publish format-standard has-post-thumbnail hentry category-proximoseventos category-sin-categoria\">\n\t\t\t\t\t\t<div>\n\t\t\t\t\t\t\t<div class=\"post-article has-image-wrapper \">\n\t<div class=\"standard-post-format clearfix as-image \">\n\t\t\t<div class=\"thumbnail\">\n\t\t\t\t\t\t\t<a href=\"https:\/\/sanantonioalgeciras.com\/index.php\/2025\/01\/13\/bendicion-de-mascotas-2\/\" title=\"Bendici\u00f3n de mascotas\">\n\t\t\t\t\t\t<img loading=\"lazy\" decoding=\"async\" width=\"262\" height=\"201\" src=\"https:\/\/sanantonioalgeciras.com\/wp-content\/uploads\/2025\/01\/Bendicion-mascotas-2025-262x201.jpg\" class=\"attachment-post-small-4 size-post-small-4 wp-post-image\" alt=\"\" srcset=\"https:\/\/sanantonioalgeciras.com\/wp-content\/uploads\/2025\/01\/Bendicion-mascotas-2025-262x201.jpg 262w, https:\/\/sanantonioalgeciras.com\/wp-content\/uploads\/2025\/01\/Bendicion-mascotas-2025-480x369.jpg 480w, https:\/\/sanantonioalgeciras.com\/wp-content\/uploads\/2025\/01\/Bendicion-mascotas-2025-555x426.jpg 555w, https:\/\/sanantonioalgeciras.com\/wp-content\/uploads\/2025\/01\/Bendicion-mascotas-2025-360x276.jpg 360w\" sizes=\"auto, (max-width: 262px) 100vw, 262px\" \/>\t\t\t\t\t<\/a>\n\t\t\t<\/div>\n\n\t<div class=\"post-content-wrapper\">\n\t\t\t<div class=\"post-actions-wrapper\">\n\t\t\t\t\n<div class=\"post-date\">\n\t\t\t<span class=\"top-part\">\n\t\t\t13\t\t<\/span>\n\t\t<span class=\"bottom-part\">\n\t\t\t01 '25\t\t<\/span>\n\t<\/div>\t\t\t\t\n<div class=\"post-actions\">\n\t\t\t\t\t\t<div class=\"comment-count\">\n\t\t\t\t<a href=\"https:\/\/sanantonioalgeciras.com\/index.php\/2025\/01\/13\/bendicion-de-mascotas-2\/#respond\">0 <span class=\"comment-word\">Comments<\/span><\/a>\t\t\t<\/div>\n\t\t\n\t\t\n\t\t\t<\/div>\t\t\t<\/div>\n\t\t\t<div class=\"post-right\">\n\t\t\t\t<div class=\"post-content-outer\">\n\t\t\t\t\t\t\t<header class=\"single\">\n\t\t\t<div class=\"content\">\n\t\t\t\t<h4>\n\t\t\t\t\t<a href=\"https:\/\/sanantonioalgeciras.com\/index.php\/2025\/01\/13\/bendicion-de-mascotas-2\/\" title=\"Bendici\u00f3n de mascotas\" class=\"entry-title\">Bendici\u00f3n de mascotas<\/a>\n\t\t\t\t<\/h4>\n\t\t\t<\/div>\n\t\t<\/header>\n\t<p>El pr\u00f3ximo domingo, 19 de enero, se bendecir\u00e1n las mascotas en nuestra parroquia. Tendr\u00e1 lugar&#8230;<\/p>\n\t\t\t\t<\/div>\n\t\t\t<\/div>\n\t<\/div>\n\t<\/div>\n<\/div>\n\t\t\t\t\t\t<\/div>\n\t\t\t\t\t<\/li>\n\t\t\t\t\t\t\t\t\t<li class=\"page-content post-head list-item post-27268 post type-post status-publish format-standard has-post-thumbnail hentry category-ultimasnoticias\">\n\t\t\t\t\t\t<div>\n\t\t\t\t\t\t\t<div class=\"post-article has-image-wrapper \">\n\t<div class=\"standard-post-format clearfix as-image \">\n\t\t\t<div class=\"thumbnail\">\n\t\t\t\t\t\t\t<a href=\"https:\/\/sanantonioalgeciras.com\/index.php\/2024\/12\/22\/visita-pastoral-de-d-rafael\/\" title=\"Visita Pastoral de D. Rafael\">\n\t\t\t\t\t\t<img loading=\"lazy\" decoding=\"async\" width=\"262\" height=\"201\" src=\"https:\/\/sanantonioalgeciras.com\/wp-content\/uploads\/2024\/12\/visita-pastoral-de-D-Rafael-262x201.jpg\" class=\"attachment-post-small-4 size-post-small-4 wp-post-image\" alt=\"\" srcset=\"https:\/\/sanantonioalgeciras.com\/wp-content\/uploads\/2024\/12\/visita-pastoral-de-D-Rafael-262x201.jpg 262w, https:\/\/sanantonioalgeciras.com\/wp-content\/uploads\/2024\/12\/visita-pastoral-de-D-Rafael-480x369.jpg 480w, https:\/\/sanantonioalgeciras.com\/wp-content\/uploads\/2024\/12\/visita-pastoral-de-D-Rafael-555x426.jpg 555w, https:\/\/sanantonioalgeciras.com\/wp-content\/uploads\/2024\/12\/visita-pastoral-de-D-Rafael-360x276.jpg 360w\" sizes=\"auto, (max-width: 262px) 100vw, 262px\" \/>\t\t\t\t\t<\/a>\n\t\t\t<\/div>\n\n\t<div class=\"post-content-wrapper\">\n\t\t\t<div class=\"post-actions-wrapper\">\n\t\t\t\t\n<div class=\"post-date\">\n\t\t\t<span class=\"top-part\">\n\t\t\t22\t\t<\/span>\n\t\t<span class=\"bottom-part\">\n\t\t\t12 '24\t\t<\/span>\n\t<\/div>\t\t\t\t\n<div class=\"post-actions\">\n\t\t\t\t\t\t<div class=\"comment-count\">\n\t\t\t\t<a href=\"https:\/\/sanantonioalgeciras.com\/index.php\/2024\/12\/22\/visita-pastoral-de-d-rafael\/#respond\">0 <span class=\"comment-word\">Comments<\/span><\/a>\t\t\t<\/div>\n\t\t\n\t\t\n\t\t\t<\/div>\t\t\t<\/div>\n\t\t\t<div class=\"post-right\">\n\t\t\t\t<div class=\"post-content-outer\">\n\t\t\t\t\t\t\t<header class=\"single\">\n\t\t\t<div class=\"content\">\n\t\t\t\t<h4>\n\t\t\t\t\t<a href=\"https:\/\/sanantonioalgeciras.com\/index.php\/2024\/12\/22\/visita-pastoral-de-d-rafael\/\" title=\"Visita Pastoral de D. Rafael\" class=\"entry-title\">Visita Pastoral de D. Rafael<\/a>\n\t\t\t\t<\/h4>\n\t\t\t<\/div>\n\t\t<\/header>\n\t<p>Durante los d\u00edas 19, 20 y 21 de diciembre, tuvimos el honor de recibir la&#8230;<\/p>\n\t\t\t\t<\/div>\n\t\t\t<\/div>\n\t<\/div>\n\t<\/div>\n<\/div>\n\t\t\t\t\t\t<\/div>\n\t\t\t\t\t<\/li>\n\t\t\t\t\t\t\t\t\t<li class=\"page-content post-head list-item post-27244 post type-post status-publish format-standard has-post-thumbnail hentry category-proximoseventos\">\n\t\t\t\t\t\t<div>\n\t\t\t\t\t\t\t<div class=\"post-article has-image-wrapper \">\n\t<div class=\"standard-post-format clearfix as-image \">\n\t\t\t<div class=\"thumbnail\">\n\t\t\t\t\t\t\t<a href=\"https:\/\/sanantonioalgeciras.com\/index.php\/2024\/09\/26\/catequesis-de-confirmacion-de-adultos\/\" title=\"CATEQUESIS DE CONFIRMACI\u00d3N DE ADULTOS\">\n\t\t\t\t\t\t<img loading=\"lazy\" decoding=\"async\" width=\"262\" height=\"201\" src=\"https:\/\/sanantonioalgeciras.com\/wp-content\/uploads\/2024\/09\/Catequesis-confirmacion-adultos-262x201.jpg\" class=\"attachment-post-small-4 size-post-small-4 wp-post-image\" alt=\"\" srcset=\"https:\/\/sanantonioalgeciras.com\/wp-content\/uploads\/2024\/09\/Catequesis-confirmacion-adultos-262x201.jpg 262w, https:\/\/sanantonioalgeciras.com\/wp-content\/uploads\/2024\/09\/Catequesis-confirmacion-adultos-480x369.jpg 480w, https:\/\/sanantonioalgeciras.com\/wp-content\/uploads\/2024\/09\/Catequesis-confirmacion-adultos-555x426.jpg 555w, https:\/\/sanantonioalgeciras.com\/wp-content\/uploads\/2024\/09\/Catequesis-confirmacion-adultos-360x276.jpg 360w\" sizes=\"auto, (max-width: 262px) 100vw, 262px\" \/>\t\t\t\t\t<\/a>\n\t\t\t<\/div>\n\n\t<div class=\"post-content-wrapper\">\n\t\t\t<div class=\"post-actions-wrapper\">\n\t\t\t\t\n<div class=\"post-date\">\n\t\t\t<span class=\"top-part\">\n\t\t\t26\t\t<\/span>\n\t\t<span class=\"bottom-part\">\n\t\t\t09 '24\t\t<\/span>\n\t<\/div>\t\t\t\t\n<div class=\"post-actions\">\n\t\t\t\t\t\t<div class=\"comment-count\">\n\t\t\t\t<a href=\"https:\/\/sanantonioalgeciras.com\/index.php\/2024\/09\/26\/catequesis-de-confirmacion-de-adultos\/#respond\">0 <span class=\"comment-word\">Comments<\/span><\/a>\t\t\t<\/div>\n\t\t\n\t\t\n\t\t\t<\/div>\t\t\t<\/div>\n\t\t\t<div class=\"post-right\">\n\t\t\t\t<div class=\"post-content-outer\">\n\t\t\t\t\t\t\t<header class=\"single\">\n\t\t\t<div class=\"content\">\n\t\t\t\t<h4>\n\t\t\t\t\t<a href=\"https:\/\/sanantonioalgeciras.com\/index.php\/2024\/09\/26\/catequesis-de-confirmacion-de-adultos\/\" title=\"CATEQUESIS DE CONFIRMACI\u00d3N DE ADULTOS\" class=\"entry-title\">CATEQUESIS DE CONFIRMACI\u00d3N DE ADULTOS<\/a>\n\t\t\t\t<\/h4>\n\t\t\t<\/div>\n\t\t<\/header>\n\t<p>El d\u00eda 2 de octubre a las 20:00h, retomamos la catequesis de confirmaci\u00f3n para adultos&#8230;<\/p>\n\t\t\t\t<\/div>\n\t\t\t<\/div>\n\t<\/div>\n\t<\/div>\n<\/div>\n\t\t\t\t\t\t<\/div>\n\t\t\t\t\t<\/li>\n\t\t\t\t\t\t\t\t\t<li class=\"page-content post-head list-item post-27232 post type-post status-publish format-standard has-post-thumbnail hentry category-ultimasnoticias\">\n\t\t\t\t\t\t<div>\n\t\t\t\t\t\t\t<div class=\"post-article has-image-wrapper \">\n\t<div class=\"standard-post-format clearfix as-image \">\n\t\t\t<div class=\"thumbnail\">\n\t\t\t\t\t\t\t<a href=\"https:\/\/sanantonioalgeciras.com\/index.php\/2024\/02\/04\/vida-consagrada\/\" title=\"Vida Consagrada\">\n\t\t\t\t\t\t<img loading=\"lazy\" decoding=\"async\" width=\"262\" height=\"201\" src=\"https:\/\/sanantonioalgeciras.com\/wp-content\/uploads\/2024\/02\/vida-consagrada-262x201.jpg\" class=\"attachment-post-small-4 size-post-small-4 wp-post-image\" alt=\"\" srcset=\"https:\/\/sanantonioalgeciras.com\/wp-content\/uploads\/2024\/02\/vida-consagrada-262x201.jpg 262w, https:\/\/sanantonioalgeciras.com\/wp-content\/uploads\/2024\/02\/vida-consagrada-480x369.jpg 480w, https:\/\/sanantonioalgeciras.com\/wp-content\/uploads\/2024\/02\/vida-consagrada-555x426.jpg 555w, https:\/\/sanantonioalgeciras.com\/wp-content\/uploads\/2024\/02\/vida-consagrada-360x276.jpg 360w\" sizes=\"auto, (max-width: 262px) 100vw, 262px\" \/>\t\t\t\t\t<\/a>\n\t\t\t<\/div>\n\n\t<div class=\"post-content-wrapper\">\n\t\t\t<div class=\"post-actions-wrapper\">\n\t\t\t\t\n<div class=\"post-date\">\n\t\t\t<span class=\"top-part\">\n\t\t\t04\t\t<\/span>\n\t\t<span class=\"bottom-part\">\n\t\t\t02 '24\t\t<\/span>\n\t<\/div>\t\t\t\t\n<div class=\"post-actions\">\n\t\t\t\t\t\t<div class=\"comment-count\">\n\t\t\t\t<a href=\"https:\/\/sanantonioalgeciras.com\/index.php\/2024\/02\/04\/vida-consagrada\/#respond\">0 <span class=\"comment-word\">Comments<\/span><\/a>\t\t\t<\/div>\n\t\t\n\t\t\n\t\t\t<\/div>\t\t\t<\/div>\n\t\t\t<div class=\"post-right\">\n\t\t\t\t<div class=\"post-content-outer\">\n\t\t\t\t\t\t\t<header class=\"single\">\n\t\t\t<div class=\"content\">\n\t\t\t\t<h4>\n\t\t\t\t\t<a href=\"https:\/\/sanantonioalgeciras.com\/index.php\/2024\/02\/04\/vida-consagrada\/\" title=\"Vida Consagrada\" class=\"entry-title\">Vida Consagrada<\/a>\n\t\t\t\t<\/h4>\n\t\t\t<\/div>\n\t\t<\/header>\n\t<p>El d\u00eda de la presentaci\u00f3n del Se\u00f1or celebramos tambi\u00e9n la Jornada de la Vida Consagrada&#8230;.<\/p>\n\t\t\t\t<\/div>\n\t\t\t<\/div>\n\t<\/div>\n\t<\/div>\n<\/div>\n\t\t\t\t\t\t<\/div>\n\t\t\t\t\t<\/li>\n\t\t\t\t\t\t<\/ul>\n\t<\/div>\n<\/div>\n\n<\/div><\/div>\n<div class=\"push\" style='height:60px'><\/div>\n<div class=\"row \"><div class=\"wpv-grid grid-1-1  wpv-first-level first has-background extended\" style=\"\n\t\t\t\tbackground: url('https:\/\/sanantonioalgeciras.com\/wp-content\/themes\/churchtheme\/samples\/images\/bg_photo2.jpg') no-repeat center top;\n\t\t\t\tbackground-size: auto;\n\t\t\t\tbackground-attachment: scroll;\n\t\t\tbackground-color:#efefef;padding-top:0px;padding-bottom:10px\" id=\"wpv-column-7b796a15871322bae427c3b92b980968\" ><div class=\"extended-column-inner\"><style>#wpv-column-7b796a15871322bae427c3b92b980968 p,#wpv-column-7b796a15871322bae427c3b92b980968 em,#wpv-column-7b796a15871322bae427c3b92b980968 .column-title,#wpv-column-7b796a15871322bae427c3b92b980968 .sep-text h2.regular-title-wrapper,#wpv-column-7b796a15871322bae427c3b92b980968 .text-divider-double,#wpv-column-7b796a15871322bae427c3b92b980968 .sep-text .sep-text-line,#wpv-column-7b796a15871322bae427c3b92b980968 .sep,#wpv-column-7b796a15871322bae427c3b92b980968 .sep-2,#wpv-column-7b796a15871322bae427c3b92b980968 .sep-3{color:#707070;}#wpv-column-7b796a15871322bae427c3b92b980968:before{background-color:transparent;}<\/style><div class=\"row \"><div class=\"wpv-grid grid-1-1  first unextended\" style=\"padding-top:0px;padding-bottom:0px\" id=\"wpv-column-e15bfc26eb2a40ad3e020bf3e931d7a6\" >\t<div class=\"bxslider-wrapper\">\n\t\t<ul class=\"bxslider-container\" id=\"8407a5110ef06e4570ef575bdd101306\">\n\t\t\t\t\t\t\t<li>\n\t\t\t\t\t\t\t\t\t\t\t<blockquote class='clearfix small simple'><div class=\"quote-thumbnail\"><img loading=\"lazy\" decoding=\"async\" width=\"150\" height=\"150\" src=\"https:\/\/sanantonioalgeciras.com\/wp-content\/uploads\/2013\/04\/large-150x150.jpg\" class=\"attachment-thumbnail size-thumbnail wp-post-image\" alt=\"\" srcset=\"https:\/\/sanantonioalgeciras.com\/wp-content\/uploads\/2013\/04\/large-150x150.jpg 150w, https:\/\/sanantonioalgeciras.com\/wp-content\/uploads\/2013\/04\/large-60x60.jpg 60w, https:\/\/sanantonioalgeciras.com\/wp-content\/uploads\/2013\/04\/large-43x43.jpg 43w, https:\/\/sanantonioalgeciras.com\/wp-content\/uploads\/2013\/04\/large-106x106.jpg 106w\" sizes=\"auto, (max-width: 150px) 100vw, 150px\" \/><strong class='quote-title'><span class='the-title'>Rodney Stratton<\/span><\/strong><\/div><div class='quote-text'><div class=\"quote-content\"><h1 style=\"font-size: 64px; font-weight: 800;\" class=\"accent-1\">GOD<br \/>\nIS IN NATURE,<br \/>\nLOVE IT!<\/h1>\n<em>\"Claritas est etiam processus dynamicus, qui sequitur mutationem consuetudium lectorum. Claritas est etiam processus dynamicus, qui sequitur mutationem consuetudium lectorum.\"<\/em><\/div><\/div><\/blockquote>\t\t\t\t\t\t\t\t\t<\/li>\n\t\t\t\t\t\t\t<li>\n\t\t\t\t\t\t\t\t\t\t\t<blockquote class='clearfix small simple'><div class=\"quote-thumbnail\"><img loading=\"lazy\" decoding=\"async\" width=\"150\" height=\"150\" src=\"https:\/\/sanantonioalgeciras.com\/wp-content\/uploads\/2013\/04\/large-150x150.jpg\" class=\"attachment-thumbnail size-thumbnail wp-post-image\" alt=\"\" srcset=\"https:\/\/sanantonioalgeciras.com\/wp-content\/uploads\/2013\/04\/large-150x150.jpg 150w, https:\/\/sanantonioalgeciras.com\/wp-content\/uploads\/2013\/04\/large-60x60.jpg 60w, https:\/\/sanantonioalgeciras.com\/wp-content\/uploads\/2013\/04\/large-43x43.jpg 43w, https:\/\/sanantonioalgeciras.com\/wp-content\/uploads\/2013\/04\/large-106x106.jpg 106w\" sizes=\"auto, (max-width: 150px) 100vw, 150px\" \/><strong class='quote-title'><span class='the-title'>Robert H. Schuller<\/span><\/strong><\/div><div class='quote-text'><div class=\"quote-content\"><h1 style=\"font-size: 64px; font-weight: 800;\" class=\"accent-1\">WE ALL <br \/>KNOW THAT A CHURCH <br \/>IS NOT A BUILDING.\n\n<\/h1>\n<em>\"Claritas est etiam processus dynamicus, qui sequitur mutationem consuetudium lectorum. Claritas est etiam processus dynamicus, qui sequitur mutationem consuetudium lectorum.\"<\/em><\/div><\/div><\/blockquote>\t\t\t\t\t\t\t\t\t<\/li>\n\t\t\t\t\t\t\t<li>\n\t\t\t\t\t\t\t\t\t\t\t<blockquote class='clearfix small simple'><div class=\"quote-thumbnail\"><img loading=\"lazy\" decoding=\"async\" width=\"150\" height=\"150\" src=\"https:\/\/sanantonioalgeciras.com\/wp-content\/uploads\/2013\/04\/large-150x150.jpg\" class=\"attachment-thumbnail size-thumbnail wp-post-image\" alt=\"\" srcset=\"https:\/\/sanantonioalgeciras.com\/wp-content\/uploads\/2013\/04\/large-150x150.jpg 150w, https:\/\/sanantonioalgeciras.com\/wp-content\/uploads\/2013\/04\/large-60x60.jpg 60w, https:\/\/sanantonioalgeciras.com\/wp-content\/uploads\/2013\/04\/large-43x43.jpg 43w, https:\/\/sanantonioalgeciras.com\/wp-content\/uploads\/2013\/04\/large-106x106.jpg 106w\" sizes=\"auto, (max-width: 150px) 100vw, 150px\" \/><strong class='quote-title'><span class='the-title'>Thomas Paine<\/span><\/strong><\/div><div class='quote-text'><div class=\"quote-content\"><h1 style=\"font-size: 64px; font-weight: 800;\" class=\"accent-1\">MY <br \/>\n MIND IS MY <br \/>OWN CHURCH.<\/h1>\n<em>\"Claritas est etiam processus dynamicus, qui sequitur mutationem consuetudium lectorum. Claritas est etiam processus dynamicus, qui sequitur mutationem consuetudium lectorum.\"<\/em><\/div><\/div><\/blockquote>\t\t\t\t\t\t\t\t\t<\/li>\n\t\t\t\t\t<\/ul>\n\t\t<script>\n\t\t\tjQuery(function($) {\n\t\t\t\tvar el = $('#8407a5110ef06e4570ef575bdd101306');\n\t\t\t\tel.data('bxslider', el.bxSlider({\n\t\t\t\t\tpager: true,\n\t\t\t\t\tcontrols: false,\n\t\t\t\t\tauto: false,\n\t\t\t\t\tadaptiveHeight: true,\n\t\t\t\t\tpause: 7000,\n\t\t\t\t\tautoHover: true,\n\t\t\t\t\tadaptiveHeight: false\t\t\t\t}));\n\t\t\t});\n\t\t<\/script>\n\t<\/div>\n\n<\/div><\/div>\n<div class=\"push\" style='height:30px'><\/div>\n<div class=\"row \"><div class=\"wpv-grid grid-1-1  first unextended animation-zoom-in animated-active\" style=\"padding-top:0px;padding-bottom:0px\" id=\"wpv-column-448d86ed186ebe42da8c67406332b029\" ><p style=\"text-align: center;\"><a class=\"wpv-scroll-to-top\" href=\"#\">Top \u2191<\/a> | <a href=\"#\">View All Quotes \u2192<\/a><\/div><\/div><\/div><\/div><\/div>\n","protected":false},"excerpt":{"rendered":"<p>MY MIND IS MY OWN CHURCH. \u00abClaritas est etiam processus dynamicus, qui sequitur mutationem consuetudium lectorum. Claritas est etiam processus dynamicus, qui sequitur mutationem consuetudium lectorum.\u00bb<\/p>\n","protected":false},"author":1,"featured_media":0,"parent":0,"menu_order":0,"comment_status":"closed","ping_status":"closed","template":"","meta":{"footnotes":""},"class_list":["post-25091","page","type-page","status-publish","hentry"],"_links":{"self":[{"href":"https:\/\/sanantonioalgeciras.com\/index.php\/wp-json\/wp\/v2\/pages\/25091","targetHints":{"allow":["GET"]}}],"collection":[{"href":"https:\/\/sanantonioalgeciras.com\/index.php\/wp-json\/wp\/v2\/pages"}],"about":[{"href":"https:\/\/sanantonioalgeciras.com\/index.php\/wp-json\/wp\/v2\/types\/page"}],"author":[{"embeddable":true,"href":"https:\/\/sanantonioalgeciras.com\/index.php\/wp-json\/wp\/v2\/users\/1"}],"replies":[{"embeddable":true,"href":"https:\/\/sanantonioalgeciras.com\/index.php\/wp-json\/wp\/v2\/comments?post=25091"}],"version-history":[{"count":9,"href":"https:\/\/sanantonioalgeciras.com\/index.php\/wp-json\/wp\/v2\/pages\/25091\/revisions"}],"predecessor-version":[{"id":25663,"href":"https:\/\/sanantonioalgeciras.com\/index.php\/wp-json\/wp\/v2\/pages\/25091\/revisions\/25663"}],"wp:attachment":[{"href":"https:\/\/sanantonioalgeciras.com\/index.php\/wp-json\/wp\/v2\/media?parent=25091"}],"curies":[{"name":"wp","href":"https:\/\/api.w.org\/{rel}","templated":true}]}}