{"id":25723,"date":"2022-11-25T15:54:27","date_gmt":"2022-11-25T15:54:27","guid":{"rendered":"https:\/\/sanantonioalgeciras.com\/?page_id=25723"},"modified":"2023-01-31T19:07:34","modified_gmt":"2023-01-31T19:07:34","slug":"sobre-san-antonio-de-padua","status":"publish","type":"page","link":"https:\/\/sanantonioalgeciras.com\/index.php\/sobre-san-antonio-de-padua\/","title":{"rendered":"SOBRE SAN ANTONIO DE PADUA"},"content":{"rendered":"<style>.wp-block-kadence-advancedheading.kt-adv-heading_cf8a5d-95, .wp-block-kadence-advancedheading.kt-adv-heading_cf8a5d-95[data-kb-block=\"kb-adv-heading_cf8a5d-95\"]{font-style:normal;font-family:-apple-system,BlinkMacSystemFont,\"Segoe UI\",Roboto,Oxygen-Sans,Ubuntu,Cantarell,\"Helvetica Neue\",sans-serif, \"Apple Color Emoji\", \"Segoe UI Emoji\", \"Segoe UI Symbol\";letter-spacing:1px;}.wp-block-kadence-advancedheading.kt-adv-heading_cf8a5d-95 mark, .wp-block-kadence-advancedheading.kt-adv-heading_cf8a5d-95[data-kb-block=\"kb-adv-heading_cf8a5d-95\"] mark{font-style:normal;color:#f76a0c;border-color:#ffffff;padding-top:0px;padding-right:0px;padding-bottom:0px;padding-left:0px;}<\/style>\n<h2 class=\"kt-adv-heading_cf8a5d-95 wp-block-kadence-advancedheading has-black-color has-text-color\" data-kb-block=\"kb-adv-heading_cf8a5d-95\"><strong>Sobre San Antonio De Padua<\/strong><\/h2>\n\n\n<style>.wp-block-kadence-spacer.kt-block-spacer-_7b4fd4-23 .kt-block-spacer{height:20px;}.wp-block-kadence-spacer.kt-block-spacer-_7b4fd4-23 .kt-divider{border-top-width:1px;height:1px;border-top-color:#eee;width:80%;border-top-style:solid;}<\/style>\n<div class=\"wp-block-kadence-spacer aligncenter kt-block-spacer-_7b4fd4-23\"><div class=\"kt-block-spacer kt-block-spacer-halign-center\"><hr class=\"kt-divider\"\/><\/div><\/div>\n\n\n\n<div class=\"wp-block-media-text alignwide has-media-on-the-right is-stacked-on-mobile is-vertically-aligned-top\" style=\"grid-template-columns:auto 45%\"><div class=\"wp-block-media-text__content\">\n<p>Nuestra parroquia est\u00e1 consagrada a San Antonio de Padua, el franciscano m\u00e1s venerado tras el fundador de la orden. Nacido en Lisboa, a finales del siglo XII, ingres\u00f3 muy joven en los agustinos, a cuyo lado adquiri\u00f3 una formaci\u00f3n sobresaliente. Alguno a\u00f1os despu\u00e9s fue admitido entre los franciscanos, entonces en sus or\u00edgenes. Su sobrenombre corresponde a la ciudad italiana de Padua, donde vivi\u00f3 sus \u00faltimos a\u00f1os, muri\u00f3 y se veneran sus reliquias. El papa Le\u00f3n XIII lo llam\u00f3 \u201cel santo de todo el mundo\u201d, porque su imagen y devoci\u00f3n se encuentran por todas partes. Patr\u00f3n de mujeres, pobres, viajeros, alba\u00f1iles, panaderos y papeleros. Invocado con frecuencia para pedir un buen esposo.\u00a0 Son innumerables las mercedes y milagros que se atribuyen a su intercesi\u00f3n. Conocido ya en vida como \u201cdoctor evang\u00e9lico\u201d, fue nombrado \u201cdoctor de la Iglesia Universal\u201d por P\u00edo XII. Escribi\u00f3 sermones notables y, por mandato directo de san Francisco, ense\u00f1\u00f3 teolog\u00eda a los hermanos. Grande fue su sabidur\u00eda, pero m\u00e1s grande fue la fama de sus milagros, incluidas resurrecciones. Por eso se le llama tambi\u00e9n \u201cel santo de los milagros\u201d y \u201cel taumaturgo\u201d (el que obra prodigios).<\/p>\n\n\n\n<p>Muri\u00f3 joven, a los 35 a\u00f1os de edad, y fue santificado tan s\u00f3lo un a\u00f1o despu\u00e9s, tan grande fue su fama y hechos de santidad en vida. La imagen se corresponde con el testimonio del conde Tiso, amigo del santo, al que encontr\u00f3 en \u00e9xtasis en su celda, estrechando entre sus brazos al Ni\u00f1o Jes\u00fas. El conde hab\u00eda entrado en la celda temiendo un incendio, ya que de la puerta entreabierta sal\u00eda un intenso resplandor.<\/p>\n<\/div><figure class=\"wp-block-media-text__media\"><img loading=\"lazy\" decoding=\"async\" width=\"1024\" height=\"768\" src=\"https:\/\/sanantonioalgeciras.com\/wp-content\/uploads\/2023\/01\/20221126_194735-1-1024x768.jpg\" alt=\"\" class=\"wp-image-26223 size-full\" srcset=\"https:\/\/sanantonioalgeciras.com\/wp-content\/uploads\/2023\/01\/20221126_194735-1-1024x768.jpg 1024w, https:\/\/sanantonioalgeciras.com\/wp-content\/uploads\/2023\/01\/20221126_194735-1-300x225.jpg 300w, https:\/\/sanantonioalgeciras.com\/wp-content\/uploads\/2023\/01\/20221126_194735-1-768x576.jpg 768w, https:\/\/sanantonioalgeciras.com\/wp-content\/uploads\/2023\/01\/20221126_194735-1-1536x1152.jpg 1536w, https:\/\/sanantonioalgeciras.com\/wp-content\/uploads\/2023\/01\/20221126_194735-1-2048x1536.jpg 2048w, https:\/\/sanantonioalgeciras.com\/wp-content\/uploads\/2023\/01\/20221126_194735-1-1140x855.jpg 1140w, https:\/\/sanantonioalgeciras.com\/wp-content\/uploads\/2023\/01\/20221126_194735-1-555x416.jpg 555w, https:\/\/sanantonioalgeciras.com\/wp-content\/uploads\/2023\/01\/20221126_194735-1-360x270.jpg 360w, https:\/\/sanantonioalgeciras.com\/wp-content\/uploads\/2023\/01\/20221126_194735-1-262x197.jpg 262w\" sizes=\"auto, (max-width: 1024px) 100vw, 1024px\" \/><\/figure><\/div>\n\n\n\n<p><\/p>\n\n\n<style>.wp-block-kadence-spacer.kt-block-spacer-_530211-cd .kt-block-spacer{height:20px;}.wp-block-kadence-spacer.kt-block-spacer-_530211-cd .kt-divider{border-top-width:1px;height:1px;border-top-color:#eee;width:80%;border-top-style:solid;}<\/style>\n<div class=\"wp-block-kadence-spacer aligncenter kt-block-spacer-_530211-cd\"><div class=\"kt-block-spacer kt-block-spacer-halign-center\"><hr class=\"kt-divider\"\/><\/div><\/div>\n\n\n\n<div class=\"wp-block-columns is-layout-flex wp-container-core-columns-is-layout-9d6595d7 wp-block-columns-is-layout-flex\">\n<div class=\"wp-block-column is-layout-flow wp-block-column-is-layout-flow\">\n<p><strong>Oraci\u00f3n a San Antonio (de Fray Giuliano, compuesta dos a\u00f1os despues de la muerte del Santo)<\/strong><\/p>\n\n\n\n<p>Si buscas milagros mira, muerte y error desterrados, miseria y demonio huidos, leprosos y enfermos sanos. El mar sosiega su ira, red\u00edmanse encarcelados, miembros y bienes perdidos, recobran mozos y ancianos. El mar sosiega su ira, red\u00edmanse encarcelados, miembros y bienes perdidos, recobran mozos y ancianos. El peligro se retira, los pobres van  remediados, cu\u00e9ntenlo los socorridos, d\u00edganlo los paduanos. El mar sosiega su ira, red\u00edmanse encarcelados, miembros y bienes perdidos, recobran mozos y ancianos. Gloria al Padre, gloria al Hijo, gloria al Esp\u00edritu Santo. Ruega a Cristo por nosotros, Antonio glorioso y Santo, para que dignos as\u00ed, de tus promesas seamos.<\/p>\n\n\n\n<p>AMEN<\/p>\n\n\n<style>.wp-block-kadence-advancedheading.kt-adv-heading_3212fb-1d, .wp-block-kadence-advancedheading.kt-adv-heading_3212fb-1d[data-kb-block=\"kb-adv-heading_3212fb-1d\"]{padding-top:29px;padding-right:29px;padding-bottom:29px;padding-left:29px;text-align:left;font-size:15px;line-height:22px;font-style:normal;font-family:-apple-system,BlinkMacSystemFont,\"Segoe UI\",Roboto,Oxygen-Sans,Ubuntu,Cantarell,\"Helvetica Neue\",sans-serif, \"Apple Color Emoji\", \"Segoe UI Emoji\", \"Segoe UI Symbol\";letter-spacing:1px;}.wp-block-kadence-advancedheading.kt-adv-heading_3212fb-1d mark, .wp-block-kadence-advancedheading.kt-adv-heading_3212fb-1d[data-kb-block=\"kb-adv-heading_3212fb-1d\"] mark{font-style:normal;color:#f76a0c;border-color:#ffffff;padding-top:0px;padding-right:0px;padding-bottom:0px;padding-left:0px;}<\/style>\n<h4 class=\"kt-adv-heading_3212fb-1d wp-block-kadence-advancedheading\" data-kb-block=\"kb-adv-heading_3212fb-1d\"><\/h4>\n\n\n\n<div style=\"height:8px\" aria-hidden=\"true\" class=\"wp-block-spacer\"><\/div>\n\n\n\n<div style=\"height:100px\" aria-hidden=\"true\" class=\"wp-block-spacer\"><\/div>\n\n\n\n<div style=\"height:100px\" aria-hidden=\"true\" class=\"wp-block-spacer\"><\/div>\n<\/div>\n\n\n\n<div class=\"wp-block-column is-layout-flow wp-block-column-is-layout-flow\">\n<pre id=\"block-0f722fe4-fd3d-415f-a383-428a3b99b0b9\" class=\"wp-block-preformatted has-white-color has-text-color has-background has-small-font-size\" style=\"background-color:#4b4545\">Enlaces con m\u00e1s informaci\u00f3n sobre San Antonio de Padua\n\nSan Antonio de Padua  \n https:\/\/www.santantonio.org\/es\n\nAntonio de Padua\thttps:\/\/www.corazones.org\/santos\/antonio_padua.htm\n\nDirectorio franciscano San Antonio de Padua\thttps:\/\/www.franciscanos.org\/sanantonio\/sanz.htm\n\nCronolog\u00eda\thttps:\/\/www.franciscanos.org\/selfran83\/santoniocrono.html\n\nAntonio de Padua, santo\thttps:\/\/es.catholic.net\/op\/articulos\/31797\/antonio-de-padua-santo.html#modal\n\nSermones de San Antonio de Padua (en pdf)\thttps:\/\/www.google.com\/search?client=firefox-b-d&amp;q=sermones+de+san+antonio+pdf\n\nSermones de San Antonio (biblioteca m\u00edsticos de Santa Clara de Estella) https:\/\/www.santaclaradeestella.es\/BIBLIOTECA\/MISTICOS\/Sermones_de_san_Antonio.htm\n<\/pre>\n<\/div>\n<\/div>\n","protected":false},"excerpt":{"rendered":"<p>Sobre San Antonio De Padua Nuestra parroquia est\u00e1 consagrada a San Antonio de Padua, el franciscano m\u00e1s venerado tras el fundador de la orden. Nacido en Lisboa, a finales del siglo XII, ingres\u00f3 muy joven en los agustinos, a cuyo lado adquiri\u00f3 una formaci\u00f3n sobresaliente. Alguno a\u00f1os despu\u00e9s fue admitido entre los franciscanos, entonces en&#8230;<\/p>\n","protected":false},"author":1,"featured_media":0,"parent":0,"menu_order":0,"comment_status":"closed","ping_status":"closed","template":"","meta":{"footnotes":""},"class_list":["post-25723","page","type-page","status-publish","hentry"],"_links":{"self":[{"href":"https:\/\/sanantonioalgeciras.com\/index.php\/wp-json\/wp\/v2\/pages\/25723","targetHints":{"allow":["GET"]}}],"collection":[{"href":"https:\/\/sanantonioalgeciras.com\/index.php\/wp-json\/wp\/v2\/pages"}],"about":[{"href":"https:\/\/sanantonioalgeciras.com\/index.php\/wp-json\/wp\/v2\/types\/page"}],"author":[{"embeddable":true,"href":"https:\/\/sanantonioalgeciras.com\/index.php\/wp-json\/wp\/v2\/users\/1"}],"replies":[{"embeddable":true,"href":"https:\/\/sanantonioalgeciras.com\/index.php\/wp-json\/wp\/v2\/comments?post=25723"}],"version-history":[{"count":65,"href":"https:\/\/sanantonioalgeciras.com\/index.php\/wp-json\/wp\/v2\/pages\/25723\/revisions"}],"predecessor-version":[{"id":26876,"href":"https:\/\/sanantonioalgeciras.com\/index.php\/wp-json\/wp\/v2\/pages\/25723\/revisions\/26876"}],"wp:attachment":[{"href":"https:\/\/sanantonioalgeciras.com\/index.php\/wp-json\/wp\/v2\/media?parent=25723"}],"curies":[{"name":"wp","href":"https:\/\/api.w.org\/{rel}","templated":true}]}}