{"id":278,"date":"2013-03-22T18:57:49","date_gmt":"2013-03-22T18:57:49","guid":{"rendered":"https:\/\/church-event.vamtam.com\/?page_id=278"},"modified":"2013-03-22T18:57:49","modified_gmt":"2013-03-22T18:57:49","slug":"blog-post-formats","status":"publish","type":"page","link":"https:\/\/sanantonioalgeciras.com\/index.php\/blog-post-formats\/","title":{"rendered":"Blog Post Formats"},"content":{"rendered":"<div class=\"push\" style='margin-bottom:-60px'><\/div>\n<div class=\"loop-wrapper clearfix regular normal paginated\" data-columns=\"1\">\n\t\t<div class=\"page-content post-header clearfix list-item post-27289 post type-post status-publish format-standard has-post-thumbnail hentry category-proximoseventos\" >\n\t\t\t<div>\n\t\t\t\t<div class=\"post-article has-image-wrapper \">\n\t<div class=\"standard-post-format clearfix as-image \">\n\t\t<div class=\"post-row\">\n\t<div class=\"post-row-left\">\n\t\n<div class=\"post-date\">\n\t\t\t<span class=\"top-part\">\n\t\t\t17\t\t<\/span>\n\t\t<span class=\"bottom-part\">\n\t\t\t03 '25\t\t<\/span>\n\t<\/div>\t<div class=\"post-left-actions\">\n\t\t\n<div class=\"post-actions\">\n\t\t\t\t\t\t<div class=\"comment-count\">\n\t\t\t\t<a href=\"https:\/\/sanantonioalgeciras.com\/index.php\/2025\/03\/17\/de-enfermera-abortista-a-misionera-pro-vida\/#respond\">0 <span class=\"comment-word\">Comments<\/span><\/a>\t\t\t<\/div>\n\t\t\n\t\t\n\t\t\t<\/div>\t<\/div>\n<\/div>\n\t<div class=\"post-row-center\">\n\t\t\t\t\t<div class=\"post-media\">\n\t\t\t\t<div class='media-inner'>\n\t\t\t\t\t\n\t\t\t\t\t<img loading=\"lazy\" decoding=\"async\" width=\"261\" height=\"369\" src=\"https:\/\/sanantonioalgeciras.com\/wp-content\/uploads\/2025\/03\/charla-san-antonio-pdf.jpg\" class=\"attachment-post-loop size-post-loop wp-post-image\" alt=\"\" \/>\n\t\t\t\t\t\t\t\t\t<\/div>\n\t\t\t<\/div>\n\t\t\t\t<div class=\"post-content-outer\">\n\t\t\t\t\t<header class=\"single\">\n\t\t\t<div class=\"content\">\n\t\t\t\t\t\t\t\t<h3>\n\t\t\t\t\t<a href=\"https:\/\/sanantonioalgeciras.com\/index.php\/2025\/03\/17\/de-enfermera-abortista-a-misionera-pro-vida\/\" title=\"DE ENFERMERA ABORTISTA A MISIONERA PRO VIDA\">DE ENFERMERA ABORTISTA A MISIONERA PRO VIDA<\/a>\n\t\t\t\t<\/h3>\n\t\t\t<\/div>\n\t\t<\/header>\n\t<div class=\"post-content the-content\">\n\t<p>Querida familia, con gran alegr\u00eda, os anuncio que tendremos en nuestra parroquia a Mar\u00eda de Himalaya. Su testimonio de vida, de enfermera abortista a misionera provida, es alucinante. La misericordia de Dios, as\u00ed como misioneras de la Caridad, de Madre Teresa de Calcuta, tienen mucho que decir en su testimonio. El d\u00eda 5 de abril&#8230;<\/p>\n<\/div><div class=\"post-meta\">\n\t<nav class=\"clearfix\">\n\t\t\n\t\t\t\t\t\t\t\t<\/nav>\n<\/div>\t\t<\/div>\n\t<\/div>\n\t\n<div class=\"post-row-right\">\n\t\n<div class=\"post-actions\">\n\t\t\t\t\t\t<div class=\"comment-count\">\n\t\t\t\t<a href=\"https:\/\/sanantonioalgeciras.com\/index.php\/2025\/03\/17\/de-enfermera-abortista-a-misionera-pro-vida\/#respond\">0 <span class=\"comment-word\">Comments<\/span><\/a>\t\t\t<\/div>\n\t\t\n\t\t\n\t\t\t<\/div><\/div>\n<\/div>\t<\/div>\n<\/div>\n\t\t\t<\/div>\n\t\t<\/div>\n\t\t<div class=\"page-content post-header clearfix list-item post-27282 post type-post status-publish format-standard has-post-thumbnail hentry category-proximoseventos\" >\n\t\t\t<div>\n\t\t\t\t<div class=\"post-article has-image-wrapper \">\n\t<div class=\"standard-post-format clearfix as-image \">\n\t\t<div class=\"post-row\">\n\t<div class=\"post-row-left\">\n\t\n<div class=\"post-date\">\n\t\t\t<span class=\"top-part\">\n\t\t\t02\t\t<\/span>\n\t\t<span class=\"bottom-part\">\n\t\t\t02 '25\t\t<\/span>\n\t<\/div>\t<div class=\"post-left-actions\">\n\t\t\n<div class=\"post-actions\">\n\t\t\t\t\t\t<div class=\"comment-count\">\n\t\t\t\t<a href=\"https:\/\/sanantonioalgeciras.com\/index.php\/2025\/02\/02\/catequesis-confirmacion-adultos\/#respond\">0 <span class=\"comment-word\">Comments<\/span><\/a>\t\t\t<\/div>\n\t\t\n\t\t\n\t\t\t<\/div>\t<\/div>\n<\/div>\n\t<div class=\"post-row-center\">\n\t\t\t\t\t<div class=\"post-media\">\n\t\t\t\t<div class='media-inner'>\n\t\t\t\t\t\n\t\t\t\t\t<img loading=\"lazy\" decoding=\"async\" width=\"480\" height=\"369\" src=\"https:\/\/sanantonioalgeciras.com\/wp-content\/uploads\/2025\/02\/CATEQUESIS-ADULTOS-480x369.jpg\" class=\"attachment-post-loop size-post-loop wp-post-image\" alt=\"\" srcset=\"https:\/\/sanantonioalgeciras.com\/wp-content\/uploads\/2025\/02\/CATEQUESIS-ADULTOS-480x369.jpg 480w, https:\/\/sanantonioalgeciras.com\/wp-content\/uploads\/2025\/02\/CATEQUESIS-ADULTOS-555x426.jpg 555w, https:\/\/sanantonioalgeciras.com\/wp-content\/uploads\/2025\/02\/CATEQUESIS-ADULTOS-360x276.jpg 360w, https:\/\/sanantonioalgeciras.com\/wp-content\/uploads\/2025\/02\/CATEQUESIS-ADULTOS-262x201.jpg 262w\" sizes=\"auto, (max-width: 480px) 100vw, 480px\" \/>\n\t\t\t\t\t\t\t\t\t<\/div>\n\t\t\t<\/div>\n\t\t\t\t<div class=\"post-content-outer\">\n\t\t\t\t\t<header class=\"single\">\n\t\t\t<div class=\"content\">\n\t\t\t\t\t\t\t\t<h3>\n\t\t\t\t\t<a href=\"https:\/\/sanantonioalgeciras.com\/index.php\/2025\/02\/02\/catequesis-confirmacion-adultos\/\" title=\"CATEQUESIS CONFIRMACI\u00d3N ADULTOS\">CATEQUESIS CONFIRMACI\u00d3N ADULTOS<\/a>\n\t\t\t\t<\/h3>\n\t\t\t<\/div>\n\t\t<\/header>\n\t<div class=\"post-content the-content\">\n\t<p>El pr\u00f3ximo d\u00eda 19 de febrero comenzamos un nuevo ciclo de catequesis preparatoria para recibir el sacramento de la confirmaci\u00f3n.El n\u00famero 879 del C\u00f3digo de Derecho Can\u00f3nico dice: \u00abEl sacramento de la confirmaci\u00f3n, que imprime car\u00e1cter y por el que los bautizados, avanzando por el camino de la iniciaci\u00f3n cristiana, quedan enriquecidos con el don&#8230;<\/p>\n<\/div><div class=\"post-meta\">\n\t<nav class=\"clearfix\">\n\t\t\n\t\t\t\t\t\t\t\t<\/nav>\n<\/div>\t\t<\/div>\n\t<\/div>\n\t\n<div class=\"post-row-right\">\n\t\n<div class=\"post-actions\">\n\t\t\t\t\t\t<div class=\"comment-count\">\n\t\t\t\t<a href=\"https:\/\/sanantonioalgeciras.com\/index.php\/2025\/02\/02\/catequesis-confirmacion-adultos\/#respond\">0 <span class=\"comment-word\">Comments<\/span><\/a>\t\t\t<\/div>\n\t\t\n\t\t\n\t\t\t<\/div><\/div>\n<\/div>\t<\/div>\n<\/div>\n\t\t\t<\/div>\n\t\t<\/div>\n\t\t<div class=\"page-content post-header clearfix list-item post-27279 post type-post status-publish format-standard has-post-thumbnail hentry category-proximoseventos\" >\n\t\t\t<div>\n\t\t\t\t<div class=\"post-article has-image-wrapper \">\n\t<div class=\"standard-post-format clearfix as-image \">\n\t\t<div class=\"post-row\">\n\t<div class=\"post-row-left\">\n\t\n<div class=\"post-date\">\n\t\t\t<span class=\"top-part\">\n\t\t\t27\t\t<\/span>\n\t\t<span class=\"bottom-part\">\n\t\t\t01 '25\t\t<\/span>\n\t<\/div>\t<div class=\"post-left-actions\">\n\t\t\n<div class=\"post-actions\">\n\t\t\t\t\t\t<div class=\"comment-count\">\n\t\t\t\t<a href=\"https:\/\/sanantonioalgeciras.com\/index.php\/2025\/01\/27\/misa-de-las-candelas-2\/#respond\">0 <span class=\"comment-word\">Comments<\/span><\/a>\t\t\t<\/div>\n\t\t\n\t\t\n\t\t\t<\/div>\t<\/div>\n<\/div>\n\t<div class=\"post-row-center\">\n\t\t\t\t\t<div class=\"post-media\">\n\t\t\t\t<div class='media-inner'>\n\t\t\t\t\t\n\t\t\t\t\t<img loading=\"lazy\" decoding=\"async\" width=\"480\" height=\"369\" src=\"https:\/\/sanantonioalgeciras.com\/wp-content\/uploads\/2025\/01\/misa-de-las-candelas-480x369.jpg\" class=\"attachment-post-loop size-post-loop wp-post-image\" alt=\"\" srcset=\"https:\/\/sanantonioalgeciras.com\/wp-content\/uploads\/2025\/01\/misa-de-las-candelas-480x369.jpg 480w, https:\/\/sanantonioalgeciras.com\/wp-content\/uploads\/2025\/01\/misa-de-las-candelas-555x426.jpg 555w, https:\/\/sanantonioalgeciras.com\/wp-content\/uploads\/2025\/01\/misa-de-las-candelas-360x276.jpg 360w, https:\/\/sanantonioalgeciras.com\/wp-content\/uploads\/2025\/01\/misa-de-las-candelas-262x201.jpg 262w\" sizes=\"auto, (max-width: 480px) 100vw, 480px\" \/>\n\t\t\t\t\t\t\t\t\t<\/div>\n\t\t\t<\/div>\n\t\t\t\t<div class=\"post-content-outer\">\n\t\t\t\t\t<header class=\"single\">\n\t\t\t<div class=\"content\">\n\t\t\t\t\t\t\t\t<h3>\n\t\t\t\t\t<a href=\"https:\/\/sanantonioalgeciras.com\/index.php\/2025\/01\/27\/misa-de-las-candelas-2\/\" title=\"MISA DE LAS CANDELAS\">MISA DE LAS CANDELAS<\/a>\n\t\t\t\t<\/h3>\n\t\t\t<\/div>\n\t\t<\/header>\n\t<div class=\"post-content the-content\">\n\t<p>El 2 de febrero, a los 40 d\u00edas de Navidad, la Iglesia celebra la Presentaci\u00f3n del Ni\u00f1o Jes\u00fas en el templo y la Purificaci\u00f3n de Nuestra Se\u00f1ora. Tambi\u00e9n es popularmente llamada \u201cfiesta de la candelaria\u201d, porque se encienden velas. En nuestra parroquia lo celebraremos el pr\u00f3ximo domingo 2 de febrero. La bendici\u00f3n de las candelas&#8230;<\/p>\n<\/div><div class=\"post-meta\">\n\t<nav class=\"clearfix\">\n\t\t\n\t\t\t\t\t\t\t\t<\/nav>\n<\/div>\t\t<\/div>\n\t<\/div>\n\t\n<div class=\"post-row-right\">\n\t\n<div class=\"post-actions\">\n\t\t\t\t\t\t<div class=\"comment-count\">\n\t\t\t\t<a href=\"https:\/\/sanantonioalgeciras.com\/index.php\/2025\/01\/27\/misa-de-las-candelas-2\/#respond\">0 <span class=\"comment-word\">Comments<\/span><\/a>\t\t\t<\/div>\n\t\t\n\t\t\n\t\t\t<\/div><\/div>\n<\/div>\t<\/div>\n<\/div>\n\t\t\t<\/div>\n\t\t<\/div>\n\t\t<div class=\"page-content post-header clearfix list-item post-27276 post type-post status-publish format-standard has-post-thumbnail hentry category-proximoseventos\" >\n\t\t\t<div>\n\t\t\t\t<div class=\"post-article has-image-wrapper \">\n\t<div class=\"standard-post-format clearfix as-image \">\n\t\t<div class=\"post-row\">\n\t<div class=\"post-row-left\">\n\t\n<div class=\"post-date\">\n\t\t\t<span class=\"top-part\">\n\t\t\t27\t\t<\/span>\n\t\t<span class=\"bottom-part\">\n\t\t\t01 '25\t\t<\/span>\n\t<\/div>\t<div class=\"post-left-actions\">\n\t\t\n<div class=\"post-actions\">\n\t\t\t\t\t\t<div class=\"comment-count\">\n\t\t\t\t<a href=\"https:\/\/sanantonioalgeciras.com\/index.php\/2025\/01\/27\/curso-prematrimonial\/#respond\">0 <span class=\"comment-word\">Comments<\/span><\/a>\t\t\t<\/div>\n\t\t\n\t\t\n\t\t\t<\/div>\t<\/div>\n<\/div>\n\t<div class=\"post-row-center\">\n\t\t\t\t\t<div class=\"post-media\">\n\t\t\t\t<div class='media-inner'>\n\t\t\t\t\t\n\t\t\t\t\t<img loading=\"lazy\" decoding=\"async\" width=\"480\" height=\"369\" src=\"https:\/\/sanantonioalgeciras.com\/wp-content\/uploads\/2025\/01\/curso-prematrimonial-480x369.jpg\" class=\"attachment-post-loop size-post-loop wp-post-image\" alt=\"\" srcset=\"https:\/\/sanantonioalgeciras.com\/wp-content\/uploads\/2025\/01\/curso-prematrimonial-480x369.jpg 480w, https:\/\/sanantonioalgeciras.com\/wp-content\/uploads\/2025\/01\/curso-prematrimonial-1140x876.jpg 1140w, https:\/\/sanantonioalgeciras.com\/wp-content\/uploads\/2025\/01\/curso-prematrimonial-555x426.jpg 555w, https:\/\/sanantonioalgeciras.com\/wp-content\/uploads\/2025\/01\/curso-prematrimonial-360x276.jpg 360w, https:\/\/sanantonioalgeciras.com\/wp-content\/uploads\/2025\/01\/curso-prematrimonial-262x201.jpg 262w\" sizes=\"auto, (max-width: 480px) 100vw, 480px\" \/>\n\t\t\t\t\t\t\t\t\t<\/div>\n\t\t\t<\/div>\n\t\t\t\t<div class=\"post-content-outer\">\n\t\t\t\t\t<header class=\"single\">\n\t\t\t<div class=\"content\">\n\t\t\t\t\t\t\t\t<h3>\n\t\t\t\t\t<a href=\"https:\/\/sanantonioalgeciras.com\/index.php\/2025\/01\/27\/curso-prematrimonial\/\" title=\"CURSO PREMATRIMONIAL\">CURSO PREMATRIMONIAL<\/a>\n\t\t\t\t<\/h3>\n\t\t\t<\/div>\n\t\t<\/header>\n\t<div class=\"post-content the-content\">\n\t<p>MATRIMONIO | Si est\u00e1s pensando en casarte, no lo dudes m\u00e1s y recibe la bendici\u00f3n de vuestra relaci\u00f3n. Hay fechas disponibles. Si te falta por hacer la formaci\u00f3n, tenemos varios cursos PreMatrimoniales previstos este a\u00f1o. Si quieres continuar creciendo en el amor humano, un grupo de matrimonios es una genial opci\u00f3n. \u00a1Tenemos&nbsp;varios!<\/p>\n<\/div><div class=\"post-meta\">\n\t<nav class=\"clearfix\">\n\t\t\n\t\t\t\t\t\t\t\t<\/nav>\n<\/div>\t\t<\/div>\n\t<\/div>\n\t\n<div class=\"post-row-right\">\n\t\n<div class=\"post-actions\">\n\t\t\t\t\t\t<div class=\"comment-count\">\n\t\t\t\t<a href=\"https:\/\/sanantonioalgeciras.com\/index.php\/2025\/01\/27\/curso-prematrimonial\/#respond\">0 <span class=\"comment-word\">Comments<\/span><\/a>\t\t\t<\/div>\n\t\t\n\t\t\n\t\t\t<\/div><\/div>\n<\/div>\t<\/div>\n<\/div>\n\t\t\t<\/div>\n\t\t<\/div>\n\t\t<div class=\"page-content post-header clearfix list-item post-27272 post type-post status-publish format-standard has-post-thumbnail hentry category-proximoseventos category-sin-categoria\" >\n\t\t\t<div>\n\t\t\t\t<div class=\"post-article has-image-wrapper \">\n\t<div class=\"standard-post-format clearfix as-image \">\n\t\t<div class=\"post-row\">\n\t<div class=\"post-row-left\">\n\t\n<div class=\"post-date\">\n\t\t\t<span class=\"top-part\">\n\t\t\t13\t\t<\/span>\n\t\t<span class=\"bottom-part\">\n\t\t\t01 '25\t\t<\/span>\n\t<\/div>\t<div class=\"post-left-actions\">\n\t\t\n<div class=\"post-actions\">\n\t\t\t\t\t\t<div class=\"comment-count\">\n\t\t\t\t<a href=\"https:\/\/sanantonioalgeciras.com\/index.php\/2025\/01\/13\/bendicion-de-mascotas-2\/#respond\">0 <span class=\"comment-word\">Comments<\/span><\/a>\t\t\t<\/div>\n\t\t\n\t\t\n\t\t\t<\/div>\t<\/div>\n<\/div>\n\t<div class=\"post-row-center\">\n\t\t\t\t\t<div class=\"post-media\">\n\t\t\t\t<div class='media-inner'>\n\t\t\t\t\t\n\t\t\t\t\t<img loading=\"lazy\" decoding=\"async\" width=\"480\" height=\"369\" src=\"https:\/\/sanantonioalgeciras.com\/wp-content\/uploads\/2025\/01\/Bendicion-mascotas-2025-480x369.jpg\" class=\"attachment-post-loop size-post-loop wp-post-image\" alt=\"\" srcset=\"https:\/\/sanantonioalgeciras.com\/wp-content\/uploads\/2025\/01\/Bendicion-mascotas-2025-480x369.jpg 480w, https:\/\/sanantonioalgeciras.com\/wp-content\/uploads\/2025\/01\/Bendicion-mascotas-2025-555x426.jpg 555w, https:\/\/sanantonioalgeciras.com\/wp-content\/uploads\/2025\/01\/Bendicion-mascotas-2025-360x276.jpg 360w, https:\/\/sanantonioalgeciras.com\/wp-content\/uploads\/2025\/01\/Bendicion-mascotas-2025-262x201.jpg 262w\" sizes=\"auto, (max-width: 480px) 100vw, 480px\" \/>\n\t\t\t\t\t\t\t\t\t<\/div>\n\t\t\t<\/div>\n\t\t\t\t<div class=\"post-content-outer\">\n\t\t\t\t\t<header class=\"single\">\n\t\t\t<div class=\"content\">\n\t\t\t\t\t\t\t\t<h3>\n\t\t\t\t\t<a href=\"https:\/\/sanantonioalgeciras.com\/index.php\/2025\/01\/13\/bendicion-de-mascotas-2\/\" title=\"Bendici\u00f3n de mascotas\">Bendici\u00f3n de mascotas<\/a>\n\t\t\t\t<\/h3>\n\t\t\t<\/div>\n\t\t<\/header>\n\t<div class=\"post-content the-content\">\n\t<p>El pr\u00f3ximo domingo, 19 de enero, se bendecir\u00e1n las mascotas en nuestra parroquia. Tendr\u00e1 lugar a las 12:45h, cuando termine la Misa. Lo haremos en los jardines de la entrada, un lugar amplio y al aire libre. El a\u00f1o pasado vinieron muchos perritos \ud83d\udc36 San Ant\u00f3n es patr\u00f3n de los animales, bajo su protecci\u00f3n los&#8230;<\/p>\n<\/div><div class=\"post-meta\">\n\t<nav class=\"clearfix\">\n\t\t\n\t\t\t\t\t\t\t\t<\/nav>\n<\/div>\t\t<\/div>\n\t<\/div>\n\t\n<div class=\"post-row-right\">\n\t\n<div class=\"post-actions\">\n\t\t\t\t\t\t<div class=\"comment-count\">\n\t\t\t\t<a href=\"https:\/\/sanantonioalgeciras.com\/index.php\/2025\/01\/13\/bendicion-de-mascotas-2\/#respond\">0 <span class=\"comment-word\">Comments<\/span><\/a>\t\t\t<\/div>\n\t\t\n\t\t\n\t\t\t<\/div><\/div>\n<\/div>\t<\/div>\n<\/div>\n\t\t\t<\/div>\n\t\t<\/div>\n\t\t<div class=\"page-content post-header clearfix list-item post-27268 post type-post status-publish format-standard has-post-thumbnail hentry category-ultimasnoticias\" >\n\t\t\t<div>\n\t\t\t\t<div class=\"post-article has-image-wrapper \">\n\t<div class=\"standard-post-format clearfix as-image \">\n\t\t<div class=\"post-row\">\n\t<div class=\"post-row-left\">\n\t\n<div class=\"post-date\">\n\t\t\t<span class=\"top-part\">\n\t\t\t22\t\t<\/span>\n\t\t<span class=\"bottom-part\">\n\t\t\t12 '24\t\t<\/span>\n\t<\/div>\t<div class=\"post-left-actions\">\n\t\t\n<div class=\"post-actions\">\n\t\t\t\t\t\t<div class=\"comment-count\">\n\t\t\t\t<a href=\"https:\/\/sanantonioalgeciras.com\/index.php\/2024\/12\/22\/visita-pastoral-de-d-rafael\/#respond\">0 <span class=\"comment-word\">Comments<\/span><\/a>\t\t\t<\/div>\n\t\t\n\t\t\n\t\t\t<\/div>\t<\/div>\n<\/div>\n\t<div class=\"post-row-center\">\n\t\t\t\t\t<div class=\"post-media\">\n\t\t\t\t<div class='media-inner'>\n\t\t\t\t\t\n\t\t\t\t\t<img loading=\"lazy\" decoding=\"async\" width=\"480\" height=\"369\" src=\"https:\/\/sanantonioalgeciras.com\/wp-content\/uploads\/2024\/12\/visita-pastoral-de-D-Rafael-480x369.jpg\" class=\"attachment-post-loop size-post-loop wp-post-image\" alt=\"\" srcset=\"https:\/\/sanantonioalgeciras.com\/wp-content\/uploads\/2024\/12\/visita-pastoral-de-D-Rafael-480x369.jpg 480w, https:\/\/sanantonioalgeciras.com\/wp-content\/uploads\/2024\/12\/visita-pastoral-de-D-Rafael-555x426.jpg 555w, https:\/\/sanantonioalgeciras.com\/wp-content\/uploads\/2024\/12\/visita-pastoral-de-D-Rafael-360x276.jpg 360w, https:\/\/sanantonioalgeciras.com\/wp-content\/uploads\/2024\/12\/visita-pastoral-de-D-Rafael-262x201.jpg 262w\" sizes=\"auto, (max-width: 480px) 100vw, 480px\" \/>\n\t\t\t\t\t\t\t\t\t<\/div>\n\t\t\t<\/div>\n\t\t\t\t<div class=\"post-content-outer\">\n\t\t\t\t\t<header class=\"single\">\n\t\t\t<div class=\"content\">\n\t\t\t\t\t\t\t\t<h3>\n\t\t\t\t\t<a href=\"https:\/\/sanantonioalgeciras.com\/index.php\/2024\/12\/22\/visita-pastoral-de-d-rafael\/\" title=\"Visita Pastoral de D. Rafael\">Visita Pastoral de D. Rafael<\/a>\n\t\t\t\t<\/h3>\n\t\t\t<\/div>\n\t\t<\/header>\n\t<div class=\"post-content the-content\">\n\t<p>Durante los d\u00edas 19, 20 y 21 de diciembre, tuvimos el honor de recibir la visita pastoral de D. Rafael en la parroquia de San Antonio, situada en el barrio de La Reconquista. Esta visita, que nos llen\u00f3 de alegr\u00eda y espiritualidad, fue organizada con dedicaci\u00f3n y esmero por el p\u00e1rroco, el Padre Antonio Jes\u00fas,&#8230;<\/p>\n<\/div><div class=\"post-meta\">\n\t<nav class=\"clearfix\">\n\t\t\n\t\t\t\t\t\t\t\t<\/nav>\n<\/div>\t\t<\/div>\n\t<\/div>\n\t\n<div class=\"post-row-right\">\n\t\n<div class=\"post-actions\">\n\t\t\t\t\t\t<div class=\"comment-count\">\n\t\t\t\t<a href=\"https:\/\/sanantonioalgeciras.com\/index.php\/2024\/12\/22\/visita-pastoral-de-d-rafael\/#respond\">0 <span class=\"comment-word\">Comments<\/span><\/a>\t\t\t<\/div>\n\t\t\n\t\t\n\t\t\t<\/div><\/div>\n<\/div>\t<\/div>\n<\/div>\n\t\t\t<\/div>\n\t\t<\/div>\n\t\t<div class=\"page-content post-header clearfix list-item post-27244 post type-post status-publish format-standard has-post-thumbnail hentry category-proximoseventos\" >\n\t\t\t<div>\n\t\t\t\t<div class=\"post-article has-image-wrapper \">\n\t<div class=\"standard-post-format clearfix as-image \">\n\t\t<div class=\"post-row\">\n\t<div class=\"post-row-left\">\n\t\n<div class=\"post-date\">\n\t\t\t<span class=\"top-part\">\n\t\t\t26\t\t<\/span>\n\t\t<span class=\"bottom-part\">\n\t\t\t09 '24\t\t<\/span>\n\t<\/div>\t<div class=\"post-left-actions\">\n\t\t\n<div class=\"post-actions\">\n\t\t\t\t\t\t<div class=\"comment-count\">\n\t\t\t\t<a href=\"https:\/\/sanantonioalgeciras.com\/index.php\/2024\/09\/26\/catequesis-de-confirmacion-de-adultos\/#respond\">0 <span class=\"comment-word\">Comments<\/span><\/a>\t\t\t<\/div>\n\t\t\n\t\t\n\t\t\t<\/div>\t<\/div>\n<\/div>\n\t<div class=\"post-row-center\">\n\t\t\t\t\t<div class=\"post-media\">\n\t\t\t\t<div class='media-inner'>\n\t\t\t\t\t\n\t\t\t\t\t<img loading=\"lazy\" decoding=\"async\" width=\"480\" height=\"369\" src=\"https:\/\/sanantonioalgeciras.com\/wp-content\/uploads\/2024\/09\/Catequesis-confirmacion-adultos-480x369.jpg\" class=\"attachment-post-loop size-post-loop wp-post-image\" alt=\"\" srcset=\"https:\/\/sanantonioalgeciras.com\/wp-content\/uploads\/2024\/09\/Catequesis-confirmacion-adultos-480x369.jpg 480w, https:\/\/sanantonioalgeciras.com\/wp-content\/uploads\/2024\/09\/Catequesis-confirmacion-adultos-555x426.jpg 555w, https:\/\/sanantonioalgeciras.com\/wp-content\/uploads\/2024\/09\/Catequesis-confirmacion-adultos-360x276.jpg 360w, https:\/\/sanantonioalgeciras.com\/wp-content\/uploads\/2024\/09\/Catequesis-confirmacion-adultos-262x201.jpg 262w\" sizes=\"auto, (max-width: 480px) 100vw, 480px\" \/>\n\t\t\t\t\t\t\t\t\t<\/div>\n\t\t\t<\/div>\n\t\t\t\t<div class=\"post-content-outer\">\n\t\t\t\t\t<header class=\"single\">\n\t\t\t<div class=\"content\">\n\t\t\t\t\t\t\t\t<h3>\n\t\t\t\t\t<a href=\"https:\/\/sanantonioalgeciras.com\/index.php\/2024\/09\/26\/catequesis-de-confirmacion-de-adultos\/\" title=\"CATEQUESIS DE CONFIRMACI\u00d3N DE ADULTOS\">CATEQUESIS DE CONFIRMACI\u00d3N DE ADULTOS<\/a>\n\t\t\t\t<\/h3>\n\t\t\t<\/div>\n\t\t<\/header>\n\t<div class=\"post-content the-content\">\n\t<p>El d\u00eda 2 de octubre a las 20:00h, retomamos la catequesis de confirmaci\u00f3n para adultos en nuestra parroquia, en 10 sesiones de 1 hora de duraci\u00f3n. Una ocasi\u00f3n para completar los sacramentos de iniciaci\u00f3n cristiana, recibiendo la gracia del Esp\u00edritu Santo, y as\u00ed crecer en el camino de la fe. Adem\u00e1s, necesitas haber recibido este&#8230;<\/p>\n<\/div><div class=\"post-meta\">\n\t<nav class=\"clearfix\">\n\t\t\n\t\t\t\t\t\t\t\t<\/nav>\n<\/div>\t\t<\/div>\n\t<\/div>\n\t\n<div class=\"post-row-right\">\n\t\n<div class=\"post-actions\">\n\t\t\t\t\t\t<div class=\"comment-count\">\n\t\t\t\t<a href=\"https:\/\/sanantonioalgeciras.com\/index.php\/2024\/09\/26\/catequesis-de-confirmacion-de-adultos\/#respond\">0 <span class=\"comment-word\">Comments<\/span><\/a>\t\t\t<\/div>\n\t\t\n\t\t\n\t\t\t<\/div><\/div>\n<\/div>\t<\/div>\n<\/div>\n\t\t\t<\/div>\n\t\t<\/div>\n\t\t<div class=\"page-content post-header clearfix list-item post-27232 post type-post status-publish format-standard has-post-thumbnail hentry category-ultimasnoticias\" >\n\t\t\t<div>\n\t\t\t\t<div class=\"post-article has-image-wrapper \">\n\t<div class=\"standard-post-format clearfix as-image \">\n\t\t<div class=\"post-row\">\n\t<div class=\"post-row-left\">\n\t\n<div class=\"post-date\">\n\t\t\t<span class=\"top-part\">\n\t\t\t04\t\t<\/span>\n\t\t<span class=\"bottom-part\">\n\t\t\t02 '24\t\t<\/span>\n\t<\/div>\t<div class=\"post-left-actions\">\n\t\t\n<div class=\"post-actions\">\n\t\t\t\t\t\t<div class=\"comment-count\">\n\t\t\t\t<a href=\"https:\/\/sanantonioalgeciras.com\/index.php\/2024\/02\/04\/vida-consagrada\/#respond\">0 <span class=\"comment-word\">Comments<\/span><\/a>\t\t\t<\/div>\n\t\t\n\t\t\n\t\t\t<\/div>\t<\/div>\n<\/div>\n\t<div class=\"post-row-center\">\n\t\t\t\t\t<div class=\"post-media\">\n\t\t\t\t<div class='media-inner'>\n\t\t\t\t\t\n\t\t\t\t\t<img loading=\"lazy\" decoding=\"async\" width=\"480\" height=\"369\" src=\"https:\/\/sanantonioalgeciras.com\/wp-content\/uploads\/2024\/02\/vida-consagrada-480x369.jpg\" class=\"attachment-post-loop size-post-loop wp-post-image\" alt=\"\" srcset=\"https:\/\/sanantonioalgeciras.com\/wp-content\/uploads\/2024\/02\/vida-consagrada-480x369.jpg 480w, https:\/\/sanantonioalgeciras.com\/wp-content\/uploads\/2024\/02\/vida-consagrada-555x426.jpg 555w, https:\/\/sanantonioalgeciras.com\/wp-content\/uploads\/2024\/02\/vida-consagrada-360x276.jpg 360w, https:\/\/sanantonioalgeciras.com\/wp-content\/uploads\/2024\/02\/vida-consagrada-262x201.jpg 262w\" sizes=\"auto, (max-width: 480px) 100vw, 480px\" \/>\n\t\t\t\t\t\t\t\t\t<\/div>\n\t\t\t<\/div>\n\t\t\t\t<div class=\"post-content-outer\">\n\t\t\t\t\t<header class=\"single\">\n\t\t\t<div class=\"content\">\n\t\t\t\t\t\t\t\t<h3>\n\t\t\t\t\t<a href=\"https:\/\/sanantonioalgeciras.com\/index.php\/2024\/02\/04\/vida-consagrada\/\" title=\"Vida Consagrada\">Vida Consagrada<\/a>\n\t\t\t\t<\/h3>\n\t\t\t<\/div>\n\t\t<\/header>\n\t<div class=\"post-content the-content\">\n\t<p>El d\u00eda de la presentaci\u00f3n del Se\u00f1or celebramos tambi\u00e9n la Jornada de la Vida Consagrada. El 2 de febrero, en la Misa de las candelas, pudimos celebrar el d\u00eda de la vida consagrada en compa\u00f1\u00eda de la hermana Milagros, religiosa adoratriz, y las hermanas Francisca, Mar\u00eda Oliva y Patricia, hijas de la Caridad. Son un&#8230;<\/p>\n<\/div><div class=\"post-meta\">\n\t<nav class=\"clearfix\">\n\t\t\n\t\t\t\t\t\t\t\t<\/nav>\n<\/div>\t\t<\/div>\n\t<\/div>\n\t\n<div class=\"post-row-right\">\n\t\n<div class=\"post-actions\">\n\t\t\t\t\t\t<div class=\"comment-count\">\n\t\t\t\t<a href=\"https:\/\/sanantonioalgeciras.com\/index.php\/2024\/02\/04\/vida-consagrada\/#respond\">0 <span class=\"comment-word\">Comments<\/span><\/a>\t\t\t<\/div>\n\t\t\n\t\t\n\t\t\t<\/div><\/div>\n<\/div>\t<\/div>\n<\/div>\n\t\t\t<\/div>\n\t\t<\/div>\n<\/div>\n\n<div class=\"load-more\"><a href=\"\/index.php\/wp-json\/wp\/v2\/pages\/278?paged=2\" class=\"lm-btn button clearboth\"><span>Load more<\/span><\/a><\/div>\n","protected":false},"excerpt":{"rendered":"<p>El d\u00eda de la presentaci\u00f3n del Se\u00f1or celebramos tambi\u00e9n la Jornada de la Vida Consagrada. El 2 de febrero, en la Misa de las candelas, pudimos celebrar el d\u00eda de la vida consagrada en compa\u00f1\u00eda de la hermana Milagros, religiosa adoratriz, y las hermanas Francisca, Mar\u00eda Oliva y Patricia, hijas de la Caridad. Son un&#8230;<\/p>\n","protected":false},"author":1,"featured_media":0,"parent":0,"menu_order":5,"comment_status":"closed","ping_status":"closed","template":"","meta":{"footnotes":""},"class_list":["post-278","page","type-page","status-publish","hentry"],"_links":{"self":[{"href":"https:\/\/sanantonioalgeciras.com\/index.php\/wp-json\/wp\/v2\/pages\/278","targetHints":{"allow":["GET"]}}],"collection":[{"href":"https:\/\/sanantonioalgeciras.com\/index.php\/wp-json\/wp\/v2\/pages"}],"about":[{"href":"https:\/\/sanantonioalgeciras.com\/index.php\/wp-json\/wp\/v2\/types\/page"}],"author":[{"embeddable":true,"href":"https:\/\/sanantonioalgeciras.com\/index.php\/wp-json\/wp\/v2\/users\/1"}],"replies":[{"embeddable":true,"href":"https:\/\/sanantonioalgeciras.com\/index.php\/wp-json\/wp\/v2\/comments?post=278"}],"version-history":[{"count":0,"href":"https:\/\/sanantonioalgeciras.com\/index.php\/wp-json\/wp\/v2\/pages\/278\/revisions"}],"wp:attachment":[{"href":"https:\/\/sanantonioalgeciras.com\/index.php\/wp-json\/wp\/v2\/media?parent=278"}],"curies":[{"name":"wp","href":"https:\/\/api.w.org\/{rel}","templated":true}]}}