{"id":3345,"date":"2013-07-19T16:14:02","date_gmt":"2013-07-19T16:14:02","guid":{"rendered":"https:\/\/church-event.vamtam.com\/?page_id=3345"},"modified":"2022-11-24T20:37:29","modified_gmt":"2022-11-24T20:37:29","slug":"home-3","status":"publish","type":"page","link":"https:\/\/sanantonioalgeciras.com\/index.php\/home-3\/","title":{"rendered":"Home 2"},"content":{"rendered":"<div class=\"row \"><div class=\"wpv-grid grid-1-1  wpv-first-level first unextended animation-fade-in animated-active\" style=\"padding-top:0px;padding-bottom:0px\" id=\"wpv-column-b612e48928b95fdd0ab54d1b4e6a7349\" ><h3 style=\"text-align: center;\">\u201cEvery mountain top is within reach if you just keep climbing.\u201d<\/h3>\n<h5 style=\"text-align: center;\">\u2014 Richard James Molloy<\/h5><\/div><\/div>\n<div class=\"push\" style='height:60px'><\/div>\n<div class=\"row \"><div class=\"wpv-grid grid-1-1  wpv-first-level first has-video-bg has-background extended\" style=\"background-color:#000000;padding-top:170px;padding-bottom:140px\" id=\"wpv-column-d01390dbe4ca75297a82753a3f9f034c\" ><div class=\"extended-column-inner\"><style>#wpv-column-d01390dbe4ca75297a82753a3f9f034c p,#wpv-column-d01390dbe4ca75297a82753a3f9f034c em,#wpv-column-d01390dbe4ca75297a82753a3f9f034c .column-title,#wpv-column-d01390dbe4ca75297a82753a3f9f034c .sep-text h2.regular-title-wrapper,#wpv-column-d01390dbe4ca75297a82753a3f9f034c .text-divider-double,#wpv-column-d01390dbe4ca75297a82753a3f9f034c .sep-text .sep-text-line,#wpv-column-d01390dbe4ca75297a82753a3f9f034c .sep,#wpv-column-d01390dbe4ca75297a82753a3f9f034c .sep-2,#wpv-column-d01390dbe4ca75297a82753a3f9f034c .sep-3{color:#808080;}#wpv-column-d01390dbe4ca75297a82753a3f9f034c:before{background-color:transparent;}<\/style><div class=\"wpv-video-bg\">\n\t\t\t\t<video autoplay loop preload=\"metadata\" width=\"100%\" class=\"wpv-background-video\" style=\"width:100%\">\n\t\t\t\t\t<source type=\"video\/mp4\" src=\"https:\/\/church-event.vamtam.com\/wp-content\/uploads\/2014\/01\/dodo.mp4\"><\/source>\n\t\t\t\t<\/video>\n\t\t\t<\/div><div class=\"wpv-video-bg-content\"><div class=\"row \"><div class=\"wpv-grid grid-1-4  first unextended animation-from-left animated-active\" style=\"padding-top:0px;padding-bottom:0px\" id=\"wpv-column-305b9b9472e4860d4fca362926b5a051\" ><h3 style=\"text-align: center;\"><i class=\"fas fa-theme-docs\" style=\"\"><\/i><\/h3>\n<h1 style=\"text-align: center; text-color: #fff;\"><span style=\"color: #ffffff;\">History<\/span><\/h1>\n<p style=\"text-align: center;\">Never doubt that a small group of thoughtful, committed people can change the world. Indeed, it is the only thing that ever has.<\/p>\n<p style=\"text-align: center;\"><a target=\"_self\" style='font-size: 12px;' class=\"button vamtam-button accent1  button-filled-small hover-accent1 \"><span class=\"btext\">Read more<\/span><\/a><\/div>\n<div class=\"wpv-grid grid-1-4  unextended animation-from-left animated-active\" style=\"padding-top:0px;padding-bottom:0px\" id=\"wpv-column-b5d968749a913054542ddc7ae63de9de\" ><h3 style=\"text-align: center;\"><i class=\"fas fa-theme-paper-plane\" style=\"\"><\/i><\/h3>\n<h1 style=\"text-align: center;\"><span style=\"color: #ffffff;\">Our moto<\/span><\/h1>\n<p style=\"text-align: center;\">Never doubt that a small group of thoughtful, committed people can change the world. Indeed, it is the only thing that ever has.<\/p>\n<p style=\"text-align: center;\"><a target=\"_self\" style='font-size: 12px;' class=\"button vamtam-button accent1  button-filled-small hover-accent1 \"><span class=\"btext\">Read more<\/span><\/a><\/div>\n<div class=\"wpv-grid grid-1-4  unextended animation-from-right animated-active\" style=\"padding-top:0px;padding-bottom:0px\" id=\"wpv-column-961a0df44f809f9298411cf7fe0086b2\" ><h3 style=\"text-align: center;\"><i class=\"fas fa-theme-magic-wand\" style=\"\"><\/i><\/h3>\n<h1 style=\"text-align: center;\"><span style=\"color: #ffffff;\">What we do<\/span><\/h1>\n<p style=\"text-align: center;\">Never doubt that a small group of thoughtful, committed people can change the world. Indeed, it is the only thing that ever has.<\/p>\n<p style=\"text-align: center;\"><a target=\"_self\" style='font-size: 12px;' class=\"button vamtam-button accent1  button-filled-small hover-accent1 \"><span class=\"btext\">Read more<\/span><\/a><\/div>\n<div class=\"wpv-grid grid-1-4  unextended animation-from-right animated-active\" style=\"padding-top:0px;padding-bottom:0px\" id=\"wpv-column-d3007a6d08785af9f744fe38149c6778\" ><h3 style=\"text-align: center;\"><i class=\"fas fa-theme-diamond\" style=\"\"><\/i><\/h3>\n<h1 style=\"text-align: center;\"><span style=\"color: #ffffff;\">Why us<\/span><\/h1>\n<p style=\"text-align: center;\">Never doubt that a small group of thoughtful, committed people can change the world. Indeed, it is the only thing that ever has.<\/p>\n<p style=\"text-align: center;\"><a target=\"_self\" style='font-size: 12px;' class=\"button vamtam-button accent1  button-filled-small hover-accent1 \"><span class=\"btext\">Read more<\/span><\/a><\/div><\/div><\/div><\/div><\/div><\/div>\n<div class=\"push\" style='height:50px'><\/div>\n<div class=\"row \"><div class=\"wpv-grid grid-1-1  wpv-first-level first unextended\" style=\"padding-top:0px;padding-bottom:0px\" id=\"wpv-column-a27ac6258e6dd5159e98f3da8271d9a9\" ><div class=\"scrollable-wrapper\">\n\t<div class=\"loop-wrapper clearfix news scroll-x\">\n\t\t<ul class=\"clearfix\" data-columns=\"4\">\n\t\t\t\t\t\t\t\t<li class=\"page-content post-head list-item post-27289 post type-post status-publish format-standard has-post-thumbnail hentry category-proximoseventos\">\n\t\t\t\t\t\t<div>\n\t\t\t\t\t\t\t<div class=\"post-article has-image-wrapper \">\n\t<div class=\"standard-post-format clearfix as-image \">\n\t\t\t<div class=\"thumbnail\">\n\t\t\t\t\t\t\t<a href=\"https:\/\/sanantonioalgeciras.com\/index.php\/2025\/03\/17\/de-enfermera-abortista-a-misionera-pro-vida\/\" title=\"DE ENFERMERA ABORTISTA A MISIONERA PRO VIDA\">\n\t\t\t\t\t\t<img loading=\"lazy\" decoding=\"async\" width=\"142\" height=\"201\" src=\"https:\/\/sanantonioalgeciras.com\/wp-content\/uploads\/2025\/03\/charla-san-antonio-pdf.jpg\" class=\"attachment-post-small-4 size-post-small-4 wp-post-image\" alt=\"\" \/>\t\t\t\t\t<\/a>\n\t\t\t<\/div>\n\n\t<div class=\"post-content-wrapper\">\n\t\t\t<div class=\"post-actions-wrapper\">\n\t\t\t\t\n<div class=\"post-date\">\n\t\t\t<span class=\"top-part\">\n\t\t\t17\t\t<\/span>\n\t\t<span class=\"bottom-part\">\n\t\t\t03 '25\t\t<\/span>\n\t<\/div>\t\t\t\t\t\t\t<\/div>\n\t\t\t<div class=\"post-right\">\n\t\t\t\t<div class=\"post-content-outer\">\n\t\t\t\t\t\t\t<header class=\"single\">\n\t\t\t<div class=\"content\">\n\t\t\t\t<h4>\n\t\t\t\t\t<a href=\"https:\/\/sanantonioalgeciras.com\/index.php\/2025\/03\/17\/de-enfermera-abortista-a-misionera-pro-vida\/\" title=\"DE ENFERMERA ABORTISTA A MISIONERA PRO VIDA\" class=\"entry-title\">DE ENFERMERA ABORTISTA A MISIONERA PRO VIDA<\/a>\n\t\t\t\t<\/h4>\n\t\t\t<\/div>\n\t\t<\/header>\n\t<p>Querida familia, con gran alegr\u00eda, os anuncio que tendremos en nuestra parroquia a Mar\u00eda de&#8230;<\/p>\n\t\t\t\t<\/div>\n\t\t\t<\/div>\n\t<\/div>\n\t<\/div>\n<\/div>\n\t\t\t\t\t\t<\/div>\n\t\t\t\t\t<\/li>\n\t\t\t\t\t\t\t\t\t<li class=\"page-content post-head list-item post-27282 post type-post status-publish format-standard has-post-thumbnail hentry category-proximoseventos\">\n\t\t\t\t\t\t<div>\n\t\t\t\t\t\t\t<div class=\"post-article has-image-wrapper \">\n\t<div class=\"standard-post-format clearfix as-image \">\n\t\t\t<div class=\"thumbnail\">\n\t\t\t\t\t\t\t<a href=\"https:\/\/sanantonioalgeciras.com\/index.php\/2025\/02\/02\/catequesis-confirmacion-adultos\/\" title=\"CATEQUESIS CONFIRMACI\u00d3N ADULTOS\">\n\t\t\t\t\t\t<img loading=\"lazy\" decoding=\"async\" width=\"262\" height=\"201\" src=\"https:\/\/sanantonioalgeciras.com\/wp-content\/uploads\/2025\/02\/CATEQUESIS-ADULTOS-262x201.jpg\" class=\"attachment-post-small-4 size-post-small-4 wp-post-image\" alt=\"\" srcset=\"https:\/\/sanantonioalgeciras.com\/wp-content\/uploads\/2025\/02\/CATEQUESIS-ADULTOS-262x201.jpg 262w, https:\/\/sanantonioalgeciras.com\/wp-content\/uploads\/2025\/02\/CATEQUESIS-ADULTOS-480x369.jpg 480w, https:\/\/sanantonioalgeciras.com\/wp-content\/uploads\/2025\/02\/CATEQUESIS-ADULTOS-555x426.jpg 555w, https:\/\/sanantonioalgeciras.com\/wp-content\/uploads\/2025\/02\/CATEQUESIS-ADULTOS-360x276.jpg 360w\" sizes=\"auto, (max-width: 262px) 100vw, 262px\" \/>\t\t\t\t\t<\/a>\n\t\t\t<\/div>\n\n\t<div class=\"post-content-wrapper\">\n\t\t\t<div class=\"post-actions-wrapper\">\n\t\t\t\t\n<div class=\"post-date\">\n\t\t\t<span class=\"top-part\">\n\t\t\t02\t\t<\/span>\n\t\t<span class=\"bottom-part\">\n\t\t\t02 '25\t\t<\/span>\n\t<\/div>\t\t\t\t\t\t\t<\/div>\n\t\t\t<div class=\"post-right\">\n\t\t\t\t<div class=\"post-content-outer\">\n\t\t\t\t\t\t\t<header class=\"single\">\n\t\t\t<div class=\"content\">\n\t\t\t\t<h4>\n\t\t\t\t\t<a href=\"https:\/\/sanantonioalgeciras.com\/index.php\/2025\/02\/02\/catequesis-confirmacion-adultos\/\" title=\"CATEQUESIS CONFIRMACI\u00d3N ADULTOS\" class=\"entry-title\">CATEQUESIS CONFIRMACI\u00d3N ADULTOS<\/a>\n\t\t\t\t<\/h4>\n\t\t\t<\/div>\n\t\t<\/header>\n\t<p>El pr\u00f3ximo d\u00eda 19 de febrero comenzamos un nuevo ciclo de catequesis preparatoria para recibir&#8230;<\/p>\n\t\t\t\t<\/div>\n\t\t\t<\/div>\n\t<\/div>\n\t<\/div>\n<\/div>\n\t\t\t\t\t\t<\/div>\n\t\t\t\t\t<\/li>\n\t\t\t\t\t\t\t\t\t<li class=\"page-content post-head list-item post-27279 post type-post status-publish format-standard has-post-thumbnail hentry category-proximoseventos\">\n\t\t\t\t\t\t<div>\n\t\t\t\t\t\t\t<div class=\"post-article has-image-wrapper \">\n\t<div class=\"standard-post-format clearfix as-image \">\n\t\t\t<div class=\"thumbnail\">\n\t\t\t\t\t\t\t<a href=\"https:\/\/sanantonioalgeciras.com\/index.php\/2025\/01\/27\/misa-de-las-candelas-2\/\" title=\"MISA DE LAS CANDELAS\">\n\t\t\t\t\t\t<img loading=\"lazy\" decoding=\"async\" width=\"262\" height=\"201\" src=\"https:\/\/sanantonioalgeciras.com\/wp-content\/uploads\/2025\/01\/misa-de-las-candelas-262x201.jpg\" class=\"attachment-post-small-4 size-post-small-4 wp-post-image\" alt=\"\" srcset=\"https:\/\/sanantonioalgeciras.com\/wp-content\/uploads\/2025\/01\/misa-de-las-candelas-262x201.jpg 262w, https:\/\/sanantonioalgeciras.com\/wp-content\/uploads\/2025\/01\/misa-de-las-candelas-480x369.jpg 480w, https:\/\/sanantonioalgeciras.com\/wp-content\/uploads\/2025\/01\/misa-de-las-candelas-555x426.jpg 555w, https:\/\/sanantonioalgeciras.com\/wp-content\/uploads\/2025\/01\/misa-de-las-candelas-360x276.jpg 360w\" sizes=\"auto, (max-width: 262px) 100vw, 262px\" \/>\t\t\t\t\t<\/a>\n\t\t\t<\/div>\n\n\t<div class=\"post-content-wrapper\">\n\t\t\t<div class=\"post-actions-wrapper\">\n\t\t\t\t\n<div class=\"post-date\">\n\t\t\t<span class=\"top-part\">\n\t\t\t27\t\t<\/span>\n\t\t<span class=\"bottom-part\">\n\t\t\t01 '25\t\t<\/span>\n\t<\/div>\t\t\t\t\t\t\t<\/div>\n\t\t\t<div class=\"post-right\">\n\t\t\t\t<div class=\"post-content-outer\">\n\t\t\t\t\t\t\t<header class=\"single\">\n\t\t\t<div class=\"content\">\n\t\t\t\t<h4>\n\t\t\t\t\t<a href=\"https:\/\/sanantonioalgeciras.com\/index.php\/2025\/01\/27\/misa-de-las-candelas-2\/\" title=\"MISA DE LAS CANDELAS\" class=\"entry-title\">MISA DE LAS CANDELAS<\/a>\n\t\t\t\t<\/h4>\n\t\t\t<\/div>\n\t\t<\/header>\n\t<p>El 2 de febrero, a los 40 d\u00edas de Navidad, la Iglesia celebra la Presentaci\u00f3n&#8230;<\/p>\n\t\t\t\t<\/div>\n\t\t\t<\/div>\n\t<\/div>\n\t<\/div>\n<\/div>\n\t\t\t\t\t\t<\/div>\n\t\t\t\t\t<\/li>\n\t\t\t\t\t\t\t\t\t<li class=\"page-content post-head list-item post-27276 post type-post status-publish format-standard has-post-thumbnail hentry category-proximoseventos\">\n\t\t\t\t\t\t<div>\n\t\t\t\t\t\t\t<div class=\"post-article has-image-wrapper \">\n\t<div class=\"standard-post-format clearfix as-image \">\n\t\t\t<div class=\"thumbnail\">\n\t\t\t\t\t\t\t<a href=\"https:\/\/sanantonioalgeciras.com\/index.php\/2025\/01\/27\/curso-prematrimonial\/\" title=\"CURSO PREMATRIMONIAL\">\n\t\t\t\t\t\t<img loading=\"lazy\" decoding=\"async\" width=\"262\" height=\"201\" src=\"https:\/\/sanantonioalgeciras.com\/wp-content\/uploads\/2025\/01\/curso-prematrimonial-262x201.jpg\" class=\"attachment-post-small-4 size-post-small-4 wp-post-image\" alt=\"\" srcset=\"https:\/\/sanantonioalgeciras.com\/wp-content\/uploads\/2025\/01\/curso-prematrimonial-262x201.jpg 262w, https:\/\/sanantonioalgeciras.com\/wp-content\/uploads\/2025\/01\/curso-prematrimonial-480x369.jpg 480w, https:\/\/sanantonioalgeciras.com\/wp-content\/uploads\/2025\/01\/curso-prematrimonial-1140x876.jpg 1140w, https:\/\/sanantonioalgeciras.com\/wp-content\/uploads\/2025\/01\/curso-prematrimonial-555x426.jpg 555w, https:\/\/sanantonioalgeciras.com\/wp-content\/uploads\/2025\/01\/curso-prematrimonial-360x276.jpg 360w\" sizes=\"auto, (max-width: 262px) 100vw, 262px\" \/>\t\t\t\t\t<\/a>\n\t\t\t<\/div>\n\n\t<div class=\"post-content-wrapper\">\n\t\t\t<div class=\"post-actions-wrapper\">\n\t\t\t\t\n<div class=\"post-date\">\n\t\t\t<span class=\"top-part\">\n\t\t\t27\t\t<\/span>\n\t\t<span class=\"bottom-part\">\n\t\t\t01 '25\t\t<\/span>\n\t<\/div>\t\t\t\t\t\t\t<\/div>\n\t\t\t<div class=\"post-right\">\n\t\t\t\t<div class=\"post-content-outer\">\n\t\t\t\t\t\t\t<header class=\"single\">\n\t\t\t<div class=\"content\">\n\t\t\t\t<h4>\n\t\t\t\t\t<a href=\"https:\/\/sanantonioalgeciras.com\/index.php\/2025\/01\/27\/curso-prematrimonial\/\" title=\"CURSO PREMATRIMONIAL\" class=\"entry-title\">CURSO PREMATRIMONIAL<\/a>\n\t\t\t\t<\/h4>\n\t\t\t<\/div>\n\t\t<\/header>\n\t<p>MATRIMONIO | Si est\u00e1s pensando en casarte, no lo dudes m\u00e1s y recibe la bendici\u00f3n&#8230;<\/p>\n\t\t\t\t<\/div>\n\t\t\t<\/div>\n\t<\/div>\n\t<\/div>\n<\/div>\n\t\t\t\t\t\t<\/div>\n\t\t\t\t\t<\/li>\n\t\t\t\t\t\t\t\t\t<li class=\"page-content post-head list-item post-27272 post type-post status-publish format-standard has-post-thumbnail hentry category-proximoseventos category-sin-categoria\">\n\t\t\t\t\t\t<div>\n\t\t\t\t\t\t\t<div class=\"post-article has-image-wrapper \">\n\t<div class=\"standard-post-format clearfix as-image \">\n\t\t\t<div class=\"thumbnail\">\n\t\t\t\t\t\t\t<a href=\"https:\/\/sanantonioalgeciras.com\/index.php\/2025\/01\/13\/bendicion-de-mascotas-2\/\" title=\"Bendici\u00f3n de mascotas\">\n\t\t\t\t\t\t<img loading=\"lazy\" decoding=\"async\" width=\"262\" height=\"201\" src=\"https:\/\/sanantonioalgeciras.com\/wp-content\/uploads\/2025\/01\/Bendicion-mascotas-2025-262x201.jpg\" class=\"attachment-post-small-4 size-post-small-4 wp-post-image\" alt=\"\" srcset=\"https:\/\/sanantonioalgeciras.com\/wp-content\/uploads\/2025\/01\/Bendicion-mascotas-2025-262x201.jpg 262w, https:\/\/sanantonioalgeciras.com\/wp-content\/uploads\/2025\/01\/Bendicion-mascotas-2025-480x369.jpg 480w, https:\/\/sanantonioalgeciras.com\/wp-content\/uploads\/2025\/01\/Bendicion-mascotas-2025-555x426.jpg 555w, https:\/\/sanantonioalgeciras.com\/wp-content\/uploads\/2025\/01\/Bendicion-mascotas-2025-360x276.jpg 360w\" sizes=\"auto, (max-width: 262px) 100vw, 262px\" \/>\t\t\t\t\t<\/a>\n\t\t\t<\/div>\n\n\t<div class=\"post-content-wrapper\">\n\t\t\t<div class=\"post-actions-wrapper\">\n\t\t\t\t\n<div class=\"post-date\">\n\t\t\t<span class=\"top-part\">\n\t\t\t13\t\t<\/span>\n\t\t<span class=\"bottom-part\">\n\t\t\t01 '25\t\t<\/span>\n\t<\/div>\t\t\t\t\t\t\t<\/div>\n\t\t\t<div class=\"post-right\">\n\t\t\t\t<div class=\"post-content-outer\">\n\t\t\t\t\t\t\t<header class=\"single\">\n\t\t\t<div class=\"content\">\n\t\t\t\t<h4>\n\t\t\t\t\t<a href=\"https:\/\/sanantonioalgeciras.com\/index.php\/2025\/01\/13\/bendicion-de-mascotas-2\/\" title=\"Bendici\u00f3n de mascotas\" class=\"entry-title\">Bendici\u00f3n de mascotas<\/a>\n\t\t\t\t<\/h4>\n\t\t\t<\/div>\n\t\t<\/header>\n\t<p>El pr\u00f3ximo domingo, 19 de enero, se bendecir\u00e1n las mascotas en nuestra parroquia. Tendr\u00e1 lugar&#8230;<\/p>\n\t\t\t\t<\/div>\n\t\t\t<\/div>\n\t<\/div>\n\t<\/div>\n<\/div>\n\t\t\t\t\t\t<\/div>\n\t\t\t\t\t<\/li>\n\t\t\t\t\t\t\t\t\t<li class=\"page-content post-head list-item post-27268 post type-post status-publish format-standard has-post-thumbnail hentry category-ultimasnoticias\">\n\t\t\t\t\t\t<div>\n\t\t\t\t\t\t\t<div class=\"post-article has-image-wrapper \">\n\t<div class=\"standard-post-format clearfix as-image \">\n\t\t\t<div class=\"thumbnail\">\n\t\t\t\t\t\t\t<a href=\"https:\/\/sanantonioalgeciras.com\/index.php\/2024\/12\/22\/visita-pastoral-de-d-rafael\/\" title=\"Visita Pastoral de D. Rafael\">\n\t\t\t\t\t\t<img loading=\"lazy\" decoding=\"async\" width=\"262\" height=\"201\" src=\"https:\/\/sanantonioalgeciras.com\/wp-content\/uploads\/2024\/12\/visita-pastoral-de-D-Rafael-262x201.jpg\" class=\"attachment-post-small-4 size-post-small-4 wp-post-image\" alt=\"\" srcset=\"https:\/\/sanantonioalgeciras.com\/wp-content\/uploads\/2024\/12\/visita-pastoral-de-D-Rafael-262x201.jpg 262w, https:\/\/sanantonioalgeciras.com\/wp-content\/uploads\/2024\/12\/visita-pastoral-de-D-Rafael-480x369.jpg 480w, https:\/\/sanantonioalgeciras.com\/wp-content\/uploads\/2024\/12\/visita-pastoral-de-D-Rafael-555x426.jpg 555w, https:\/\/sanantonioalgeciras.com\/wp-content\/uploads\/2024\/12\/visita-pastoral-de-D-Rafael-360x276.jpg 360w\" sizes=\"auto, (max-width: 262px) 100vw, 262px\" \/>\t\t\t\t\t<\/a>\n\t\t\t<\/div>\n\n\t<div class=\"post-content-wrapper\">\n\t\t\t<div class=\"post-actions-wrapper\">\n\t\t\t\t\n<div class=\"post-date\">\n\t\t\t<span class=\"top-part\">\n\t\t\t22\t\t<\/span>\n\t\t<span class=\"bottom-part\">\n\t\t\t12 '24\t\t<\/span>\n\t<\/div>\t\t\t\t\t\t\t<\/div>\n\t\t\t<div class=\"post-right\">\n\t\t\t\t<div class=\"post-content-outer\">\n\t\t\t\t\t\t\t<header class=\"single\">\n\t\t\t<div class=\"content\">\n\t\t\t\t<h4>\n\t\t\t\t\t<a href=\"https:\/\/sanantonioalgeciras.com\/index.php\/2024\/12\/22\/visita-pastoral-de-d-rafael\/\" title=\"Visita Pastoral de D. Rafael\" class=\"entry-title\">Visita Pastoral de D. Rafael<\/a>\n\t\t\t\t<\/h4>\n\t\t\t<\/div>\n\t\t<\/header>\n\t<p>Durante los d\u00edas 19, 20 y 21 de diciembre, tuvimos el honor de recibir la&#8230;<\/p>\n\t\t\t\t<\/div>\n\t\t\t<\/div>\n\t<\/div>\n\t<\/div>\n<\/div>\n\t\t\t\t\t\t<\/div>\n\t\t\t\t\t<\/li>\n\t\t\t\t\t\t\t\t\t<li class=\"page-content post-head list-item post-27244 post type-post status-publish format-standard has-post-thumbnail hentry category-proximoseventos\">\n\t\t\t\t\t\t<div>\n\t\t\t\t\t\t\t<div class=\"post-article has-image-wrapper \">\n\t<div class=\"standard-post-format clearfix as-image \">\n\t\t\t<div class=\"thumbnail\">\n\t\t\t\t\t\t\t<a href=\"https:\/\/sanantonioalgeciras.com\/index.php\/2024\/09\/26\/catequesis-de-confirmacion-de-adultos\/\" title=\"CATEQUESIS DE CONFIRMACI\u00d3N DE ADULTOS\">\n\t\t\t\t\t\t<img loading=\"lazy\" decoding=\"async\" width=\"262\" height=\"201\" src=\"https:\/\/sanantonioalgeciras.com\/wp-content\/uploads\/2024\/09\/Catequesis-confirmacion-adultos-262x201.jpg\" class=\"attachment-post-small-4 size-post-small-4 wp-post-image\" alt=\"\" srcset=\"https:\/\/sanantonioalgeciras.com\/wp-content\/uploads\/2024\/09\/Catequesis-confirmacion-adultos-262x201.jpg 262w, https:\/\/sanantonioalgeciras.com\/wp-content\/uploads\/2024\/09\/Catequesis-confirmacion-adultos-480x369.jpg 480w, https:\/\/sanantonioalgeciras.com\/wp-content\/uploads\/2024\/09\/Catequesis-confirmacion-adultos-555x426.jpg 555w, https:\/\/sanantonioalgeciras.com\/wp-content\/uploads\/2024\/09\/Catequesis-confirmacion-adultos-360x276.jpg 360w\" sizes=\"auto, (max-width: 262px) 100vw, 262px\" \/>\t\t\t\t\t<\/a>\n\t\t\t<\/div>\n\n\t<div class=\"post-content-wrapper\">\n\t\t\t<div class=\"post-actions-wrapper\">\n\t\t\t\t\n<div class=\"post-date\">\n\t\t\t<span class=\"top-part\">\n\t\t\t26\t\t<\/span>\n\t\t<span class=\"bottom-part\">\n\t\t\t09 '24\t\t<\/span>\n\t<\/div>\t\t\t\t\t\t\t<\/div>\n\t\t\t<div class=\"post-right\">\n\t\t\t\t<div class=\"post-content-outer\">\n\t\t\t\t\t\t\t<header class=\"single\">\n\t\t\t<div class=\"content\">\n\t\t\t\t<h4>\n\t\t\t\t\t<a href=\"https:\/\/sanantonioalgeciras.com\/index.php\/2024\/09\/26\/catequesis-de-confirmacion-de-adultos\/\" title=\"CATEQUESIS DE CONFIRMACI\u00d3N DE ADULTOS\" class=\"entry-title\">CATEQUESIS DE CONFIRMACI\u00d3N DE ADULTOS<\/a>\n\t\t\t\t<\/h4>\n\t\t\t<\/div>\n\t\t<\/header>\n\t<p>El d\u00eda 2 de octubre a las 20:00h, retomamos la catequesis de confirmaci\u00f3n para adultos&#8230;<\/p>\n\t\t\t\t<\/div>\n\t\t\t<\/div>\n\t<\/div>\n\t<\/div>\n<\/div>\n\t\t\t\t\t\t<\/div>\n\t\t\t\t\t<\/li>\n\t\t\t\t\t\t\t\t\t<li class=\"page-content post-head list-item post-27232 post type-post status-publish format-standard has-post-thumbnail hentry category-ultimasnoticias\">\n\t\t\t\t\t\t<div>\n\t\t\t\t\t\t\t<div class=\"post-article has-image-wrapper \">\n\t<div class=\"standard-post-format clearfix as-image \">\n\t\t\t<div class=\"thumbnail\">\n\t\t\t\t\t\t\t<a href=\"https:\/\/sanantonioalgeciras.com\/index.php\/2024\/02\/04\/vida-consagrada\/\" title=\"Vida Consagrada\">\n\t\t\t\t\t\t<img loading=\"lazy\" decoding=\"async\" width=\"262\" height=\"201\" src=\"https:\/\/sanantonioalgeciras.com\/wp-content\/uploads\/2024\/02\/vida-consagrada-262x201.jpg\" class=\"attachment-post-small-4 size-post-small-4 wp-post-image\" alt=\"\" srcset=\"https:\/\/sanantonioalgeciras.com\/wp-content\/uploads\/2024\/02\/vida-consagrada-262x201.jpg 262w, https:\/\/sanantonioalgeciras.com\/wp-content\/uploads\/2024\/02\/vida-consagrada-480x369.jpg 480w, https:\/\/sanantonioalgeciras.com\/wp-content\/uploads\/2024\/02\/vida-consagrada-555x426.jpg 555w, https:\/\/sanantonioalgeciras.com\/wp-content\/uploads\/2024\/02\/vida-consagrada-360x276.jpg 360w\" sizes=\"auto, (max-width: 262px) 100vw, 262px\" \/>\t\t\t\t\t<\/a>\n\t\t\t<\/div>\n\n\t<div class=\"post-content-wrapper\">\n\t\t\t<div class=\"post-actions-wrapper\">\n\t\t\t\t\n<div class=\"post-date\">\n\t\t\t<span class=\"top-part\">\n\t\t\t04\t\t<\/span>\n\t\t<span class=\"bottom-part\">\n\t\t\t02 '24\t\t<\/span>\n\t<\/div>\t\t\t\t\t\t\t<\/div>\n\t\t\t<div class=\"post-right\">\n\t\t\t\t<div class=\"post-content-outer\">\n\t\t\t\t\t\t\t<header class=\"single\">\n\t\t\t<div class=\"content\">\n\t\t\t\t<h4>\n\t\t\t\t\t<a href=\"https:\/\/sanantonioalgeciras.com\/index.php\/2024\/02\/04\/vida-consagrada\/\" title=\"Vida Consagrada\" class=\"entry-title\">Vida Consagrada<\/a>\n\t\t\t\t<\/h4>\n\t\t\t<\/div>\n\t\t<\/header>\n\t<p>El d\u00eda de la presentaci\u00f3n del Se\u00f1or celebramos tambi\u00e9n la Jornada de la Vida Consagrada&#8230;.<\/p>\n\t\t\t\t<\/div>\n\t\t\t<\/div>\n\t<\/div>\n\t<\/div>\n<\/div>\n\t\t\t\t\t\t<\/div>\n\t\t\t\t\t<\/li>\n\t\t\t\t\t\t<\/ul>\n\t<\/div>\n<\/div>\n\n<\/div><\/div>\n<div class=\"push\" style='height:80px'><\/div>\n<div class=\"row \"><div class=\"wpv-grid grid-1-1  wpv-first-level first has-background unextended animation-fade-in animated-active\" style=\"\n\t\t\t\tbackground: url('https:\/\/sanantonioalgeciras.com\/wp-content\/themes\/churchtheme\/samples\/images\/bg_likes.png') no-repeat center top;\n\t\t\t\tbackground-size: auto;\n\t\t\t\tbackground-attachment: ;\n\t\t\tpadding-top:11px;padding-bottom:50px\" id=\"wpv-column-510eb484d728420e3f50a559e217b7de\" ><div class=\"row \"><div class=\"wpv-grid grid-1-3  first unextended\" style=\"padding-top:0px;padding-bottom:0px\" id=\"wpv-column-f09943a3e1da086d8530565baafe9288\" ><div class=\"push\" style='height:10px'><\/div><\/div>\n<div class=\"wpv-grid grid-2-5  unextended\" style=\"padding-top:0px;padding-bottom:0px\" id=\"wpv-column-eadc35d98a25b02dbd2bff7d6bec4083\" ><p><iframe loading=\"lazy\" style=\"border: none; overflow: hidden; width: 450px; height: 35px;\" src=\"\/\/www.facebook.com\/plugins\/like.php?href=http%3A%2F%2Fdevelopers.facebook.com%2Fdocs%2Freference%2Fplugins%2Flike&amp;width=450&amp;height=35&amp;colorscheme=light&amp;layout=standard&amp;action=like&amp;show_faces=false&amp;send=true&amp;appId=109685179165924\" width=\"320\" height=\"240\" frameborder=\"0\" scrolling=\"no\"><\/iframe><\/div><\/div><\/div><\/div>\n","protected":false},"excerpt":{"rendered":"<p>El d\u00eda de la presentaci\u00f3n del Se\u00f1or celebramos tambi\u00e9n la Jornada de la Vida Consagrada. El 2 de febrero, en la Misa de las candelas, pudimos celebrar el d\u00eda de la vida consagrada en compa\u00f1\u00eda de la hermana Milagros, religiosa adoratriz, y las hermanas Francisca, Mar\u00eda Oliva y Patricia, hijas de la Caridad. Son un&#8230;<\/p>\n","protected":false},"author":1,"featured_media":0,"parent":0,"menu_order":0,"comment_status":"closed","ping_status":"closed","template":"","meta":{"footnotes":""},"class_list":["post-3345","page","type-page","status-publish","hentry"],"_links":{"self":[{"href":"https:\/\/sanantonioalgeciras.com\/index.php\/wp-json\/wp\/v2\/pages\/3345","targetHints":{"allow":["GET"]}}],"collection":[{"href":"https:\/\/sanantonioalgeciras.com\/index.php\/wp-json\/wp\/v2\/pages"}],"about":[{"href":"https:\/\/sanantonioalgeciras.com\/index.php\/wp-json\/wp\/v2\/types\/page"}],"author":[{"embeddable":true,"href":"https:\/\/sanantonioalgeciras.com\/index.php\/wp-json\/wp\/v2\/users\/1"}],"replies":[{"embeddable":true,"href":"https:\/\/sanantonioalgeciras.com\/index.php\/wp-json\/wp\/v2\/comments?post=3345"}],"version-history":[{"count":2,"href":"https:\/\/sanantonioalgeciras.com\/index.php\/wp-json\/wp\/v2\/pages\/3345\/revisions"}],"predecessor-version":[{"id":25667,"href":"https:\/\/sanantonioalgeciras.com\/index.php\/wp-json\/wp\/v2\/pages\/3345\/revisions\/25667"}],"wp:attachment":[{"href":"https:\/\/sanantonioalgeciras.com\/index.php\/wp-json\/wp\/v2\/media?parent=3345"}],"curies":[{"name":"wp","href":"https:\/\/api.w.org\/{rel}","templated":true}]}}