{"id":7030,"date":"2014-01-31T08:15:25","date_gmt":"2014-01-31T08:15:25","guid":{"rendered":"https:\/\/church-event.vamtam.com\/?page_id=7030"},"modified":"2014-01-31T08:15:25","modified_gmt":"2014-01-31T08:15:25","slug":"one-page","status":"publish","type":"page","link":"https:\/\/sanantonioalgeciras.com\/index.php\/one-page\/","title":{"rendered":"One Page"},"content":{"rendered":"<div class=\"push\" style='margin-bottom:-60px'><\/div>\n<div class=\"row \"><div class=\"wpv-grid grid-1-1  wpv-first-level parallax-bg first has-video-bg has-background extended\" style=\"\n\t\t\t\tbackground: url('https:\/\/sanantonioalgeciras.com\/wp-content\/themes\/churchtheme\/samples\/images\/video_bg1.jpg')  center top;\n\t\t\t\tbackground-size: cover;\n\t\t\t\tbackground-attachment: fixed;\n\t\t\tpadding-top:250px;padding-bottom:40px\" id=\"section-home\"  data-parallax-method=\"to-centre\" data-parallax-inertia=\"-0.2\"><div class=\"extended-column-inner\"><div class=\"wpv-video-bg\">\n\t\t\t\t<video autoplay loop preload=\"metadata\" width=\"100%\" class=\"wpv-background-video\" style=\"width:100%\">\n\t\t\t\t\t<source type=\"video\/mp4\" src=\"https:\/\/church-event.vamtam.com\/wp-content\/uploads\/2014\/01\/Wonder-HD-Background-Loop1.mp4\"><\/source>\n\t\t\t\t<\/video>\n\t\t\t<\/div><div class=\"wpv-video-bg-content\"><div class=\"row \"><div class=\"wpv-grid grid-1-1  first unextended\" style=\"padding-top:0px;padding-bottom:0px\" id=\"wpv-column-8242d4f3721baae5f39a154eba86da19\" ><h1 style=\"text-align: center;\"><em><span style=\"color: #ffffff; font-size: 60px;\">Welcome to<\/span><\/em><\/h1>\n<h1 style=\"text-align: center;\"><em><span style=\"color: #ffffff; font-size: 60px;\">WordPress Church Theme<\/span><\/em><\/h1>\n<div class=\"push\" style='height:30px'><\/div>\n<p style=\"text-align: center;\"><a class=\"wpv-animated-page-scroll\" href=\"\/home-layouts\/one-page\/#section-about\"> <i class=\"fas fa-theme-arrow-down\" style=\"\"><\/i><\/a><\/p>\n<div class=\"push\" style='height:10px'><\/div><\/div><\/div>\n<div class=\"sep\"><\/div>\n<div class=\"row \"><div class=\"wpv-grid grid-1-1  first unextended animation-fade-in animated-active\" style=\"padding-top:0px;padding-bottom:0px\" id=\"wpv-column-4b034f87a4e597cabd766cc8af6b60e0\" ><p> <\/div><\/div><\/div><\/div><\/div><\/div>\n<div class=\"row \"><div class=\"wpv-grid grid-1-1  wpv-first-level first has-background extended\" style=\"background-color:#ffffff;padding-top:40px;padding-bottom:50px\" id=\"section-about\" ><div class=\"extended-column-inner\"><style>#section-about p,#section-about em,#section-about .column-title,#section-about .sep-text h2.regular-title-wrapper,#section-about .text-divider-double,#section-about .sep-text .sep-text-line,#section-about .sep,#section-about .sep-2,#section-about .sep-3{color:#808080;}#section-about:before{background-color:transparent;}<\/style><div class=\"row \"><div class=\"wpv-grid grid-1-4  first unextended left-border\" style=\"padding-top:0px;padding-bottom:0px\" id=\"wpv-column-891d57a935da342206ab6e1bcc6ea4d4\" ><div class=\"row \"><div class=\"wpv-grid grid-1-1  first unextended\" style=\"padding-top:0px;padding-bottom:0px\" id=\"wpv-column-a0b59d04a03c4d035c911ab2166cf13e\" ><div class=\"services clearfix fullimage no-image has-icon has-button \" style=\"text-align:center;\">\n\t<div class=\"services-inside\">\n\t\t\t\t\t\t\t\t\t<div class=\"thumbnail\">\n\t\t\t\t\t\t\t\t\t\t\t<a href=\"#\" title=\"Weddings\" class=\"\">\n\t\t\t\t\t\t\t\t\t\t\t\t\t\t\t\t\t\t<span class='icon shortcode theme ' style='font-size:60px !important;color:#9b9b9b;'>&#57537;<\/span>\t\t\t\t\t\t\t\t\t\t\t\t\t\t\t\t\t<\/a>\n\t\t\t\t\t\t\t\t\t<\/div>\n\t\t\t\t\t\t\t\t\t\t<h4 class=\"services-title\">\n\t\t\t\t\t\t\t\t\t<a href=\"#\" title=\"Weddings\">Weddings<\/a>\n\t\t\t\t\t\t\t<\/h4>\n\t\t\t\t\t\t\t<div class=\"services-content\">\nNever doubt that a small group of thoughtful, committed people can change the world. Indeed, it is the only thing that ever has.<\/div>\n\t\t\t\t\t\t\t<div class=\"services-button-wrap\">\n\t\t\t\t<a href=\"#\"><span class=\"btext\">Read More \u2192<\/span><\/a>\n\t\t\t<\/div>\n\t\t\t<\/div>\n<\/div>\n<\/div><\/div><\/div>\n<div class=\"wpv-grid grid-1-4  unextended left-border\" style=\"padding-top:0px;padding-bottom:0px\" id=\"wpv-column-2f8dc4e34d5f36850f0608bf3532b73e\" ><style>#wpv-column-2f8dc4e34d5f36850f0608bf3532b73e:before{background-color:#cbcbcb;}<\/style><div class=\"row \"><div class=\"wpv-grid grid-1-1  first unextended\" style=\"padding-top:0px;padding-bottom:0px\" id=\"wpv-column-a8a690b0aa757476a7c8b1b3f2c9bc89\" ><div class=\"services clearfix fullimage no-image has-icon has-button \" style=\"text-align:center;\">\n\t<div class=\"services-inside\">\n\t\t\t\t\t\t\t\t\t<div class=\"thumbnail\">\n\t\t\t\t\t\t\t\t\t\t\t<a href=\"#\" title=\"Christenings\" class=\"\">\n\t\t\t\t\t\t\t\t\t\t\t\t\t\t\t\t\t\t<span class='icon shortcode theme ' style='font-size:60px !important;color:#9b9b9b;'>&#57406;<\/span>\t\t\t\t\t\t\t\t\t\t\t\t\t\t\t\t\t<\/a>\n\t\t\t\t\t\t\t\t\t<\/div>\n\t\t\t\t\t\t\t\t\t\t<h4 class=\"services-title\">\n\t\t\t\t\t\t\t\t\t<a href=\"#\" title=\"Christenings\">Christenings<\/a>\n\t\t\t\t\t\t\t<\/h4>\n\t\t\t\t\t\t\t<div class=\"services-content\">\nNever doubt that a small group of thoughtful, committed people can change the world. Indeed, it is the only thing that ever has.<\/div>\n\t\t\t\t\t\t\t<div class=\"services-button-wrap\">\n\t\t\t\t<a href=\"#\"><span class=\"btext\">Read More \u2192<\/span><\/a>\n\t\t\t<\/div>\n\t\t\t<\/div>\n<\/div>\n<\/div><\/div><\/div>\n<div class=\"wpv-grid grid-1-4  unextended left-border\" style=\"padding-top:0px;padding-bottom:0px\" id=\"wpv-column-50a408e2ba8f391ff94eb5fdd950d1b0\" ><style>#wpv-column-50a408e2ba8f391ff94eb5fdd950d1b0:before{background-color:#cbcbcb;}<\/style><div class=\"row \"><div class=\"wpv-grid grid-1-1  first unextended\" style=\"padding-top:0px;padding-bottom:0px\" id=\"wpv-column-19511dfe58bb94476ad9377e564bd443\" ><div class=\"services clearfix fullimage no-image has-icon has-button \" style=\"text-align:center;\">\n\t<div class=\"services-inside\">\n\t\t\t\t\t\t\t\t\t<div class=\"thumbnail\">\n\t\t\t\t\t\t\t\t\t\t\t<a href=\"#\" title=\"Discourses\" class=\"\">\n\t\t\t\t\t\t\t\t\t\t\t\t\t\t\t\t\t\t<span class='icon shortcode theme ' style='font-size:60px !important;color:#9b9b9b;'>&#57474;<\/span>\t\t\t\t\t\t\t\t\t\t\t\t\t\t\t\t\t<\/a>\n\t\t\t\t\t\t\t\t\t<\/div>\n\t\t\t\t\t\t\t\t\t\t<h4 class=\"services-title\">\n\t\t\t\t\t\t\t\t\t<a href=\"#\" title=\"Discourses\">Discourses<\/a>\n\t\t\t\t\t\t\t<\/h4>\n\t\t\t\t\t\t\t<div class=\"services-content\">\nNever doubt that a small group of thoughtful, committed people can change the world. Indeed, it is the only thing that ever has.<\/div>\n\t\t\t\t\t\t\t<div class=\"services-button-wrap\">\n\t\t\t\t<a href=\"#\"><span class=\"btext\">Read More \u2192<\/span><\/a>\n\t\t\t<\/div>\n\t\t\t<\/div>\n<\/div>\n<\/div><\/div><\/div>\n<div class=\"wpv-grid grid-1-4  unextended left-border\" style=\"padding-top:0px;padding-bottom:0px\" id=\"wpv-column-112829a1b85c3f8dbbf235662f247dcb\" ><style>#wpv-column-112829a1b85c3f8dbbf235662f247dcb:before{background-color:#cbcbcb;}<\/style><div class=\"row \"><div class=\"wpv-grid grid-1-1  first unextended\" style=\"padding-top:0px;padding-bottom:0px\" id=\"wpv-column-115fa7ae7eb75645abf49251f3e98963\" ><div class=\"services clearfix fullimage no-image has-icon has-button \" style=\"text-align:center;\">\n\t<div class=\"services-inside\">\n\t\t\t\t\t\t\t\t\t<div class=\"thumbnail\">\n\t\t\t\t\t\t\t\t\t\t\t<a href=\"#\" title=\"Events\" class=\"\">\n\t\t\t\t\t\t\t\t\t\t\t\t\t\t\t\t\t\t<span class='icon shortcode theme ' style='font-size:60px !important;color:#9b9b9b;'>&#57520;<\/span>\t\t\t\t\t\t\t\t\t\t\t\t\t\t\t\t\t<\/a>\n\t\t\t\t\t\t\t\t\t<\/div>\n\t\t\t\t\t\t\t\t\t\t<h4 class=\"services-title\">\n\t\t\t\t\t\t\t\t\t<a href=\"#\" title=\"Events\">Events<\/a>\n\t\t\t\t\t\t\t<\/h4>\n\t\t\t\t\t\t\t<div class=\"services-content\">\nNever doubt that a small group of thoughtful, committed people can change the world. Indeed, it is the only thing that ever has.<\/div>\n\t\t\t\t\t\t\t<div class=\"services-button-wrap\">\n\t\t\t\t<a href=\"#\"><span class=\"btext\">Read More \u2192<\/span><\/a>\n\t\t\t<\/div>\n\t\t\t<\/div>\n<\/div>\n<\/div><\/div><\/div><\/div><\/div><\/div><\/div>\n<div class=\"row \"><div class=\"wpv-grid grid-1-1  wpv-first-level first has-background extended\" style=\"\n\t\t\t\tbackground: url('https:\/\/church-event.vamtam.com\/wp-content\/uploads\/2014\/01\/events_bg.jpg') no-repeat center bottom;\n\t\t\t\tbackground-size: auto;\n\t\t\t\tbackground-attachment: scroll;\n\t\t\tbackground-color:#333333;padding-top:30px;padding-bottom:10px\" id=\"section-events\" ><div class=\"extended-column-inner\"><style>#section-events p,#section-events em,#section-events .column-title,#section-events .sep-text h2.regular-title-wrapper,#section-events .text-divider-double,#section-events .sep-text .sep-text-line,#section-events .sep,#section-events .sep-2,#section-events .sep-3{color:#b3b3b3;}#section-events:before{background-color:transparent;}<\/style>\t\t<div class=\"sep-text single centered\">\n\t\t\t\t\t\t\t<span class=\"sep-text-before\"><div class=\"sep-text-line\"><\/div><\/span>\n\t\t\t\t\t\t<div class=\"content\">\n\t\t\t\t<h2 class=\"text-divider-double\">Upcoming Events<\/h2>\t\t\t<\/div>\n\t\t\t<span class=\"sep-text-after\"><div class=\"sep-text-line\"><\/div><\/span>\n\t\t\t\t\t<\/div>\n\t<div class=\"row \"><div class=\"wpv-grid grid-1-1  first unextended\" style=\"padding-top:0px;padding-bottom:0px\" id=\"wpv-column-728920f613a79e290c0c0af4e8271bea\" ><\/div><\/div>\n<div class=\"row \"><div class=\"wpv-grid grid-1-1  first unextended\" style=\"padding-top:0px;padding-bottom:0px\" id=\"wpv-column-2c25edd23dcfd5b1eb77bb958203cc5a\" ><div class=\"push\" style='height:30px'><\/div>\n<p style=\"text-align: center;\"><a class=\"wpv-scroll-to-top\" href=\"#\">Top \u2191<\/a> | <a href=\"\/events\/\">View Full Calendar \u2192<\/a><\/div><\/div><\/div><\/div><\/div>\n<div class=\"row \"><div class=\"wpv-grid grid-1-1  wpv-first-level first extended left-border\" style=\"padding-top:30px;padding-bottom:0px\" id=\"section-ministries\" ><div class=\"extended-column-inner\"><div class=\"row \"><div class=\"wpv-grid grid-1-1  first unextended\" style=\"padding-top:0px;padding-bottom:0px\" id=\"wpv-column-5a0857d9acfe8347701234e0ef57e83b\" ><h2 class='column-title'>Ministries<\/h2><div class=\"wpv-tabs horizontal\" id=\"tabs-1\"><ul class=\"ui-tabs-nav\"><li class='tab-'><a href=\"#tab-1-0-chidrenss-ministry\"><span class='icon shortcode theme ' style=''>&#58884;<\/span> <span class=\"title-text\">Chidrens\u2019s ministry<\/span><\/a><\/li><li class='tab-'><a href=\"#tab-1-1-ladies-ministry\"><span class='icon shortcode theme ' style=''>&#57453;<\/span> <span class=\"title-text\">Ladies ministry<\/span><\/a><\/li><li class='tab-'><a href=\"#tab-1-2-music-ministry\"><span class='icon shortcode theme ' style=''>&#57494;<\/span> <span class=\"title-text\">Music ministry<\/span><\/a><\/li><li class='tab-'><a href=\"#tab-1-3-youth-ministry\"><span class='icon shortcode theme ' style=''>&#57433;<\/span> <span class=\"title-text\">Youth ministry<\/span><\/a><\/li><li class='tab-'><a href=\"#tab-1-4-prison-ministry\"><span class='icon shortcode  ' style=''>&#57826;<\/span> <span class=\"title-text\">Prison ministry<\/span><\/a><\/li><\/ul><div class=\"pane\" id=\"tab-1-0-chidrenss-ministry\"><div class=\"push\" style='height:40px'><\/div>\n<div class=\"row \"><div class=\"wpv-grid grid-3-4  first unextended\" style=\"padding-top:0px;padding-bottom:0px\" id=\"wpv-column-b61950173d0ed84a36b1c87dd439c16b\" ><h2>Chidrens\u2019s ministry &#8211; Childrens &amp; kids only<\/h2>\n<div class=\"push\" style='height:15px'><\/div>This is Photoshop\u2019s version of Lorem Ipsum. Proin gravida nibh vel velit auctor aliquet. Aenean sollicitudin, lorem quis bibendum auctor, nisi elit consequat ipsum, nec sagittis sem nibh id elit. Duis sed odio sit amet nibh vulputate cursus a sit amet mauris. Morbi accumsan ipsum velit. Nam nec tellus a odio tincidunt auctor a ornare odio. Sed non mauris vitae erat consequat auctor eu in elit.<\/p>\n<div id=\"our-projects\"><\/div>\n<p>This is Photoshop\u2019s version of Lorem Ipsum. Proin gravida nibh vel velit auctor aliquet. Aenean sollicitudin, lorem quis bibendum auctor, nisi elit consequat ipsum, nec sagittis sem nibh id elit. Duis sed odio sit amet nibh vulputate cursus a sit amet mauris. Morbi accumsan ipsum velit. Nam nec tellus a odio tincidunt auctor a ornare odio. Sed non mauris vitae erat consequat auctor eu in elit.<\/div>\n<div class=\"wpv-grid grid-1-4  unextended\" style=\"padding-top:0px;padding-bottom:0px\" id=\"wpv-column-b0ada844af53890badb4fc52548819a2\" ><p><img loading=\"lazy\" decoding=\"async\" class=\"size-full wp-image-7070 alignnone\" src=\"https:\/\/church-event.vamtam.com\/wp-content\/uploads\/2014\/02\/ministries-1.png\" alt=\"ministries-1\" width=\"236\" height=\"154\" \/><div class=\"push\" style='height:10px'><\/div>Aenean sollicitudin, lorem quis bibendum auctor, nisi elit consequat ipsum, nec sagittis sem nibh id elit. <div class=\"push\" style='height:20px'><\/div>  <a target=\"_self\" style='font-size: 18px;' class=\"button vamtam-button accent1  button-border hover-accent1 \"><span class=\"btext\">View it!<\/span><\/a><\/div><\/div><\/div><div class=\"pane\" id=\"tab-1-1-ladies-ministry\"><div class=\"push\" style='height:40px'><\/div>\n<div class=\"row \"><div class=\"wpv-grid grid-3-4  first unextended\" style=\"padding-top:0px;padding-bottom:0px\" id=\"wpv-column-8ac2376805943a4b7af2a21c665a2a6a\" ><h2>Ladies ministry &#8211; Womans &amp; girls only<\/h2>\n<div class=\"push\" style='height:15px'><\/div>This is Photoshop\u2019s version of Lorem Ipsum. Proin gravida nibh vel velit auctor aliquet. Aenean sollicitudin, lorem quis bibendum auctor, nisi elit consequat ipsum, nec sagittis sem nibh id elit. Duis sed odio sit amet nibh vulputate cursus a sit amet mauris. Morbi accumsan ipsum velit. Nam nec tellus a odio tincidunt auctor a ornare odio. Sed non mauris vitae erat consequat auctor eu in elit.<\/p>\n<div id=\"our-projects\"><\/div>\n<p>This is Photoshop\u2019s version of Lorem Ipsum. Proin gravida nibh vel velit auctor aliquet. Aenean sollicitudin, lorem quis bibendum auctor, nisi elit consequat ipsum, nec sagittis sem nibh id elit. Duis sed odio sit amet nibh vulputate cursus a sit amet mauris. Morbi accumsan ipsum velit. Nam nec tellus a odio tincidunt auctor a ornare odio. Sed non mauris vitae erat consequat auctor eu in elit. This is Photoshop\u2019s version of Lorem Ipsum. Proin gravida nibh vel velit auctor aliquet. Aenean sollicitudin, lorem quis bibendum auctor, nisi elit consequat ipsum, nec sagittis sem nibh id elit.<\/div>\n<div class=\"wpv-grid grid-1-4  unextended\" style=\"padding-top:0px;padding-bottom:0px\" id=\"wpv-column-95f30212b6778184c61b48448e97a47f\" ><p><img loading=\"lazy\" decoding=\"async\" class=\"size-full wp-image-7070 alignnone\" src=\"https:\/\/church-event.vamtam.com\/wp-content\/uploads\/2014\/02\/ministries-2.png\" alt=\"ministries-1\" width=\"236\" height=\"154\" \/><div class=\"push\" style='height:10px'><\/div>Aenean sollicitudin, lorem quis bibendum auctor, nisi elit consequat ipsum, nec sagittis sem nibh id elit. <div class=\"push\" style='height:20px'><\/div>  <a target=\"_self\" style='font-size: 18px;' class=\"button vamtam-button accent1  button-border hover-accent1 \"><span class=\"btext\">View it!<\/span><\/a><\/div><\/div><\/div><div class=\"pane\" id=\"tab-1-2-music-ministry\"><div class=\"push\" style='height:40px'><\/div>\n<div class=\"row \"><div class=\"wpv-grid grid-3-4  first unextended\" style=\"padding-top:0px;padding-bottom:0px\" id=\"wpv-column-0de214fa9696ed681edf4e2da102e979\" ><h2>Music ministry &#8211; Musicians &amp; singers only<\/h2>\n<div class=\"push\" style='height:15px'><\/div>This is Photoshop\u2019s version of Lorem Ipsum. Proin gravida nibh vel velit auctor aliquet. Aenean sollicitudin, lorem quis bibendum auctor, nisi elit consequat ipsum, nec sagittis sem nibh id elit. Duis sed odio sit amet nibh vulputate cursus a sit amet mauris. Morbi accumsan ipsum velit. Nam nec tellus a odio tincidunt auctor a ornare odio. Sed non mauris vitae erat consequat auctor eu in elit.<\/p>\n<div id=\"our-projects\"><\/div>\n<p>This is Photoshop\u2019s version of Lorem Ipsum. Proin gravida nibh vel velit auctor aliquet. Aenean sollicitudin, lorem quis bibendum auctor, nisi elit consequat ipsum, nec sagittis sem nibh id elit. Duis sed odio sit amet nibh vulputate cursus a sit amet mauris. Morbi accumsan ipsum velit. Nam nec tellus a odio tincidunt auctor a ornare odio. Sed non mauris vitae erat consequat auctor eu in elit.<\/div>\n<div class=\"wpv-grid grid-1-4  unextended\" style=\"padding-top:0px;padding-bottom:0px\" id=\"wpv-column-217d09b771f5ae89bac41df5095238cf\" ><p><img loading=\"lazy\" decoding=\"async\" class=\"size-full wp-image-7070 alignnone\" src=\"https:\/\/church-event.vamtam.com\/wp-content\/uploads\/2014\/02\/ministries-3.png\" alt=\"ministries-1\" width=\"236\" height=\"154\" \/><div class=\"push\" style='height:10px'><\/div>Aenean sollicitudin, lorem quis bibendum auctor, nisi elit consequat ipsum, nec sagittis sem nibh id elit. <div class=\"push\" style='height:20px'><\/div>  <a target=\"_self\" style='font-size: 18px;' class=\"button vamtam-button accent1  button-border hover-accent1 \"><span class=\"btext\">View it!<\/span><\/a><\/div><\/div><\/div><div class=\"pane\" id=\"tab-1-3-youth-ministry\"><div class=\"push\" style='height:40px'><\/div>\n<div class=\"row \"><div class=\"wpv-grid grid-3-4  first unextended\" style=\"padding-top:0px;padding-bottom:0px\" id=\"wpv-column-95d0d7cd5326d53aa4f0c1dd4cf1ec27\" ><h2>Youth ministry &#8211; Students &amp; teenagers only<\/h2>\n<div class=\"push\" style='height:15px'><\/div>This is Photoshop\u2019s version of Lorem Ipsum. Proin gravida nibh vel velit auctor aliquet. Aenean sollicitudin, lorem quis bibendum auctor, nisi elit consequat ipsum, nec sagittis sem nibh id elit. Duis sed odio sit amet nibh vulputate cursus a sit amet mauris. Morbi accumsan ipsum velit. Nam nec tellus a odio tincidunt auctor a ornare odio. Sed non mauris vitae erat consequat auctor eu in elit.<\/p>\n<div id=\"our-projects\"><\/div>\n<p>This is Photoshop\u2019s version of Lorem Ipsum. Proin gravida nibh vel velit auctor aliquet. Aenean sollicitudin, lorem quis bibendum auctor, nisi elit consequat ipsum, nec sagittis sem nibh id elit. Duis sed odio sit amet nibh vulputate cursus a sit amet mauris. Morbi accumsan ipsum velit. Nam nec tellus a odio tincidunt auctor a ornare odio. Sed non mauris vitae erat consequat auctor eu in elit. This is Photoshop\u2019s version of Lorem Ipsum. Proin gravida nibh vel velit auctor aliquet.<\/div>\n<div class=\"wpv-grid grid-1-4  unextended\" style=\"padding-top:0px;padding-bottom:0px\" id=\"wpv-column-2500deb322437010903d2dcedf912c01\" ><p><img loading=\"lazy\" decoding=\"async\" class=\"size-full wp-image-7070 alignnone\" src=\"https:\/\/church-event.vamtam.com\/wp-content\/uploads\/2014\/02\/ministries-4.png\" alt=\"ministries-1\" width=\"236\" height=\"154\" \/><div class=\"push\" style='height:10px'><\/div>Aenean sollicitudin, lorem quis bibendum auctor, nisi elit consequat ipsum, nec sagittis sem nibh id elit. <div class=\"push\" style='height:20px'><\/div>  <a target=\"_self\" style='font-size: 18px;' class=\"button vamtam-button accent1  button-border hover-accent1 \"><span class=\"btext\">View it!<\/span><\/a><\/div><\/div><\/div><div class=\"pane\" id=\"tab-1-4-prison-ministry\"><div class=\"push\" style='height:40px'><\/div>\n<div class=\"row \"><div class=\"wpv-grid grid-3-4  first unextended\" style=\"padding-top:0px;padding-bottom:0px\" id=\"wpv-column-a488afc42250829b3714381426465fc7\" ><h2>Prison ministry &#8211; Convicted prisoners and formers only<\/h2>\n<div class=\"push\" style='height:15px'><\/div>This is Photoshop\u2019s version of Lorem Ipsum. Proin gravida nibh vel velit auctor aliquet. Aenean sollicitudin, lorem quis bibendum auctor, nisi elit consequat ipsum, nec sagittis sem nibh id elit. Duis sed odio sit amet nibh vulputate cursus a sit amet mauris. Morbi accumsan ipsum velit. Nam nec tellus a odio tincidunt auctor a ornare odio. Sed non mauris vitae erat consequat auctor eu in elit.<\/p>\n<div id=\"our-projects\"><\/div>\n<p>This is Photoshop\u2019s version of Lorem Ipsum. Proin gravida nibh vel velit auctor aliquet. Aenean sollicitudin, lorem quis bibendum auctor, nisi elit consequat ipsum, nec sagittis sem nibh id elit. Duis sed odio sit amet nibh vulputate cursus a sit amet mauris. Morbi accumsan ipsum velit. Nam nec tellus a odio tincidunt auctor a ornare odio. Sed non mauris vitae erat consequat auctor eu in elit.<\/div>\n<div class=\"wpv-grid grid-1-4  unextended\" style=\"padding-top:0px;padding-bottom:0px\" id=\"wpv-column-5da21a8d8fe8559716ec54e0c04d6860\" ><p><img loading=\"lazy\" decoding=\"async\" class=\"size-full wp-image-7070 alignnone\" src=\"https:\/\/church-event.vamtam.com\/wp-content\/uploads\/2014\/02\/ministries-5.png\" alt=\"ministries-1\" width=\"236\" height=\"154\" \/><div class=\"push\" style='height:10px'><\/div>Aenean sollicitudin, lorem quis bibendum auctor, nisi elit consequat ipsum, nec sagittis sem nibh id elit. <div class=\"push\" style='height:20px'><\/div>  <a target=\"_self\" style='font-size: 18px;' class=\"button vamtam-button accent1  button-border hover-accent1 \"><span class=\"btext\">View it!<\/span><\/a><\/div><\/div><\/div><\/div><\/div><\/div><\/div><\/div><\/div>\n<div class=\"row \"><div class=\"wpv-grid grid-1-1  wpv-first-level first extended\" style=\"padding-top:20px;padding-bottom:0px\" id=\"section-gallery\" ><div class=\"extended-column-inner\"><h2 class='column-title'>Gallery<\/h2><div class=\"push\" style='height:20px'><\/div>\n<div class=\"row \"><div class=\"wpv-grid grid-1-1  first has-background extended\" style=\"\n\t\t\t\tbackground: url('https:\/\/church-event.vamtam.com\/wp-content\/uploads\/2014\/01\/portfolio_bg.jpg') no-repeat center bottom;\n\t\t\t\tbackground-size: auto;\n\t\t\t\tbackground-attachment: scroll;\n\t\t\tpadding-top:10px;padding-bottom:10px\" id=\"section-gallery\" ><div class=\"extended-column-inner\"><div class=\"row \"><div class=\"wpv-grid grid-1-1  first unextended\" style=\"padding-top:0px;padding-bottom:0px\" id=\"wpv-column-44535cb2843b61edb3c05f14b6d24bb6\" ><div class=\"scrollable-wrapper\">\n<section class=\"portfolios  scroll-x title-below no-description \" id=\"69f2fa8f5232a\">\n\t\t<ul class=\"clearfix  portfolio-items\" data-columns=\"4\">\n\t\t<li data-id=\"325\" data-type=\"image-lightbox\" class=\"no-title no-description  has-button state-closed\">\n\t<div class=\"portfolio-item-wrapper\">\n\t\t\t\t<div class=\"portfolio_image\">\n\t\t\t<div class=\"thumbnail\" style=\"max-height:400px\">\n\t\t\t\t\t\t\t\t\t\t<img loading=\"lazy\" decoding=\"async\" width=\"262\" height=\"175\" src=\"https:\/\/sanantonioalgeciras.com\/wp-content\/uploads\/2013\/04\/large-262x175.jpg\" class=\"attachment-portfolio-loop-4 size-portfolio-loop-4 wp-post-image\" alt=\"\" srcset=\"https:\/\/sanantonioalgeciras.com\/wp-content\/uploads\/2013\/04\/large-262x175.jpg 262w, https:\/\/sanantonioalgeciras.com\/wp-content\/uploads\/2013\/04\/large-555x370.jpg 555w, https:\/\/sanantonioalgeciras.com\/wp-content\/uploads\/2013\/04\/large-360x240.jpg 360w\" sizes=\"auto, (max-width: 262px) 100vw, 262px\" \/>\t\t\t\t\t\t\t<\/div><!-- \/ .thumbnail -->\n\t\t<\/div>\n\n\t\t\t\t\t<div class=\"portfolio_details project-info-pad folio has-overlay\">\n\t\t\t\t\t\t\t\t\t<h4 class=\"title\">\n\t\t\t\t\t\t\t\t\t\t\t\t\tMy Must-Haves\t\t\t\t\t\t\t\t\t\t\t<\/h4>\n\t\t\t\t\t\t\t\t\t\t\t<\/div>\n\t\t\n\t\t\t\t\t<span class=\"thumbnail-overlay\">\n\t\t\t\t<span class=\"meta\">\n\t\t\t\t\t\t\t\t\t\t<div class=\"more-button \">\n\t\t\t\t\t\t<a class=\"button button-border accent1 hover-accent1  vamtam-lightbox image\" target=\"_self\" href=\"https:\/\/sanantonioalgeciras.com\/wp-content\/uploads\/2013\/04\/large.jpg\"  rel=\"portfolio_798\">\n\t\t\t\t\t\t\tView\t\t\t\t\t\t<\/a>\n\t\t\t\t\t<\/div>\n\t\t\t\t\t\t\t\t\t<\/span>\n\t\t\t<\/span>\n\t\t\t\t\t\t<\/div>\n<\/li><li data-id=\"320\" data-type=\"image-link\" class=\"no-title no-description  has-button state-closed\">\n\t<div class=\"portfolio-item-wrapper\">\n\t\t\t\t<div class=\"portfolio_image\">\n\t\t\t<div class=\"thumbnail\" style=\"max-height:400px\">\n\t\t\t\t\t\t\t\t\t\t<img loading=\"lazy\" decoding=\"async\" width=\"262\" height=\"175\" src=\"https:\/\/sanantonioalgeciras.com\/wp-content\/uploads\/2013\/04\/large-262x175.jpg\" class=\"attachment-portfolio-loop-4 size-portfolio-loop-4 wp-post-image\" alt=\"\" srcset=\"https:\/\/sanantonioalgeciras.com\/wp-content\/uploads\/2013\/04\/large-262x175.jpg 262w, https:\/\/sanantonioalgeciras.com\/wp-content\/uploads\/2013\/04\/large-555x370.jpg 555w, https:\/\/sanantonioalgeciras.com\/wp-content\/uploads\/2013\/04\/large-360x240.jpg 360w\" sizes=\"auto, (max-width: 262px) 100vw, 262px\" \/>\t\t\t\t\t\t\t<\/div><!-- \/ .thumbnail -->\n\t\t<\/div>\n\n\t\t\t\t\t<div class=\"portfolio_details project-info-pad folio has-overlay\">\n\t\t\t\t\t\t\t\t\t<h4 class=\"title\">\n\t\t\t\t\t\t\t\t\t\t\t\t\tTaking Notes\t\t\t\t\t\t\t\t\t\t\t<\/h4>\n\t\t\t\t\t\t\t\t\t\t\t<\/div>\n\t\t\n\t\t\t\t\t<span class=\"thumbnail-overlay\">\n\t\t\t\t<span class=\"meta\">\n\t\t\t\t\t\t\t\t\t\t<div class=\"more-button \">\n\t\t\t\t\t\t<a class=\"button button-border accent1 hover-accent1  no-lightbox link\" target=\"_self\" href=\"https:\/\/sanantonioalgeciras.com\/index.php\/portfolio\/taking-notes\/\" >\n\t\t\t\t\t\t\tView\t\t\t\t\t\t<\/a>\n\t\t\t\t\t<\/div>\n\t\t\t\t\t\t\t\t\t<\/span>\n\t\t\t<\/span>\n\t\t\t\t\t\t<\/div>\n<\/li><li data-id=\"323\" data-type=\"gallery\" class=\"no-title no-description  has-button state-closed\">\n\t<div class=\"portfolio-item-wrapper\">\n\t\t\t\t<div class=\"portfolio_image\">\n\t\t\t<div class=\"thumbnail\" style=\"max-height:400px\">\n\t\t\t\t\t\t\t\t\t\t<img loading=\"lazy\" decoding=\"async\" width=\"262\" height=\"175\" src=\"https:\/\/sanantonioalgeciras.com\/wp-content\/uploads\/2013\/04\/large-262x175.jpg\" class=\"attachment-portfolio-loop-4 size-portfolio-loop-4 wp-post-image\" alt=\"\" srcset=\"https:\/\/sanantonioalgeciras.com\/wp-content\/uploads\/2013\/04\/large-262x175.jpg 262w, https:\/\/sanantonioalgeciras.com\/wp-content\/uploads\/2013\/04\/large-555x370.jpg 555w, https:\/\/sanantonioalgeciras.com\/wp-content\/uploads\/2013\/04\/large-360x240.jpg 360w\" sizes=\"auto, (max-width: 262px) 100vw, 262px\" \/>\t\t\t\t\t\t\t<\/div><!-- \/ .thumbnail -->\n\t\t<\/div>\n\n\t\t\t\t\t<div class=\"portfolio_details project-info-pad folio has-overlay\">\n\t\t\t\t\t\t\t\t\t<h4 class=\"title\">\n\t\t\t\t\t\t\t\t\t\t\t\t\tAccessories to impress\t\t\t\t\t\t\t\t\t\t\t<\/h4>\n\t\t\t\t\t\t\t\t\t\t\t<\/div>\n\t\t\n\t\t\t\t\t<span class=\"thumbnail-overlay\">\n\t\t\t\t<span class=\"meta\">\n\t\t\t\t\t\t\t\t\t\t<div class=\"more-button \">\n\t\t\t\t\t\t<a class=\"button button-border accent1 hover-accent1  gallery\" target=\"_self\" href=\"https:\/\/sanantonioalgeciras.com\/index.php\/portfolio\/accessories-to-impress\/\"  rel=\"portfolio_798\">\n\t\t\t\t\t\t\tView\t\t\t\t\t\t<\/a>\n\t\t\t\t\t<\/div>\n\t\t\t\t\t\t\t\t\t<\/span>\n\t\t\t<\/span>\n\t\t\t\t\t\t<\/div>\n<\/li><li data-id=\"319\" data-type=\"image-video\" class=\"no-title no-description  has-button state-closed\">\n\t<div class=\"portfolio-item-wrapper\">\n\t\t\t\t<div class=\"portfolio_image\">\n\t\t\t<div class=\"thumbnail\" style=\"max-height:400px\">\n\t\t\t\t\t\t\t\t\t\t<img loading=\"lazy\" decoding=\"async\" width=\"262\" height=\"175\" src=\"https:\/\/sanantonioalgeciras.com\/wp-content\/uploads\/2013\/04\/large-262x175.jpg\" class=\"attachment-portfolio-loop-4 size-portfolio-loop-4 wp-post-image\" alt=\"\" srcset=\"https:\/\/sanantonioalgeciras.com\/wp-content\/uploads\/2013\/04\/large-262x175.jpg 262w, https:\/\/sanantonioalgeciras.com\/wp-content\/uploads\/2013\/04\/large-555x370.jpg 555w, https:\/\/sanantonioalgeciras.com\/wp-content\/uploads\/2013\/04\/large-360x240.jpg 360w\" sizes=\"auto, (max-width: 262px) 100vw, 262px\" \/>\t\t\t\t\t\t\t<\/div><!-- \/ .thumbnail -->\n\t\t<\/div>\n\n\t\t\t\t\t<div class=\"portfolio_details project-info-pad folio has-overlay\">\n\t\t\t\t\t\t\t\t\t<h4 class=\"title\">\n\t\t\t\t\t\t\t\t\t\t\t\t\tFashion in Motion\t\t\t\t\t\t\t\t\t\t\t<\/h4>\n\t\t\t\t\t\t\t\t\t\t\t<\/div>\n\t\t\n\t\t\t\t\t<span class=\"thumbnail-overlay\">\n\t\t\t\t<span class=\"meta\">\n\t\t\t\t\t\t\t\t\t\t<div class=\"more-button \">\n\t\t\t\t\t\t<a class=\"button button-border accent1 hover-accent1  video\" target=\"_self\" href=\"https:\/\/sanantonioalgeciras.com\/index.php\/portfolio\/fashion-in-motion\/\"  rel=\"portfolio_798\">\n\t\t\t\t\t\t\tView\t\t\t\t\t\t<\/a>\n\t\t\t\t\t<\/div>\n\t\t\t\t\t\t\t\t\t<\/span>\n\t\t\t<\/span>\n\t\t\t\t\t\t<\/div>\n<\/li><li data-id=\"313\" data-type=\"image-video\" class=\"no-title no-description  has-button state-closed\">\n\t<div class=\"portfolio-item-wrapper\">\n\t\t\t\t<div class=\"portfolio_image\">\n\t\t\t<div class=\"thumbnail\" style=\"max-height:400px\">\n\t\t\t\t\t\t\t\t\t\t<img loading=\"lazy\" decoding=\"async\" width=\"262\" height=\"175\" src=\"https:\/\/sanantonioalgeciras.com\/wp-content\/uploads\/2013\/04\/large-262x175.jpg\" class=\"attachment-portfolio-loop-4 size-portfolio-loop-4 wp-post-image\" alt=\"\" srcset=\"https:\/\/sanantonioalgeciras.com\/wp-content\/uploads\/2013\/04\/large-262x175.jpg 262w, https:\/\/sanantonioalgeciras.com\/wp-content\/uploads\/2013\/04\/large-555x370.jpg 555w, https:\/\/sanantonioalgeciras.com\/wp-content\/uploads\/2013\/04\/large-360x240.jpg 360w\" sizes=\"auto, (max-width: 262px) 100vw, 262px\" \/>\t\t\t\t\t\t\t<\/div><!-- \/ .thumbnail -->\n\t\t<\/div>\n\n\t\t\t\t\t<div class=\"portfolio_details project-info-pad folio has-overlay\">\n\t\t\t\t\t\t\t\t\t<h4 class=\"title\">\n\t\t\t\t\t\t\t\t\t\t\t\t\tStationpark\t\t\t\t\t\t\t\t\t\t\t<\/h4>\n\t\t\t\t\t\t\t\t\t\t\t<\/div>\n\t\t\n\t\t\t\t\t<span class=\"thumbnail-overlay\">\n\t\t\t\t<span class=\"meta\">\n\t\t\t\t\t\t\t\t\t\t<div class=\"more-button \">\n\t\t\t\t\t\t<a class=\"button button-border accent1 hover-accent1  video\" target=\"_self\" href=\"https:\/\/sanantonioalgeciras.com\/index.php\/portfolio\/getting-the-news\/\"  rel=\"portfolio_798\">\n\t\t\t\t\t\t\tView\t\t\t\t\t\t<\/a>\n\t\t\t\t\t<\/div>\n\t\t\t\t\t\t\t\t\t<\/span>\n\t\t\t<\/span>\n\t\t\t\t\t\t<\/div>\n<\/li><li data-id=\"6215\" data-type=\"image-video web-design\" class=\"no-title no-description  has-button state-closed\">\n\t<div class=\"portfolio-item-wrapper\">\n\t\t\t\t<div class=\"portfolio_image\">\n\t\t\t<div class=\"thumbnail\" style=\"max-height:400px\">\n\t\t\t\t\t\t\t\t\t\t<img loading=\"lazy\" decoding=\"async\" width=\"262\" height=\"175\" src=\"https:\/\/sanantonioalgeciras.com\/wp-content\/uploads\/2013\/04\/large-262x175.jpg\" class=\"attachment-portfolio-loop-4 size-portfolio-loop-4 wp-post-image\" alt=\"\" srcset=\"https:\/\/sanantonioalgeciras.com\/wp-content\/uploads\/2013\/04\/large-262x175.jpg 262w, https:\/\/sanantonioalgeciras.com\/wp-content\/uploads\/2013\/04\/large-555x370.jpg 555w, https:\/\/sanantonioalgeciras.com\/wp-content\/uploads\/2013\/04\/large-360x240.jpg 360w\" sizes=\"auto, (max-width: 262px) 100vw, 262px\" \/>\t\t\t\t\t\t\t<\/div><!-- \/ .thumbnail -->\n\t\t<\/div>\n\n\t\t\t\t\t<div class=\"portfolio_details project-info-pad folio has-overlay\">\n\t\t\t\t\t\t\t\t\t<h4 class=\"title\">\n\t\t\t\t\t\t\t\t\t\t\t\t\tHistory &amp;#124; The Bible\t\t\t\t\t\t\t\t\t\t\t<\/h4>\n\t\t\t\t\t\t\t\t\t\t\t<\/div>\n\t\t\n\t\t\t\t\t<span class=\"thumbnail-overlay\">\n\t\t\t\t<span class=\"meta\">\n\t\t\t\t\t\t\t\t\t\t<div class=\"more-button \">\n\t\t\t\t\t\t<a class=\"button button-border accent1 hover-accent1  video\" target=\"_self\" href=\"https:\/\/sanantonioalgeciras.com\/index.php\/portfolio\/my-must-haves\/\"  rel=\"portfolio_798\">\n\t\t\t\t\t\t\tView\t\t\t\t\t\t<\/a>\n\t\t\t\t\t<\/div>\n\t\t\t\t\t\t\t\t\t<\/span>\n\t\t\t<\/span>\n\t\t\t\t\t\t<\/div>\n<\/li><li data-id=\"326\" data-type=\"image-lightbox web-design\" class=\"no-title no-description  has-button state-closed\">\n\t<div class=\"portfolio-item-wrapper\">\n\t\t\t\t<div class=\"portfolio_image\">\n\t\t\t<div class=\"thumbnail\" style=\"max-height:400px\">\n\t\t\t\t\t\t\t\t\t\t<img loading=\"lazy\" decoding=\"async\" width=\"262\" height=\"175\" src=\"https:\/\/sanantonioalgeciras.com\/wp-content\/uploads\/2013\/04\/large-262x175.jpg\" class=\"attachment-portfolio-loop-4 size-portfolio-loop-4 wp-post-image\" alt=\"\" srcset=\"https:\/\/sanantonioalgeciras.com\/wp-content\/uploads\/2013\/04\/large-262x175.jpg 262w, https:\/\/sanantonioalgeciras.com\/wp-content\/uploads\/2013\/04\/large-555x370.jpg 555w, https:\/\/sanantonioalgeciras.com\/wp-content\/uploads\/2013\/04\/large-360x240.jpg 360w\" sizes=\"auto, (max-width: 262px) 100vw, 262px\" \/>\t\t\t\t\t\t\t<\/div><!-- \/ .thumbnail -->\n\t\t<\/div>\n\n\t\t\t\t\t<div class=\"portfolio_details project-info-pad folio has-overlay\">\n\t\t\t\t\t\t\t\t\t<h4 class=\"title\">\n\t\t\t\t\t\t\t\t\t\t\t\t\tThe fashion look\t\t\t\t\t\t\t\t\t\t\t<\/h4>\n\t\t\t\t\t\t\t\t\t\t\t<\/div>\n\t\t\n\t\t\t\t\t<span class=\"thumbnail-overlay\">\n\t\t\t\t<span class=\"meta\">\n\t\t\t\t\t\t\t\t\t\t<div class=\"more-button \">\n\t\t\t\t\t\t<a class=\"button button-border accent1 hover-accent1  vamtam-lightbox image\" target=\"_self\" href=\"https:\/\/sanantonioalgeciras.com\/wp-content\/uploads\/2013\/04\/large.jpg\"  rel=\"portfolio_798\">\n\t\t\t\t\t\t\tView\t\t\t\t\t\t<\/a>\n\t\t\t\t\t<\/div>\n\t\t\t\t\t\t\t\t\t<\/span>\n\t\t\t<\/span>\n\t\t\t\t\t\t<\/div>\n<\/li><li data-id=\"324\" data-type=\"image-lightbox\" class=\"no-title no-description  has-button state-closed\">\n\t<div class=\"portfolio-item-wrapper\">\n\t\t\t\t<div class=\"portfolio_image\">\n\t\t\t<div class=\"thumbnail\" style=\"max-height:400px\">\n\t\t\t\t\t\t\t\t\t\t<img loading=\"lazy\" decoding=\"async\" width=\"262\" height=\"175\" src=\"https:\/\/sanantonioalgeciras.com\/wp-content\/uploads\/2013\/04\/large-262x175.jpg\" class=\"attachment-portfolio-loop-4 size-portfolio-loop-4 wp-post-image\" alt=\"\" srcset=\"https:\/\/sanantonioalgeciras.com\/wp-content\/uploads\/2013\/04\/large-262x175.jpg 262w, https:\/\/sanantonioalgeciras.com\/wp-content\/uploads\/2013\/04\/large-555x370.jpg 555w, https:\/\/sanantonioalgeciras.com\/wp-content\/uploads\/2013\/04\/large-360x240.jpg 360w\" sizes=\"auto, (max-width: 262px) 100vw, 262px\" \/>\t\t\t\t\t\t\t<\/div><!-- \/ .thumbnail -->\n\t\t<\/div>\n\n\t\t\t\t\t<div class=\"portfolio_details project-info-pad folio has-overlay\">\n\t\t\t\t\t\t\t\t\t<h4 class=\"title\">\n\t\t\t\t\t\t\t\t\t\t\t\t\tEnjoying the game\t\t\t\t\t\t\t\t\t\t\t<\/h4>\n\t\t\t\t\t\t\t\t\t\t\t<\/div>\n\t\t\n\t\t\t\t\t<span class=\"thumbnail-overlay\">\n\t\t\t\t<span class=\"meta\">\n\t\t\t\t\t\t\t\t\t\t<div class=\"more-button \">\n\t\t\t\t\t\t<a class=\"button button-border accent1 hover-accent1  vamtam-lightbox image\" target=\"_self\" href=\"https:\/\/sanantonioalgeciras.com\/wp-content\/uploads\/2013\/04\/large.jpg\"  rel=\"portfolio_798\">\n\t\t\t\t\t\t\tView\t\t\t\t\t\t<\/a>\n\t\t\t\t\t<\/div>\n\t\t\t\t\t\t\t\t\t<\/span>\n\t\t\t<\/span>\n\t\t\t\t\t\t<\/div>\n<\/li>\t<\/ul>\n\t<\/section>\n<\/div><\/div><\/div>\n<div class=\"row \"><div class=\"wpv-grid grid-1-1  first unextended animation-zoom-in animated-active\" style=\"padding-top:0px;padding-bottom:0px\" id=\"wpv-column-c1143254323b1c7b1252a727a2cfe9ec\" ><div class=\"push\" style='height:20px'><\/div>\n<p style=\"text-align: center;\"><a class=\"wpv-scroll-to-top\" href=\"#\">Top \u2191<\/a> | <a href=\"\/portfolio-layouts\/masonry-style\/\">View full gallery \u2192<\/a><\/div><\/div><\/div><\/div><\/div><\/div><\/div><\/div>\n<div class=\"push\" style='height:30px'><\/div>\n<div class=\"row \"><div class=\"wpv-grid grid-1-1  wpv-first-level first unextended\" style=\"padding-top:30px;padding-bottom:30px\" id=\"section-news\" ><h2 class='column-title'>Latest News<\/h2><div class=\"row \"><div class=\"wpv-grid grid-1-1  first unextended\" style=\"padding-top:0px;padding-bottom:0px\" id=\"wpv-column-bd599663074a3a642fb3515bbe51eb87\" ><div class=\"scrollable-wrapper\">\n\t<div class=\"loop-wrapper clearfix news scroll-x\">\n\t\t<ul class=\"clearfix\" data-columns=\"4\">\n\t\t\t\t\t\t\t\t<li class=\"page-content post-head list-item post-27289 post type-post status-publish format-standard has-post-thumbnail hentry category-proximoseventos\">\n\t\t\t\t\t\t<div>\n\t\t\t\t\t\t\t<div class=\"post-article has-image-wrapper \">\n\t<div class=\"standard-post-format clearfix as-image \">\n\t\t\t<div class=\"thumbnail\">\n\t\t\t\t\t\t\t<a href=\"https:\/\/sanantonioalgeciras.com\/index.php\/2025\/03\/17\/de-enfermera-abortista-a-misionera-pro-vida\/\" title=\"DE ENFERMERA ABORTISTA A MISIONERA PRO VIDA\">\n\t\t\t\t\t\t<img loading=\"lazy\" decoding=\"async\" width=\"142\" height=\"201\" src=\"https:\/\/sanantonioalgeciras.com\/wp-content\/uploads\/2025\/03\/charla-san-antonio-pdf.jpg\" class=\"attachment-post-small-4 size-post-small-4 wp-post-image\" alt=\"\" \/>\t\t\t\t\t<\/a>\n\t\t\t<\/div>\n\n\t<div class=\"post-content-wrapper\">\n\t\t\t<div class=\"post-actions-wrapper\">\n\t\t\t\t\n<div class=\"post-date\">\n\t\t\t<span class=\"top-part\">\n\t\t\t17\t\t<\/span>\n\t\t<span class=\"bottom-part\">\n\t\t\t03 '25\t\t<\/span>\n\t<\/div>\t\t\t\t\n<div class=\"post-actions\">\n\t\t\t\t\t\t<div class=\"comment-count\">\n\t\t\t\t<a href=\"https:\/\/sanantonioalgeciras.com\/index.php\/2025\/03\/17\/de-enfermera-abortista-a-misionera-pro-vida\/#respond\">0 <span class=\"comment-word\">Comments<\/span><\/a>\t\t\t<\/div>\n\t\t\n\t\t\n\t\t\t<\/div>\t\t\t<\/div>\n\t\t\t<div class=\"post-right\">\n\t\t\t\t<div class=\"post-content-outer\">\n\t\t\t\t\t\t\t<header class=\"single\">\n\t\t\t<div class=\"content\">\n\t\t\t\t<h4>\n\t\t\t\t\t<a href=\"https:\/\/sanantonioalgeciras.com\/index.php\/2025\/03\/17\/de-enfermera-abortista-a-misionera-pro-vida\/\" title=\"DE ENFERMERA ABORTISTA A MISIONERA PRO VIDA\" class=\"entry-title\">DE ENFERMERA ABORTISTA A MISIONERA PRO VIDA<\/a>\n\t\t\t\t<\/h4>\n\t\t\t<\/div>\n\t\t<\/header>\n\t<p>Querida familia, con gran alegr\u00eda, os anuncio que tendremos en nuestra parroquia a Mar\u00eda de&#8230;<\/p>\n\t\t\t\t<\/div>\n\t\t\t<\/div>\n\t<\/div>\n\t<\/div>\n<\/div>\n\t\t\t\t\t\t<\/div>\n\t\t\t\t\t<\/li>\n\t\t\t\t\t\t\t\t\t<li class=\"page-content post-head list-item post-27282 post type-post status-publish format-standard has-post-thumbnail hentry category-proximoseventos\">\n\t\t\t\t\t\t<div>\n\t\t\t\t\t\t\t<div class=\"post-article has-image-wrapper \">\n\t<div class=\"standard-post-format clearfix as-image \">\n\t\t\t<div class=\"thumbnail\">\n\t\t\t\t\t\t\t<a href=\"https:\/\/sanantonioalgeciras.com\/index.php\/2025\/02\/02\/catequesis-confirmacion-adultos\/\" title=\"CATEQUESIS CONFIRMACI\u00d3N ADULTOS\">\n\t\t\t\t\t\t<img loading=\"lazy\" decoding=\"async\" width=\"262\" height=\"201\" src=\"https:\/\/sanantonioalgeciras.com\/wp-content\/uploads\/2025\/02\/CATEQUESIS-ADULTOS-262x201.jpg\" class=\"attachment-post-small-4 size-post-small-4 wp-post-image\" alt=\"\" srcset=\"https:\/\/sanantonioalgeciras.com\/wp-content\/uploads\/2025\/02\/CATEQUESIS-ADULTOS-262x201.jpg 262w, https:\/\/sanantonioalgeciras.com\/wp-content\/uploads\/2025\/02\/CATEQUESIS-ADULTOS-480x369.jpg 480w, https:\/\/sanantonioalgeciras.com\/wp-content\/uploads\/2025\/02\/CATEQUESIS-ADULTOS-555x426.jpg 555w, https:\/\/sanantonioalgeciras.com\/wp-content\/uploads\/2025\/02\/CATEQUESIS-ADULTOS-360x276.jpg 360w\" sizes=\"auto, (max-width: 262px) 100vw, 262px\" \/>\t\t\t\t\t<\/a>\n\t\t\t<\/div>\n\n\t<div class=\"post-content-wrapper\">\n\t\t\t<div class=\"post-actions-wrapper\">\n\t\t\t\t\n<div class=\"post-date\">\n\t\t\t<span class=\"top-part\">\n\t\t\t02\t\t<\/span>\n\t\t<span class=\"bottom-part\">\n\t\t\t02 '25\t\t<\/span>\n\t<\/div>\t\t\t\t\n<div class=\"post-actions\">\n\t\t\t\t\t\t<div class=\"comment-count\">\n\t\t\t\t<a href=\"https:\/\/sanantonioalgeciras.com\/index.php\/2025\/02\/02\/catequesis-confirmacion-adultos\/#respond\">0 <span class=\"comment-word\">Comments<\/span><\/a>\t\t\t<\/div>\n\t\t\n\t\t\n\t\t\t<\/div>\t\t\t<\/div>\n\t\t\t<div class=\"post-right\">\n\t\t\t\t<div class=\"post-content-outer\">\n\t\t\t\t\t\t\t<header class=\"single\">\n\t\t\t<div class=\"content\">\n\t\t\t\t<h4>\n\t\t\t\t\t<a href=\"https:\/\/sanantonioalgeciras.com\/index.php\/2025\/02\/02\/catequesis-confirmacion-adultos\/\" title=\"CATEQUESIS CONFIRMACI\u00d3N ADULTOS\" class=\"entry-title\">CATEQUESIS CONFIRMACI\u00d3N ADULTOS<\/a>\n\t\t\t\t<\/h4>\n\t\t\t<\/div>\n\t\t<\/header>\n\t<p>El pr\u00f3ximo d\u00eda 19 de febrero comenzamos un nuevo ciclo de catequesis preparatoria para recibir&#8230;<\/p>\n\t\t\t\t<\/div>\n\t\t\t<\/div>\n\t<\/div>\n\t<\/div>\n<\/div>\n\t\t\t\t\t\t<\/div>\n\t\t\t\t\t<\/li>\n\t\t\t\t\t\t\t\t\t<li class=\"page-content post-head list-item post-27279 post type-post status-publish format-standard has-post-thumbnail hentry category-proximoseventos\">\n\t\t\t\t\t\t<div>\n\t\t\t\t\t\t\t<div class=\"post-article has-image-wrapper \">\n\t<div class=\"standard-post-format clearfix as-image \">\n\t\t\t<div class=\"thumbnail\">\n\t\t\t\t\t\t\t<a href=\"https:\/\/sanantonioalgeciras.com\/index.php\/2025\/01\/27\/misa-de-las-candelas-2\/\" title=\"MISA DE LAS CANDELAS\">\n\t\t\t\t\t\t<img loading=\"lazy\" decoding=\"async\" width=\"262\" height=\"201\" src=\"https:\/\/sanantonioalgeciras.com\/wp-content\/uploads\/2025\/01\/misa-de-las-candelas-262x201.jpg\" class=\"attachment-post-small-4 size-post-small-4 wp-post-image\" alt=\"\" srcset=\"https:\/\/sanantonioalgeciras.com\/wp-content\/uploads\/2025\/01\/misa-de-las-candelas-262x201.jpg 262w, https:\/\/sanantonioalgeciras.com\/wp-content\/uploads\/2025\/01\/misa-de-las-candelas-480x369.jpg 480w, https:\/\/sanantonioalgeciras.com\/wp-content\/uploads\/2025\/01\/misa-de-las-candelas-555x426.jpg 555w, https:\/\/sanantonioalgeciras.com\/wp-content\/uploads\/2025\/01\/misa-de-las-candelas-360x276.jpg 360w\" sizes=\"auto, (max-width: 262px) 100vw, 262px\" \/>\t\t\t\t\t<\/a>\n\t\t\t<\/div>\n\n\t<div class=\"post-content-wrapper\">\n\t\t\t<div class=\"post-actions-wrapper\">\n\t\t\t\t\n<div class=\"post-date\">\n\t\t\t<span class=\"top-part\">\n\t\t\t27\t\t<\/span>\n\t\t<span class=\"bottom-part\">\n\t\t\t01 '25\t\t<\/span>\n\t<\/div>\t\t\t\t\n<div class=\"post-actions\">\n\t\t\t\t\t\t<div class=\"comment-count\">\n\t\t\t\t<a href=\"https:\/\/sanantonioalgeciras.com\/index.php\/2025\/01\/27\/misa-de-las-candelas-2\/#respond\">0 <span class=\"comment-word\">Comments<\/span><\/a>\t\t\t<\/div>\n\t\t\n\t\t\n\t\t\t<\/div>\t\t\t<\/div>\n\t\t\t<div class=\"post-right\">\n\t\t\t\t<div class=\"post-content-outer\">\n\t\t\t\t\t\t\t<header class=\"single\">\n\t\t\t<div class=\"content\">\n\t\t\t\t<h4>\n\t\t\t\t\t<a href=\"https:\/\/sanantonioalgeciras.com\/index.php\/2025\/01\/27\/misa-de-las-candelas-2\/\" title=\"MISA DE LAS CANDELAS\" class=\"entry-title\">MISA DE LAS CANDELAS<\/a>\n\t\t\t\t<\/h4>\n\t\t\t<\/div>\n\t\t<\/header>\n\t<p>El 2 de febrero, a los 40 d\u00edas de Navidad, la Iglesia celebra la Presentaci\u00f3n&#8230;<\/p>\n\t\t\t\t<\/div>\n\t\t\t<\/div>\n\t<\/div>\n\t<\/div>\n<\/div>\n\t\t\t\t\t\t<\/div>\n\t\t\t\t\t<\/li>\n\t\t\t\t\t\t\t\t\t<li class=\"page-content post-head list-item post-27276 post type-post status-publish format-standard has-post-thumbnail hentry category-proximoseventos\">\n\t\t\t\t\t\t<div>\n\t\t\t\t\t\t\t<div class=\"post-article has-image-wrapper \">\n\t<div class=\"standard-post-format clearfix as-image \">\n\t\t\t<div class=\"thumbnail\">\n\t\t\t\t\t\t\t<a href=\"https:\/\/sanantonioalgeciras.com\/index.php\/2025\/01\/27\/curso-prematrimonial\/\" title=\"CURSO PREMATRIMONIAL\">\n\t\t\t\t\t\t<img loading=\"lazy\" decoding=\"async\" width=\"262\" height=\"201\" src=\"https:\/\/sanantonioalgeciras.com\/wp-content\/uploads\/2025\/01\/curso-prematrimonial-262x201.jpg\" class=\"attachment-post-small-4 size-post-small-4 wp-post-image\" alt=\"\" srcset=\"https:\/\/sanantonioalgeciras.com\/wp-content\/uploads\/2025\/01\/curso-prematrimonial-262x201.jpg 262w, https:\/\/sanantonioalgeciras.com\/wp-content\/uploads\/2025\/01\/curso-prematrimonial-480x369.jpg 480w, https:\/\/sanantonioalgeciras.com\/wp-content\/uploads\/2025\/01\/curso-prematrimonial-1140x876.jpg 1140w, https:\/\/sanantonioalgeciras.com\/wp-content\/uploads\/2025\/01\/curso-prematrimonial-555x426.jpg 555w, https:\/\/sanantonioalgeciras.com\/wp-content\/uploads\/2025\/01\/curso-prematrimonial-360x276.jpg 360w\" sizes=\"auto, (max-width: 262px) 100vw, 262px\" \/>\t\t\t\t\t<\/a>\n\t\t\t<\/div>\n\n\t<div class=\"post-content-wrapper\">\n\t\t\t<div class=\"post-actions-wrapper\">\n\t\t\t\t\n<div class=\"post-date\">\n\t\t\t<span class=\"top-part\">\n\t\t\t27\t\t<\/span>\n\t\t<span class=\"bottom-part\">\n\t\t\t01 '25\t\t<\/span>\n\t<\/div>\t\t\t\t\n<div class=\"post-actions\">\n\t\t\t\t\t\t<div class=\"comment-count\">\n\t\t\t\t<a href=\"https:\/\/sanantonioalgeciras.com\/index.php\/2025\/01\/27\/curso-prematrimonial\/#respond\">0 <span class=\"comment-word\">Comments<\/span><\/a>\t\t\t<\/div>\n\t\t\n\t\t\n\t\t\t<\/div>\t\t\t<\/div>\n\t\t\t<div class=\"post-right\">\n\t\t\t\t<div class=\"post-content-outer\">\n\t\t\t\t\t\t\t<header class=\"single\">\n\t\t\t<div class=\"content\">\n\t\t\t\t<h4>\n\t\t\t\t\t<a href=\"https:\/\/sanantonioalgeciras.com\/index.php\/2025\/01\/27\/curso-prematrimonial\/\" title=\"CURSO PREMATRIMONIAL\" class=\"entry-title\">CURSO PREMATRIMONIAL<\/a>\n\t\t\t\t<\/h4>\n\t\t\t<\/div>\n\t\t<\/header>\n\t<p>MATRIMONIO | Si est\u00e1s pensando en casarte, no lo dudes m\u00e1s y recibe la bendici\u00f3n&#8230;<\/p>\n\t\t\t\t<\/div>\n\t\t\t<\/div>\n\t<\/div>\n\t<\/div>\n<\/div>\n\t\t\t\t\t\t<\/div>\n\t\t\t\t\t<\/li>\n\t\t\t\t\t\t\t\t\t<li class=\"page-content post-head list-item post-27272 post type-post status-publish format-standard has-post-thumbnail hentry category-proximoseventos category-sin-categoria\">\n\t\t\t\t\t\t<div>\n\t\t\t\t\t\t\t<div class=\"post-article has-image-wrapper \">\n\t<div class=\"standard-post-format clearfix as-image \">\n\t\t\t<div class=\"thumbnail\">\n\t\t\t\t\t\t\t<a href=\"https:\/\/sanantonioalgeciras.com\/index.php\/2025\/01\/13\/bendicion-de-mascotas-2\/\" title=\"Bendici\u00f3n de mascotas\">\n\t\t\t\t\t\t<img loading=\"lazy\" decoding=\"async\" width=\"262\" height=\"201\" src=\"https:\/\/sanantonioalgeciras.com\/wp-content\/uploads\/2025\/01\/Bendicion-mascotas-2025-262x201.jpg\" class=\"attachment-post-small-4 size-post-small-4 wp-post-image\" alt=\"\" srcset=\"https:\/\/sanantonioalgeciras.com\/wp-content\/uploads\/2025\/01\/Bendicion-mascotas-2025-262x201.jpg 262w, https:\/\/sanantonioalgeciras.com\/wp-content\/uploads\/2025\/01\/Bendicion-mascotas-2025-480x369.jpg 480w, https:\/\/sanantonioalgeciras.com\/wp-content\/uploads\/2025\/01\/Bendicion-mascotas-2025-555x426.jpg 555w, https:\/\/sanantonioalgeciras.com\/wp-content\/uploads\/2025\/01\/Bendicion-mascotas-2025-360x276.jpg 360w\" sizes=\"auto, (max-width: 262px) 100vw, 262px\" \/>\t\t\t\t\t<\/a>\n\t\t\t<\/div>\n\n\t<div class=\"post-content-wrapper\">\n\t\t\t<div class=\"post-actions-wrapper\">\n\t\t\t\t\n<div class=\"post-date\">\n\t\t\t<span class=\"top-part\">\n\t\t\t13\t\t<\/span>\n\t\t<span class=\"bottom-part\">\n\t\t\t01 '25\t\t<\/span>\n\t<\/div>\t\t\t\t\n<div class=\"post-actions\">\n\t\t\t\t\t\t<div class=\"comment-count\">\n\t\t\t\t<a href=\"https:\/\/sanantonioalgeciras.com\/index.php\/2025\/01\/13\/bendicion-de-mascotas-2\/#respond\">0 <span class=\"comment-word\">Comments<\/span><\/a>\t\t\t<\/div>\n\t\t\n\t\t\n\t\t\t<\/div>\t\t\t<\/div>\n\t\t\t<div class=\"post-right\">\n\t\t\t\t<div class=\"post-content-outer\">\n\t\t\t\t\t\t\t<header class=\"single\">\n\t\t\t<div class=\"content\">\n\t\t\t\t<h4>\n\t\t\t\t\t<a href=\"https:\/\/sanantonioalgeciras.com\/index.php\/2025\/01\/13\/bendicion-de-mascotas-2\/\" title=\"Bendici\u00f3n de mascotas\" class=\"entry-title\">Bendici\u00f3n de mascotas<\/a>\n\t\t\t\t<\/h4>\n\t\t\t<\/div>\n\t\t<\/header>\n\t<p>El pr\u00f3ximo domingo, 19 de enero, se bendecir\u00e1n las mascotas en nuestra parroquia. Tendr\u00e1 lugar&#8230;<\/p>\n\t\t\t\t<\/div>\n\t\t\t<\/div>\n\t<\/div>\n\t<\/div>\n<\/div>\n\t\t\t\t\t\t<\/div>\n\t\t\t\t\t<\/li>\n\t\t\t\t\t\t\t\t\t<li class=\"page-content post-head list-item post-27268 post type-post status-publish format-standard has-post-thumbnail hentry category-ultimasnoticias\">\n\t\t\t\t\t\t<div>\n\t\t\t\t\t\t\t<div class=\"post-article has-image-wrapper \">\n\t<div class=\"standard-post-format clearfix as-image \">\n\t\t\t<div class=\"thumbnail\">\n\t\t\t\t\t\t\t<a href=\"https:\/\/sanantonioalgeciras.com\/index.php\/2024\/12\/22\/visita-pastoral-de-d-rafael\/\" title=\"Visita Pastoral de D. Rafael\">\n\t\t\t\t\t\t<img loading=\"lazy\" decoding=\"async\" width=\"262\" height=\"201\" src=\"https:\/\/sanantonioalgeciras.com\/wp-content\/uploads\/2024\/12\/visita-pastoral-de-D-Rafael-262x201.jpg\" class=\"attachment-post-small-4 size-post-small-4 wp-post-image\" alt=\"\" srcset=\"https:\/\/sanantonioalgeciras.com\/wp-content\/uploads\/2024\/12\/visita-pastoral-de-D-Rafael-262x201.jpg 262w, https:\/\/sanantonioalgeciras.com\/wp-content\/uploads\/2024\/12\/visita-pastoral-de-D-Rafael-480x369.jpg 480w, https:\/\/sanantonioalgeciras.com\/wp-content\/uploads\/2024\/12\/visita-pastoral-de-D-Rafael-555x426.jpg 555w, https:\/\/sanantonioalgeciras.com\/wp-content\/uploads\/2024\/12\/visita-pastoral-de-D-Rafael-360x276.jpg 360w\" sizes=\"auto, (max-width: 262px) 100vw, 262px\" \/>\t\t\t\t\t<\/a>\n\t\t\t<\/div>\n\n\t<div class=\"post-content-wrapper\">\n\t\t\t<div class=\"post-actions-wrapper\">\n\t\t\t\t\n<div class=\"post-date\">\n\t\t\t<span class=\"top-part\">\n\t\t\t22\t\t<\/span>\n\t\t<span class=\"bottom-part\">\n\t\t\t12 '24\t\t<\/span>\n\t<\/div>\t\t\t\t\n<div class=\"post-actions\">\n\t\t\t\t\t\t<div class=\"comment-count\">\n\t\t\t\t<a href=\"https:\/\/sanantonioalgeciras.com\/index.php\/2024\/12\/22\/visita-pastoral-de-d-rafael\/#respond\">0 <span class=\"comment-word\">Comments<\/span><\/a>\t\t\t<\/div>\n\t\t\n\t\t\n\t\t\t<\/div>\t\t\t<\/div>\n\t\t\t<div class=\"post-right\">\n\t\t\t\t<div class=\"post-content-outer\">\n\t\t\t\t\t\t\t<header class=\"single\">\n\t\t\t<div class=\"content\">\n\t\t\t\t<h4>\n\t\t\t\t\t<a href=\"https:\/\/sanantonioalgeciras.com\/index.php\/2024\/12\/22\/visita-pastoral-de-d-rafael\/\" title=\"Visita Pastoral de D. Rafael\" class=\"entry-title\">Visita Pastoral de D. Rafael<\/a>\n\t\t\t\t<\/h4>\n\t\t\t<\/div>\n\t\t<\/header>\n\t<p>Durante los d\u00edas 19, 20 y 21 de diciembre, tuvimos el honor de recibir la&#8230;<\/p>\n\t\t\t\t<\/div>\n\t\t\t<\/div>\n\t<\/div>\n\t<\/div>\n<\/div>\n\t\t\t\t\t\t<\/div>\n\t\t\t\t\t<\/li>\n\t\t\t\t\t\t\t\t\t<li class=\"page-content post-head list-item post-27244 post type-post status-publish format-standard has-post-thumbnail hentry category-proximoseventos\">\n\t\t\t\t\t\t<div>\n\t\t\t\t\t\t\t<div class=\"post-article has-image-wrapper \">\n\t<div class=\"standard-post-format clearfix as-image \">\n\t\t\t<div class=\"thumbnail\">\n\t\t\t\t\t\t\t<a href=\"https:\/\/sanantonioalgeciras.com\/index.php\/2024\/09\/26\/catequesis-de-confirmacion-de-adultos\/\" title=\"CATEQUESIS DE CONFIRMACI\u00d3N DE ADULTOS\">\n\t\t\t\t\t\t<img loading=\"lazy\" decoding=\"async\" width=\"262\" height=\"201\" src=\"https:\/\/sanantonioalgeciras.com\/wp-content\/uploads\/2024\/09\/Catequesis-confirmacion-adultos-262x201.jpg\" class=\"attachment-post-small-4 size-post-small-4 wp-post-image\" alt=\"\" srcset=\"https:\/\/sanantonioalgeciras.com\/wp-content\/uploads\/2024\/09\/Catequesis-confirmacion-adultos-262x201.jpg 262w, https:\/\/sanantonioalgeciras.com\/wp-content\/uploads\/2024\/09\/Catequesis-confirmacion-adultos-480x369.jpg 480w, https:\/\/sanantonioalgeciras.com\/wp-content\/uploads\/2024\/09\/Catequesis-confirmacion-adultos-555x426.jpg 555w, https:\/\/sanantonioalgeciras.com\/wp-content\/uploads\/2024\/09\/Catequesis-confirmacion-adultos-360x276.jpg 360w\" sizes=\"auto, (max-width: 262px) 100vw, 262px\" \/>\t\t\t\t\t<\/a>\n\t\t\t<\/div>\n\n\t<div class=\"post-content-wrapper\">\n\t\t\t<div class=\"post-actions-wrapper\">\n\t\t\t\t\n<div class=\"post-date\">\n\t\t\t<span class=\"top-part\">\n\t\t\t26\t\t<\/span>\n\t\t<span class=\"bottom-part\">\n\t\t\t09 '24\t\t<\/span>\n\t<\/div>\t\t\t\t\n<div class=\"post-actions\">\n\t\t\t\t\t\t<div class=\"comment-count\">\n\t\t\t\t<a href=\"https:\/\/sanantonioalgeciras.com\/index.php\/2024\/09\/26\/catequesis-de-confirmacion-de-adultos\/#respond\">0 <span class=\"comment-word\">Comments<\/span><\/a>\t\t\t<\/div>\n\t\t\n\t\t\n\t\t\t<\/div>\t\t\t<\/div>\n\t\t\t<div class=\"post-right\">\n\t\t\t\t<div class=\"post-content-outer\">\n\t\t\t\t\t\t\t<header class=\"single\">\n\t\t\t<div class=\"content\">\n\t\t\t\t<h4>\n\t\t\t\t\t<a href=\"https:\/\/sanantonioalgeciras.com\/index.php\/2024\/09\/26\/catequesis-de-confirmacion-de-adultos\/\" title=\"CATEQUESIS DE CONFIRMACI\u00d3N DE ADULTOS\" class=\"entry-title\">CATEQUESIS DE CONFIRMACI\u00d3N DE ADULTOS<\/a>\n\t\t\t\t<\/h4>\n\t\t\t<\/div>\n\t\t<\/header>\n\t<p>El d\u00eda 2 de octubre a las 20:00h, retomamos la catequesis de confirmaci\u00f3n para adultos&#8230;<\/p>\n\t\t\t\t<\/div>\n\t\t\t<\/div>\n\t<\/div>\n\t<\/div>\n<\/div>\n\t\t\t\t\t\t<\/div>\n\t\t\t\t\t<\/li>\n\t\t\t\t\t\t\t\t\t<li class=\"page-content post-head list-item post-27232 post type-post status-publish format-standard has-post-thumbnail hentry category-ultimasnoticias\">\n\t\t\t\t\t\t<div>\n\t\t\t\t\t\t\t<div class=\"post-article has-image-wrapper \">\n\t<div class=\"standard-post-format clearfix as-image \">\n\t\t\t<div class=\"thumbnail\">\n\t\t\t\t\t\t\t<a href=\"https:\/\/sanantonioalgeciras.com\/index.php\/2024\/02\/04\/vida-consagrada\/\" title=\"Vida Consagrada\">\n\t\t\t\t\t\t<img loading=\"lazy\" decoding=\"async\" width=\"262\" height=\"201\" src=\"https:\/\/sanantonioalgeciras.com\/wp-content\/uploads\/2024\/02\/vida-consagrada-262x201.jpg\" class=\"attachment-post-small-4 size-post-small-4 wp-post-image\" alt=\"\" srcset=\"https:\/\/sanantonioalgeciras.com\/wp-content\/uploads\/2024\/02\/vida-consagrada-262x201.jpg 262w, https:\/\/sanantonioalgeciras.com\/wp-content\/uploads\/2024\/02\/vida-consagrada-480x369.jpg 480w, https:\/\/sanantonioalgeciras.com\/wp-content\/uploads\/2024\/02\/vida-consagrada-555x426.jpg 555w, https:\/\/sanantonioalgeciras.com\/wp-content\/uploads\/2024\/02\/vida-consagrada-360x276.jpg 360w\" sizes=\"auto, (max-width: 262px) 100vw, 262px\" \/>\t\t\t\t\t<\/a>\n\t\t\t<\/div>\n\n\t<div class=\"post-content-wrapper\">\n\t\t\t<div class=\"post-actions-wrapper\">\n\t\t\t\t\n<div class=\"post-date\">\n\t\t\t<span class=\"top-part\">\n\t\t\t04\t\t<\/span>\n\t\t<span class=\"bottom-part\">\n\t\t\t02 '24\t\t<\/span>\n\t<\/div>\t\t\t\t\n<div class=\"post-actions\">\n\t\t\t\t\t\t<div class=\"comment-count\">\n\t\t\t\t<a href=\"https:\/\/sanantonioalgeciras.com\/index.php\/2024\/02\/04\/vida-consagrada\/#respond\">0 <span class=\"comment-word\">Comments<\/span><\/a>\t\t\t<\/div>\n\t\t\n\t\t\n\t\t\t<\/div>\t\t\t<\/div>\n\t\t\t<div class=\"post-right\">\n\t\t\t\t<div class=\"post-content-outer\">\n\t\t\t\t\t\t\t<header class=\"single\">\n\t\t\t<div class=\"content\">\n\t\t\t\t<h4>\n\t\t\t\t\t<a href=\"https:\/\/sanantonioalgeciras.com\/index.php\/2024\/02\/04\/vida-consagrada\/\" title=\"Vida Consagrada\" class=\"entry-title\">Vida Consagrada<\/a>\n\t\t\t\t<\/h4>\n\t\t\t<\/div>\n\t\t<\/header>\n\t<p>El d\u00eda de la presentaci\u00f3n del Se\u00f1or celebramos tambi\u00e9n la Jornada de la Vida Consagrada&#8230;.<\/p>\n\t\t\t\t<\/div>\n\t\t\t<\/div>\n\t<\/div>\n\t<\/div>\n<\/div>\n\t\t\t\t\t\t<\/div>\n\t\t\t\t\t<\/li>\n\t\t\t\t\t\t\t\t\t<li class=\"page-content post-head list-item post-27229 post type-post status-publish format-standard has-post-thumbnail hentry category-ultimasnoticias\">\n\t\t\t\t\t\t<div>\n\t\t\t\t\t\t\t<div class=\"post-article has-image-wrapper \">\n\t<div class=\"standard-post-format clearfix as-image \">\n\t\t\t<div class=\"thumbnail\">\n\t\t\t\t\t\t\t<a href=\"https:\/\/sanantonioalgeciras.com\/index.php\/2024\/01\/31\/conferencia-hermana-milagros\/\" title=\"Conferencia Hermana Milagros\">\n\t\t\t\t\t\t<img loading=\"lazy\" decoding=\"async\" width=\"262\" height=\"201\" src=\"https:\/\/sanantonioalgeciras.com\/wp-content\/uploads\/2024\/01\/Milagros-262x201.png\" class=\"attachment-post-small-4 size-post-small-4 wp-post-image\" alt=\"\" srcset=\"https:\/\/sanantonioalgeciras.com\/wp-content\/uploads\/2024\/01\/Milagros-262x201.png 262w, https:\/\/sanantonioalgeciras.com\/wp-content\/uploads\/2024\/01\/Milagros-480x369.png 480w, https:\/\/sanantonioalgeciras.com\/wp-content\/uploads\/2024\/01\/Milagros-555x426.png 555w, https:\/\/sanantonioalgeciras.com\/wp-content\/uploads\/2024\/01\/Milagros-360x276.png 360w\" sizes=\"auto, (max-width: 262px) 100vw, 262px\" \/>\t\t\t\t\t<\/a>\n\t\t\t<\/div>\n\n\t<div class=\"post-content-wrapper\">\n\t\t\t<div class=\"post-actions-wrapper\">\n\t\t\t\t\n<div class=\"post-date\">\n\t\t\t<span class=\"top-part\">\n\t\t\t31\t\t<\/span>\n\t\t<span class=\"bottom-part\">\n\t\t\t01 '24\t\t<\/span>\n\t<\/div>\t\t\t\t\n<div class=\"post-actions\">\n\t\t\t\t\t\t<div class=\"comment-count\">\n\t\t\t\t<a href=\"https:\/\/sanantonioalgeciras.com\/index.php\/2024\/01\/31\/conferencia-hermana-milagros\/#respond\">0 <span class=\"comment-word\">Comments<\/span><\/a>\t\t\t<\/div>\n\t\t\n\t\t\n\t\t\t<\/div>\t\t\t<\/div>\n\t\t\t<div class=\"post-right\">\n\t\t\t\t<div class=\"post-content-outer\">\n\t\t\t\t\t\t\t<header class=\"single\">\n\t\t\t<div class=\"content\">\n\t\t\t\t<h4>\n\t\t\t\t\t<a href=\"https:\/\/sanantonioalgeciras.com\/index.php\/2024\/01\/31\/conferencia-hermana-milagros\/\" title=\"Conferencia Hermana Milagros\" class=\"entry-title\">Conferencia Hermana Milagros<\/a>\n\t\t\t\t<\/h4>\n\t\t\t<\/div>\n\t\t<\/header>\n\t<p>Esta noche hemos tenido un encuentro de formaci\u00f3n con Milagros, religiosa adoratriz, misionera en Cabo&#8230;<\/p>\n\t\t\t\t<\/div>\n\t\t\t<\/div>\n\t<\/div>\n\t<\/div>\n<\/div>\n\t\t\t\t\t\t<\/div>\n\t\t\t\t\t<\/li>\n\t\t\t\t\t\t\t\t\t<li class=\"page-content post-head list-item post-27226 post type-post status-publish format-standard has-post-thumbnail hentry category-proximoseventos\">\n\t\t\t\t\t\t<div>\n\t\t\t\t\t\t\t<div class=\"post-article has-image-wrapper \">\n\t<div class=\"standard-post-format clearfix as-image \">\n\t\t\t<div class=\"thumbnail\">\n\t\t\t\t\t\t\t<a href=\"https:\/\/sanantonioalgeciras.com\/index.php\/2024\/01\/31\/ciclo-de-charlas-en-san-antonio-charla-1-mision-congregacion-de-la-adoratrices\/\" title=\"Ciclo de charlas en San Antonio. Charla 1: Misi\u00f3n congregaci\u00f3n de la adoratrices\">\n\t\t\t\t\t\t<img loading=\"lazy\" decoding=\"async\" width=\"262\" height=\"201\" src=\"https:\/\/sanantonioalgeciras.com\/wp-content\/uploads\/2024\/01\/Charla-Hermana-Milagros-262x201.jpg\" class=\"attachment-post-small-4 size-post-small-4 wp-post-image\" alt=\"\" srcset=\"https:\/\/sanantonioalgeciras.com\/wp-content\/uploads\/2024\/01\/Charla-Hermana-Milagros-262x201.jpg 262w, https:\/\/sanantonioalgeciras.com\/wp-content\/uploads\/2024\/01\/Charla-Hermana-Milagros-480x369.jpg 480w, https:\/\/sanantonioalgeciras.com\/wp-content\/uploads\/2024\/01\/Charla-Hermana-Milagros-555x426.jpg 555w, https:\/\/sanantonioalgeciras.com\/wp-content\/uploads\/2024\/01\/Charla-Hermana-Milagros-360x276.jpg 360w\" sizes=\"auto, (max-width: 262px) 100vw, 262px\" \/>\t\t\t\t\t<\/a>\n\t\t\t<\/div>\n\n\t<div class=\"post-content-wrapper\">\n\t\t\t<div class=\"post-actions-wrapper\">\n\t\t\t\t\n<div class=\"post-date\">\n\t\t\t<span class=\"top-part\">\n\t\t\t31\t\t<\/span>\n\t\t<span class=\"bottom-part\">\n\t\t\t01 '24\t\t<\/span>\n\t<\/div>\t\t\t\t\n<div class=\"post-actions\">\n\t\t\t\t\t\t<div class=\"comment-count\">\n\t\t\t\t<a href=\"https:\/\/sanantonioalgeciras.com\/index.php\/2024\/01\/31\/ciclo-de-charlas-en-san-antonio-charla-1-mision-congregacion-de-la-adoratrices\/#respond\">0 <span class=\"comment-word\">Comments<\/span><\/a>\t\t\t<\/div>\n\t\t\n\t\t\n\t\t\t<\/div>\t\t\t<\/div>\n\t\t\t<div class=\"post-right\">\n\t\t\t\t<div class=\"post-content-outer\">\n\t\t\t\t\t\t\t<header class=\"single\">\n\t\t\t<div class=\"content\">\n\t\t\t\t<h4>\n\t\t\t\t\t<a href=\"https:\/\/sanantonioalgeciras.com\/index.php\/2024\/01\/31\/ciclo-de-charlas-en-san-antonio-charla-1-mision-congregacion-de-la-adoratrices\/\" title=\"Ciclo de charlas en San Antonio. Charla 1: Misi\u00f3n congregaci\u00f3n de la adoratrices\" class=\"entry-title\">Ciclo de charlas en San Antonio. Charla 1: Misi\u00f3n congregaci\u00f3n de la adoratrices<\/a>\n\t\t\t\t<\/h4>\n\t\t\t<\/div>\n\t\t<\/header>\n\t<p>Comenzamos un ciclo de charlas en San Antonio. Abrimos este ciclo con la intervenci\u00f3n de&#8230;<\/p>\n\t\t\t\t<\/div>\n\t\t\t<\/div>\n\t<\/div>\n\t<\/div>\n<\/div>\n\t\t\t\t\t\t<\/div>\n\t\t\t\t\t<\/li>\n\t\t\t\t\t\t\t\t\t<li class=\"page-content post-head list-item post-27223 post type-post status-publish format-standard has-post-thumbnail hentry category-ultimasnoticias\">\n\t\t\t\t\t\t<div>\n\t\t\t\t\t\t\t<div class=\"post-article has-image-wrapper \">\n\t<div class=\"standard-post-format clearfix as-image \">\n\t\t\t<div class=\"thumbnail\">\n\t\t\t\t\t\t\t<a href=\"https:\/\/sanantonioalgeciras.com\/index.php\/2024\/01\/31\/palmas-domingo-de-ramos-2\/\" title=\"PALMAS, Domingo de Ramos\">\n\t\t\t\t\t\t<img loading=\"lazy\" decoding=\"async\" width=\"262\" height=\"201\" src=\"https:\/\/sanantonioalgeciras.com\/wp-content\/uploads\/2024\/01\/Domingo-de-ramos-262x201.jpg\" class=\"attachment-post-small-4 size-post-small-4 wp-post-image\" alt=\"\" srcset=\"https:\/\/sanantonioalgeciras.com\/wp-content\/uploads\/2024\/01\/Domingo-de-ramos-262x201.jpg 262w, https:\/\/sanantonioalgeciras.com\/wp-content\/uploads\/2024\/01\/Domingo-de-ramos-480x369.jpg 480w, https:\/\/sanantonioalgeciras.com\/wp-content\/uploads\/2024\/01\/Domingo-de-ramos-555x426.jpg 555w, https:\/\/sanantonioalgeciras.com\/wp-content\/uploads\/2024\/01\/Domingo-de-ramos-360x276.jpg 360w\" sizes=\"auto, (max-width: 262px) 100vw, 262px\" \/>\t\t\t\t\t<\/a>\n\t\t\t<\/div>\n\n\t<div class=\"post-content-wrapper\">\n\t\t\t<div class=\"post-actions-wrapper\">\n\t\t\t\t\n<div class=\"post-date\">\n\t\t\t<span class=\"top-part\">\n\t\t\t31\t\t<\/span>\n\t\t<span class=\"bottom-part\">\n\t\t\t01 '24\t\t<\/span>\n\t<\/div>\t\t\t\t\n<div class=\"post-actions\">\n\t\t\t\t\t\t<div class=\"comment-count\">\n\t\t\t\t<a href=\"https:\/\/sanantonioalgeciras.com\/index.php\/2024\/01\/31\/palmas-domingo-de-ramos-2\/#respond\">0 <span class=\"comment-word\">Comments<\/span><\/a>\t\t\t<\/div>\n\t\t\n\t\t\n\t\t\t<\/div>\t\t\t<\/div>\n\t\t\t<div class=\"post-right\">\n\t\t\t\t<div class=\"post-content-outer\">\n\t\t\t\t\t\t\t<header class=\"single\">\n\t\t\t<div class=\"content\">\n\t\t\t\t<h4>\n\t\t\t\t\t<a href=\"https:\/\/sanantonioalgeciras.com\/index.php\/2024\/01\/31\/palmas-domingo-de-ramos-2\/\" title=\"PALMAS, Domingo de Ramos\" class=\"entry-title\">PALMAS, Domingo de Ramos<\/a>\n\t\t\t\t<\/h4>\n\t\t\t<\/div>\n\t\t<\/header>\n\t<p>Es tradici\u00f3n que el domingo de ramos se bendigan palmas y ramos de olivos para,&#8230;<\/p>\n\t\t\t\t<\/div>\n\t\t\t<\/div>\n\t<\/div>\n\t<\/div>\n<\/div>\n\t\t\t\t\t\t<\/div>\n\t\t\t\t\t<\/li>\n\t\t\t\t\t\t\t\t\t<li class=\"page-content post-head list-item post-27219 post type-post status-publish format-standard has-post-thumbnail hentry category-proximoseventos\">\n\t\t\t\t\t\t<div>\n\t\t\t\t\t\t\t<div class=\"post-article has-image-wrapper \">\n\t<div class=\"standard-post-format clearfix as-image \">\n\t\t\t<div class=\"thumbnail\">\n\t\t\t\t\t\t\t<a href=\"https:\/\/sanantonioalgeciras.com\/index.php\/2024\/01\/24\/viaje-a-fatima\/\" title=\"Viaje a F\u00e1tima\">\n\t\t\t\t\t\t<img loading=\"lazy\" decoding=\"async\" width=\"262\" height=\"201\" src=\"https:\/\/sanantonioalgeciras.com\/wp-content\/uploads\/2024\/01\/Fatima-262x201.jpg\" class=\"attachment-post-small-4 size-post-small-4 wp-post-image\" alt=\"\" srcset=\"https:\/\/sanantonioalgeciras.com\/wp-content\/uploads\/2024\/01\/Fatima-262x201.jpg 262w, https:\/\/sanantonioalgeciras.com\/wp-content\/uploads\/2024\/01\/Fatima-480x369.jpg 480w, https:\/\/sanantonioalgeciras.com\/wp-content\/uploads\/2024\/01\/Fatima-555x426.jpg 555w, https:\/\/sanantonioalgeciras.com\/wp-content\/uploads\/2024\/01\/Fatima-360x276.jpg 360w\" sizes=\"auto, (max-width: 262px) 100vw, 262px\" \/>\t\t\t\t\t<\/a>\n\t\t\t<\/div>\n\n\t<div class=\"post-content-wrapper\">\n\t\t\t<div class=\"post-actions-wrapper\">\n\t\t\t\t\n<div class=\"post-date\">\n\t\t\t<span class=\"top-part\">\n\t\t\t24\t\t<\/span>\n\t\t<span class=\"bottom-part\">\n\t\t\t01 '24\t\t<\/span>\n\t<\/div>\t\t\t\t\n<div class=\"post-actions\">\n\t\t\t\t\t\t<div class=\"comment-count\">\n\t\t\t\t<a href=\"https:\/\/sanantonioalgeciras.com\/index.php\/2024\/01\/24\/viaje-a-fatima\/#respond\">0 <span class=\"comment-word\">Comments<\/span><\/a>\t\t\t<\/div>\n\t\t\n\t\t\n\t\t\t<\/div>\t\t\t<\/div>\n\t\t\t<div class=\"post-right\">\n\t\t\t\t<div class=\"post-content-outer\">\n\t\t\t\t\t\t\t<header class=\"single\">\n\t\t\t<div class=\"content\">\n\t\t\t\t<h4>\n\t\t\t\t\t<a href=\"https:\/\/sanantonioalgeciras.com\/index.php\/2024\/01\/24\/viaje-a-fatima\/\" title=\"Viaje a F\u00e1tima\" class=\"entry-title\">Viaje a F\u00e1tima<\/a>\n\t\t\t\t<\/h4>\n\t\t\t<\/div>\n\t\t<\/header>\n\t<p>\u00a1Ven con nosotros a F\u00e1tima! Es un lugar donde la fe, la historia y la&#8230;<\/p>\n\t\t\t\t<\/div>\n\t\t\t<\/div>\n\t<\/div>\n\t<\/div>\n<\/div>\n\t\t\t\t\t\t<\/div>\n\t\t\t\t\t<\/li>\n\t\t\t\t\t\t\t\t\t<li class=\"page-content post-head list-item post-27216 post type-post status-publish format-standard has-post-thumbnail hentry category-proximoseventos\">\n\t\t\t\t\t\t<div>\n\t\t\t\t\t\t\t<div class=\"post-article has-image-wrapper \">\n\t<div class=\"standard-post-format clearfix as-image \">\n\t\t\t<div class=\"thumbnail\">\n\t\t\t\t\t\t\t<a href=\"https:\/\/sanantonioalgeciras.com\/index.php\/2024\/01\/19\/seminario-de-vida-en-el-espiritu\/\" title=\"SEMINARIO DE VIDA EN EL ESP\u00cdRITU\">\n\t\t\t\t\t\t<img loading=\"lazy\" decoding=\"async\" width=\"262\" height=\"201\" src=\"https:\/\/sanantonioalgeciras.com\/wp-content\/uploads\/2024\/01\/Imagen-de-WhatsApp-2024-01-19-a-las-18.17.59_1fff19bd-262x201.jpg\" class=\"attachment-post-small-4 size-post-small-4 wp-post-image\" alt=\"\" srcset=\"https:\/\/sanantonioalgeciras.com\/wp-content\/uploads\/2024\/01\/Imagen-de-WhatsApp-2024-01-19-a-las-18.17.59_1fff19bd-262x201.jpg 262w, https:\/\/sanantonioalgeciras.com\/wp-content\/uploads\/2024\/01\/Imagen-de-WhatsApp-2024-01-19-a-las-18.17.59_1fff19bd-480x369.jpg 480w, https:\/\/sanantonioalgeciras.com\/wp-content\/uploads\/2024\/01\/Imagen-de-WhatsApp-2024-01-19-a-las-18.17.59_1fff19bd-555x426.jpg 555w, https:\/\/sanantonioalgeciras.com\/wp-content\/uploads\/2024\/01\/Imagen-de-WhatsApp-2024-01-19-a-las-18.17.59_1fff19bd-360x276.jpg 360w\" sizes=\"auto, (max-width: 262px) 100vw, 262px\" \/>\t\t\t\t\t<\/a>\n\t\t\t<\/div>\n\n\t<div class=\"post-content-wrapper\">\n\t\t\t<div class=\"post-actions-wrapper\">\n\t\t\t\t\n<div class=\"post-date\">\n\t\t\t<span class=\"top-part\">\n\t\t\t19\t\t<\/span>\n\t\t<span class=\"bottom-part\">\n\t\t\t01 '24\t\t<\/span>\n\t<\/div>\t\t\t\t\n<div class=\"post-actions\">\n\t\t\t\t\t\t<div class=\"comment-count\">\n\t\t\t\t<a href=\"https:\/\/sanantonioalgeciras.com\/index.php\/2024\/01\/19\/seminario-de-vida-en-el-espiritu\/#respond\">0 <span class=\"comment-word\">Comments<\/span><\/a>\t\t\t<\/div>\n\t\t\n\t\t\n\t\t\t<\/div>\t\t\t<\/div>\n\t\t\t<div class=\"post-right\">\n\t\t\t\t<div class=\"post-content-outer\">\n\t\t\t\t\t\t\t<header class=\"single\">\n\t\t\t<div class=\"content\">\n\t\t\t\t<h4>\n\t\t\t\t\t<a href=\"https:\/\/sanantonioalgeciras.com\/index.php\/2024\/01\/19\/seminario-de-vida-en-el-espiritu\/\" title=\"SEMINARIO DE VIDA EN EL ESP\u00cdRITU\" class=\"entry-title\">SEMINARIO DE VIDA EN EL ESP\u00cdRITU<\/a>\n\t\t\t\t<\/h4>\n\t\t\t<\/div>\n\t\t<\/header>\n\t<p>\u00bfTe has preguntado si ser\u00eda posible vivir PENTECOST\u00c9S todos los d\u00edas de tu vida? 26,&#8230;<\/p>\n\t\t\t\t<\/div>\n\t\t\t<\/div>\n\t<\/div>\n\t<\/div>\n<\/div>\n\t\t\t\t\t\t<\/div>\n\t\t\t\t\t<\/li>\n\t\t\t\t\t\t\t\t\t<li class=\"page-content post-head list-item post-27212 post type-post status-publish format-standard has-post-thumbnail hentry category-proximoseventos\">\n\t\t\t\t\t\t<div>\n\t\t\t\t\t\t\t<div class=\"post-article has-image-wrapper \">\n\t<div class=\"standard-post-format clearfix as-image \">\n\t\t\t<div class=\"thumbnail\">\n\t\t\t\t\t\t\t<a href=\"https:\/\/sanantonioalgeciras.com\/index.php\/2023\/12\/16\/calendario-navidad-2023\/\" title=\"CALENDARIO NAVIDAD 2023\">\n\t\t\t\t\t\t<img loading=\"lazy\" decoding=\"async\" width=\"262\" height=\"201\" src=\"https:\/\/sanantonioalgeciras.com\/wp-content\/uploads\/2023\/12\/Imagen-de-WhatsApp-2023-12-16-a-las-09.10.18_2c84f0b9-262x201.jpg\" class=\"attachment-post-small-4 size-post-small-4 wp-post-image\" alt=\"\" srcset=\"https:\/\/sanantonioalgeciras.com\/wp-content\/uploads\/2023\/12\/Imagen-de-WhatsApp-2023-12-16-a-las-09.10.18_2c84f0b9-262x201.jpg 262w, https:\/\/sanantonioalgeciras.com\/wp-content\/uploads\/2023\/12\/Imagen-de-WhatsApp-2023-12-16-a-las-09.10.18_2c84f0b9-480x369.jpg 480w, https:\/\/sanantonioalgeciras.com\/wp-content\/uploads\/2023\/12\/Imagen-de-WhatsApp-2023-12-16-a-las-09.10.18_2c84f0b9-555x426.jpg 555w, https:\/\/sanantonioalgeciras.com\/wp-content\/uploads\/2023\/12\/Imagen-de-WhatsApp-2023-12-16-a-las-09.10.18_2c84f0b9-360x276.jpg 360w\" sizes=\"auto, (max-width: 262px) 100vw, 262px\" \/>\t\t\t\t\t<\/a>\n\t\t\t<\/div>\n\n\t<div class=\"post-content-wrapper\">\n\t\t\t<div class=\"post-actions-wrapper\">\n\t\t\t\t\n<div class=\"post-date\">\n\t\t\t<span class=\"top-part\">\n\t\t\t16\t\t<\/span>\n\t\t<span class=\"bottom-part\">\n\t\t\t12 '23\t\t<\/span>\n\t<\/div>\t\t\t\t\n<div class=\"post-actions\">\n\t\t\t\t\t\t<div class=\"comment-count\">\n\t\t\t\t<a href=\"https:\/\/sanantonioalgeciras.com\/index.php\/2023\/12\/16\/calendario-navidad-2023\/#respond\">0 <span class=\"comment-word\">Comments<\/span><\/a>\t\t\t<\/div>\n\t\t\n\t\t\n\t\t\t<\/div>\t\t\t<\/div>\n\t\t\t<div class=\"post-right\">\n\t\t\t\t<div class=\"post-content-outer\">\n\t\t\t\t\t\t\t<header class=\"single\">\n\t\t\t<div class=\"content\">\n\t\t\t\t<h4>\n\t\t\t\t\t<a href=\"https:\/\/sanantonioalgeciras.com\/index.php\/2023\/12\/16\/calendario-navidad-2023\/\" title=\"CALENDARIO NAVIDAD 2023\" class=\"entry-title\">CALENDARIO NAVIDAD 2023<\/a>\n\t\t\t\t<\/h4>\n\t\t\t<\/div>\n\t\t<\/header>\n\t<p>Estimados feligreses. Os comparto el calendario de Navidad. Est\u00e1n indicadas las celebraciones m\u00e1s importantes. \u00a1FELIZ&#8230;<\/p>\n\t\t\t\t<\/div>\n\t\t\t<\/div>\n\t<\/div>\n\t<\/div>\n<\/div>\n\t\t\t\t\t\t<\/div>\n\t\t\t\t\t<\/li>\n\t\t\t\t\t\t\t\t\t<li class=\"page-content post-head list-item post-27209 post type-post status-publish format-standard has-post-thumbnail hentry category-ultimasnoticias\">\n\t\t\t\t\t\t<div>\n\t\t\t\t\t\t\t<div class=\"post-article has-image-wrapper \">\n\t<div class=\"standard-post-format clearfix as-image \">\n\t\t\t<div class=\"thumbnail\">\n\t\t\t\t\t\t\t<a href=\"https:\/\/sanantonioalgeciras.com\/index.php\/2023\/12\/16\/adviento-2023\/\" title=\"ADVIENTO 2023\">\n\t\t\t\t\t\t<img loading=\"lazy\" decoding=\"async\" width=\"262\" height=\"201\" src=\"https:\/\/sanantonioalgeciras.com\/wp-content\/uploads\/2023\/12\/Imagen-de-WhatsApp-2023-12-16-a-las-09.53.55_f868b4d7-262x201.jpg\" class=\"attachment-post-small-4 size-post-small-4 wp-post-image\" alt=\"\" srcset=\"https:\/\/sanantonioalgeciras.com\/wp-content\/uploads\/2023\/12\/Imagen-de-WhatsApp-2023-12-16-a-las-09.53.55_f868b4d7-262x201.jpg 262w, https:\/\/sanantonioalgeciras.com\/wp-content\/uploads\/2023\/12\/Imagen-de-WhatsApp-2023-12-16-a-las-09.53.55_f868b4d7-480x369.jpg 480w, https:\/\/sanantonioalgeciras.com\/wp-content\/uploads\/2023\/12\/Imagen-de-WhatsApp-2023-12-16-a-las-09.53.55_f868b4d7-555x426.jpg 555w, https:\/\/sanantonioalgeciras.com\/wp-content\/uploads\/2023\/12\/Imagen-de-WhatsApp-2023-12-16-a-las-09.53.55_f868b4d7-360x276.jpg 360w\" sizes=\"auto, (max-width: 262px) 100vw, 262px\" \/>\t\t\t\t\t<\/a>\n\t\t\t<\/div>\n\n\t<div class=\"post-content-wrapper\">\n\t\t\t<div class=\"post-actions-wrapper\">\n\t\t\t\t\n<div class=\"post-date\">\n\t\t\t<span class=\"top-part\">\n\t\t\t16\t\t<\/span>\n\t\t<span class=\"bottom-part\">\n\t\t\t12 '23\t\t<\/span>\n\t<\/div>\t\t\t\t\n<div class=\"post-actions\">\n\t\t\t\t\t\t<div class=\"comment-count\">\n\t\t\t\t<a href=\"https:\/\/sanantonioalgeciras.com\/index.php\/2023\/12\/16\/adviento-2023\/#respond\">0 <span class=\"comment-word\">Comments<\/span><\/a>\t\t\t<\/div>\n\t\t\n\t\t\n\t\t\t<\/div>\t\t\t<\/div>\n\t\t\t<div class=\"post-right\">\n\t\t\t\t<div class=\"post-content-outer\">\n\t\t\t\t\t\t\t<header class=\"single\">\n\t\t\t<div class=\"content\">\n\t\t\t\t<h4>\n\t\t\t\t\t<a href=\"https:\/\/sanantonioalgeciras.com\/index.php\/2023\/12\/16\/adviento-2023\/\" title=\"ADVIENTO 2023\" class=\"entry-title\">ADVIENTO 2023<\/a>\n\t\t\t\t<\/h4>\n\t\t\t<\/div>\n\t\t<\/header>\n\t<p>Dicen que la esperanza es lo \u00faltimo que se pierde. El tiempo de Adviento es&#8230;<\/p>\n\t\t\t\t<\/div>\n\t\t\t<\/div>\n\t<\/div>\n\t<\/div>\n<\/div>\n\t\t\t\t\t\t<\/div>\n\t\t\t\t\t<\/li>\n\t\t\t\t\t\t\t\t\t<li class=\"page-content post-head list-item post-27205 post type-post status-publish format-standard has-post-thumbnail hentry category-ultimasnoticias\">\n\t\t\t\t\t\t<div>\n\t\t\t\t\t\t\t<div class=\"post-article has-image-wrapper \">\n\t<div class=\"standard-post-format clearfix as-image \">\n\t\t\t<div class=\"thumbnail\">\n\t\t\t\t\t\t\t<a href=\"https:\/\/sanantonioalgeciras.com\/index.php\/2023\/11\/18\/articulo-padre-paco-en-revista-nazaret\/\" title=\"Art\u00edculo Padre Paco en revista Nazaret\">\n\t\t\t\t\t\t<img loading=\"lazy\" decoding=\"async\" width=\"262\" height=\"201\" src=\"https:\/\/sanantonioalgeciras.com\/wp-content\/uploads\/2023\/11\/Padre-Paco-2-262x201.jpg\" class=\"attachment-post-small-4 size-post-small-4 wp-post-image\" alt=\"\" srcset=\"https:\/\/sanantonioalgeciras.com\/wp-content\/uploads\/2023\/11\/Padre-Paco-2-262x201.jpg 262w, https:\/\/sanantonioalgeciras.com\/wp-content\/uploads\/2023\/11\/Padre-Paco-2-480x369.jpg 480w, https:\/\/sanantonioalgeciras.com\/wp-content\/uploads\/2023\/11\/Padre-Paco-2-555x426.jpg 555w, https:\/\/sanantonioalgeciras.com\/wp-content\/uploads\/2023\/11\/Padre-Paco-2-360x276.jpg 360w\" sizes=\"auto, (max-width: 262px) 100vw, 262px\" \/>\t\t\t\t\t<\/a>\n\t\t\t<\/div>\n\n\t<div class=\"post-content-wrapper\">\n\t\t\t<div class=\"post-actions-wrapper\">\n\t\t\t\t\n<div class=\"post-date\">\n\t\t\t<span class=\"top-part\">\n\t\t\t18\t\t<\/span>\n\t\t<span class=\"bottom-part\">\n\t\t\t11 '23\t\t<\/span>\n\t<\/div>\t\t\t\t\n<div class=\"post-actions\">\n\t\t\t\t\t\t<div class=\"comment-count\">\n\t\t\t\t<a href=\"https:\/\/sanantonioalgeciras.com\/index.php\/2023\/11\/18\/articulo-padre-paco-en-revista-nazaret\/#respond\">0 <span class=\"comment-word\">Comments<\/span><\/a>\t\t\t<\/div>\n\t\t\n\t\t\n\t\t\t<\/div>\t\t\t<\/div>\n\t\t\t<div class=\"post-right\">\n\t\t\t\t<div class=\"post-content-outer\">\n\t\t\t\t\t\t\t<header class=\"single\">\n\t\t\t<div class=\"content\">\n\t\t\t\t<h4>\n\t\t\t\t\t<a href=\"https:\/\/sanantonioalgeciras.com\/index.php\/2023\/11\/18\/articulo-padre-paco-en-revista-nazaret\/\" title=\"Art\u00edculo Padre Paco en revista Nazaret\" class=\"entry-title\">Art\u00edculo Padre Paco en revista Nazaret<\/a>\n\t\t\t\t<\/h4>\n\t\t\t<\/div>\n\t\t<\/header>\n\t<p>Durante el tiempo del Seminario, hac\u00edamos una Revista que llevaba por nombre Nazaret. Sus comienzos&#8230;<\/p>\n\t\t\t\t<\/div>\n\t\t\t<\/div>\n\t<\/div>\n\t<\/div>\n<\/div>\n\t\t\t\t\t\t<\/div>\n\t\t\t\t\t<\/li>\n\t\t\t\t\t\t<\/ul>\n\t<\/div>\n<\/div>\n\n<\/div><\/div><\/div><\/div>\n<div class=\"push\" style='height:30px'><\/div>\n<div class=\"row \"><div class=\"wpv-grid grid-1-1  wpv-first-level first has-background extended\" style=\"\n\t\t\t\tbackground: url('https:\/\/sanantonioalgeciras.com\/wp-content\/themes\/churchtheme\/samples\/images\/bg_photo2.jpg') no-repeat center top;\n\t\t\t\tbackground-size: auto;\n\t\t\t\tbackground-attachment: scroll;\n\t\t\tbackground-color:#efefef;padding-top:20px;padding-bottom:10px\" id=\"section-testimonials\" ><div class=\"extended-column-inner\"><style>#section-testimonials p,#section-testimonials em,#section-testimonials .column-title,#section-testimonials .sep-text h2.regular-title-wrapper,#section-testimonials .text-divider-double,#section-testimonials .sep-text .sep-text-line,#section-testimonials .sep,#section-testimonials .sep-2,#section-testimonials .sep-3{color:#707070;}#section-testimonials:before{background-color:transparent;}<\/style><div class=\"row \"><div class=\"wpv-grid grid-1-1  first unextended\" style=\"padding-top:0px;padding-bottom:0px\" id=\"wpv-column-df0949b7d39992d7acde8a7498522a7d\" >\t<div class=\"bxslider-wrapper\">\n\t\t<ul class=\"bxslider-container\" id=\"4e05314cc560d6ee3213a85c1c5aad5f\">\n\t\t\t\t\t\t\t<li>\n\t\t\t\t\t\t\t\t\t\t\t<blockquote class='clearfix small simple'><div class=\"quote-thumbnail\"><img loading=\"lazy\" decoding=\"async\" width=\"150\" height=\"150\" src=\"https:\/\/sanantonioalgeciras.com\/wp-content\/uploads\/2013\/04\/large-150x150.jpg\" class=\"attachment-thumbnail size-thumbnail wp-post-image\" alt=\"\" srcset=\"https:\/\/sanantonioalgeciras.com\/wp-content\/uploads\/2013\/04\/large-150x150.jpg 150w, https:\/\/sanantonioalgeciras.com\/wp-content\/uploads\/2013\/04\/large-60x60.jpg 60w, https:\/\/sanantonioalgeciras.com\/wp-content\/uploads\/2013\/04\/large-43x43.jpg 43w, https:\/\/sanantonioalgeciras.com\/wp-content\/uploads\/2013\/04\/large-106x106.jpg 106w\" sizes=\"auto, (max-width: 150px) 100vw, 150px\" \/><strong class='quote-title'><span class='the-title'>Rodney Stratton<\/span><\/strong><\/div><div class='quote-text'><div class=\"quote-content\"><h1 style=\"font-size: 64px; font-weight: 800;\" class=\"accent-1\">GOD<br \/>\nIS IN NATURE,<br \/>\nLOVE IT!<\/h1>\n<em>\"Claritas est etiam processus dynamicus, qui sequitur mutationem consuetudium lectorum. Claritas est etiam processus dynamicus, qui sequitur mutationem consuetudium lectorum.\"<\/em><\/div><\/div><\/blockquote>\t\t\t\t\t\t\t\t\t<\/li>\n\t\t\t\t\t\t\t<li>\n\t\t\t\t\t\t\t\t\t\t\t<blockquote class='clearfix small simple'><div class=\"quote-thumbnail\"><img loading=\"lazy\" decoding=\"async\" width=\"150\" height=\"150\" src=\"https:\/\/sanantonioalgeciras.com\/wp-content\/uploads\/2013\/04\/large-150x150.jpg\" class=\"attachment-thumbnail size-thumbnail wp-post-image\" alt=\"\" srcset=\"https:\/\/sanantonioalgeciras.com\/wp-content\/uploads\/2013\/04\/large-150x150.jpg 150w, https:\/\/sanantonioalgeciras.com\/wp-content\/uploads\/2013\/04\/large-60x60.jpg 60w, https:\/\/sanantonioalgeciras.com\/wp-content\/uploads\/2013\/04\/large-43x43.jpg 43w, https:\/\/sanantonioalgeciras.com\/wp-content\/uploads\/2013\/04\/large-106x106.jpg 106w\" sizes=\"auto, (max-width: 150px) 100vw, 150px\" \/><strong class='quote-title'><span class='the-title'>Robert H. Schuller<\/span><\/strong><\/div><div class='quote-text'><div class=\"quote-content\"><h1 style=\"font-size: 64px; font-weight: 800;\" class=\"accent-1\">WE ALL <br \/>KNOW THAT A CHURCH <br \/>IS NOT A BUILDING.\n\n<\/h1>\n<em>\"Claritas est etiam processus dynamicus, qui sequitur mutationem consuetudium lectorum. Claritas est etiam processus dynamicus, qui sequitur mutationem consuetudium lectorum.\"<\/em><\/div><\/div><\/blockquote>\t\t\t\t\t\t\t\t\t<\/li>\n\t\t\t\t\t\t\t<li>\n\t\t\t\t\t\t\t\t\t\t\t<blockquote class='clearfix small simple'><div class=\"quote-thumbnail\"><img loading=\"lazy\" decoding=\"async\" width=\"150\" height=\"150\" src=\"https:\/\/sanantonioalgeciras.com\/wp-content\/uploads\/2013\/04\/large-150x150.jpg\" class=\"attachment-thumbnail size-thumbnail wp-post-image\" alt=\"\" srcset=\"https:\/\/sanantonioalgeciras.com\/wp-content\/uploads\/2013\/04\/large-150x150.jpg 150w, https:\/\/sanantonioalgeciras.com\/wp-content\/uploads\/2013\/04\/large-60x60.jpg 60w, https:\/\/sanantonioalgeciras.com\/wp-content\/uploads\/2013\/04\/large-43x43.jpg 43w, https:\/\/sanantonioalgeciras.com\/wp-content\/uploads\/2013\/04\/large-106x106.jpg 106w\" sizes=\"auto, (max-width: 150px) 100vw, 150px\" \/><strong class='quote-title'><span class='the-title'>Thomas Paine<\/span><\/strong><\/div><div class='quote-text'><div class=\"quote-content\"><h1 style=\"font-size: 64px; font-weight: 800;\" class=\"accent-1\">MY <br \/>\n MIND IS MY <br \/>OWN CHURCH.<\/h1>\n<em>\"Claritas est etiam processus dynamicus, qui sequitur mutationem consuetudium lectorum. Claritas est etiam processus dynamicus, qui sequitur mutationem consuetudium lectorum.\"<\/em><\/div><\/div><\/blockquote>\t\t\t\t\t\t\t\t\t<\/li>\n\t\t\t\t\t<\/ul>\n\t\t<script>\n\t\t\tjQuery(function($) {\n\t\t\t\tvar el = $('#4e05314cc560d6ee3213a85c1c5aad5f');\n\t\t\t\tel.data('bxslider', el.bxSlider({\n\t\t\t\t\tpager: true,\n\t\t\t\t\tcontrols: false,\n\t\t\t\t\tauto: false,\n\t\t\t\t\tadaptiveHeight: true,\n\t\t\t\t\tpause: 7000,\n\t\t\t\t\tautoHover: true,\n\t\t\t\t\tadaptiveHeight: false\t\t\t\t}));\n\t\t\t});\n\t\t<\/script>\n\t<\/div>\n\n<\/div><\/div>\n<div class=\"push\" style='height:30px'><\/div>\n<div class=\"row \"><div class=\"wpv-grid grid-1-1  first unextended\" style=\"padding-top:0px;padding-bottom:0px\" id=\"wpv-column-27eeecfdd4b95548411e7ccecc6b46b4\" ><p style=\"text-align: center;\"><a class=\"wpv-scroll-to-top\" href=\"#\">Top \u2191<\/a> | <a href=\"#\">View All Quotes \u2192<\/a><\/div><\/div><\/div><\/div><\/div>\n<div class=\"row \"><div class=\"wpv-grid grid-1-1  wpv-first-level first has-background extended\" style=\"background-color:#fffbe0;padding-top:30px;padding-bottom:30px\" id=\"section-give\" ><div class=\"extended-column-inner\"><style>#section-give p,#section-give em,#section-give .column-title,#section-give .sep-text h2.regular-title-wrapper,#section-give .text-divider-double,#section-give .sep-text .sep-text-line,#section-give .sep,#section-give .sep-2,#section-give .sep-3{color:#e0c300;}#section-give:before{background-color:transparent;}<\/style><div class=\"row \"><div class=\"wpv-grid grid-4-5  first unextended animation-zoom-in animated-active\" style=\"padding-top:0px;padding-bottom:0px\" id=\"wpv-column-b020895be07e0e4a97a0717d83b1d6cf\" ><h3 style=\"text-align: center;\">\u201cI will not offer to the Lord my God sacrifices that have cost me nothing.\u201d<\/h3>\n<h5 style=\"text-align: center;\">\u2014 2 Samuel 24:24<\/h5><\/div>\n<div class=\"wpv-grid grid-1-6  unextended\" style=\"padding-top:0px;padding-bottom:0px\" id=\"wpv-column-22a7b6ceee7cd7872a48ea6fa08e90ae\" ><div class=\"push\" style='height:20px'><\/div><a href=\"\/donations\"><img decoding=\"async\" src=\"https:\/\/www.paypalobjects.com\/en_US\/i\/btn\/btn_donate_LG.gif\" alt=\"\" \/> <\/a><\/div><\/div><\/div><\/div><\/div>\n","protected":false},"excerpt":{"rendered":"<p>MY MIND IS MY OWN CHURCH. \u00abClaritas est etiam processus dynamicus, qui sequitur mutationem consuetudium lectorum. Claritas est etiam processus dynamicus, qui sequitur mutationem consuetudium lectorum.\u00bb<\/p>\n","protected":false},"author":1,"featured_media":0,"parent":0,"menu_order":0,"comment_status":"closed","ping_status":"closed","template":"onepage.php","meta":{"footnotes":""},"class_list":["post-7030","page","type-page","status-publish","hentry"],"_links":{"self":[{"href":"https:\/\/sanantonioalgeciras.com\/index.php\/wp-json\/wp\/v2\/pages\/7030","targetHints":{"allow":["GET"]}}],"collection":[{"href":"https:\/\/sanantonioalgeciras.com\/index.php\/wp-json\/wp\/v2\/pages"}],"about":[{"href":"https:\/\/sanantonioalgeciras.com\/index.php\/wp-json\/wp\/v2\/types\/page"}],"author":[{"embeddable":true,"href":"https:\/\/sanantonioalgeciras.com\/index.php\/wp-json\/wp\/v2\/users\/1"}],"replies":[{"embeddable":true,"href":"https:\/\/sanantonioalgeciras.com\/index.php\/wp-json\/wp\/v2\/comments?post=7030"}],"version-history":[{"count":0,"href":"https:\/\/sanantonioalgeciras.com\/index.php\/wp-json\/wp\/v2\/pages\/7030\/revisions"}],"wp:attachment":[{"href":"https:\/\/sanantonioalgeciras.com\/index.php\/wp-json\/wp\/v2\/media?parent=7030"}],"curies":[{"name":"wp","href":"https:\/\/api.w.org\/{rel}","templated":true}]}}