{"id":7342,"date":"2014-04-10T21:22:24","date_gmt":"2014-04-10T21:22:24","guid":{"rendered":"https:\/\/church-event.vamtam.com\/?page_id=7342"},"modified":"2014-04-10T21:22:24","modified_gmt":"2014-04-10T21:22:24","slug":"home-new","status":"publish","type":"page","link":"https:\/\/sanantonioalgeciras.com\/index.php\/home-new\/","title":{"rendered":"Home &#8211; new"},"content":{"rendered":"<div class=\"row \"><div class=\"wpv-grid grid-1-1 move-into-slider wpv-first-level first has-background unextended\" style=\"background-color:#fff;padding-top:30px;padding-bottom:20px\" id=\"wpv-column-41d4888712417be2cf78484f2e4da98c\" ><style>#wpv-column-41d4888712417be2cf78484f2e4da98c p,#wpv-column-41d4888712417be2cf78484f2e4da98c em,#wpv-column-41d4888712417be2cf78484f2e4da98c .column-title,#wpv-column-41d4888712417be2cf78484f2e4da98c .sep-text h2.regular-title-wrapper,#wpv-column-41d4888712417be2cf78484f2e4da98c .text-divider-double,#wpv-column-41d4888712417be2cf78484f2e4da98c .sep-text .sep-text-line,#wpv-column-41d4888712417be2cf78484f2e4da98c .sep,#wpv-column-41d4888712417be2cf78484f2e4da98c .sep-2,#wpv-column-41d4888712417be2cf78484f2e4da98c .sep-3{color:#808080;}#wpv-column-41d4888712417be2cf78484f2e4da98c:before{background-color:transparent;}<\/style><div class=\"row \"><div class=\"wpv-grid grid-1-4  first unextended\" style=\"padding-top:0px;padding-bottom:0px\" id=\"wpv-column-514f14274e5c1187815a433275c552de\" ><h4 style=\"text-align: right;\">Next big event in:<\/h4><\/div>\n<div class=\"wpv-grid grid-2-3  unextended\" style=\"padding-top:0px;padding-bottom:0px\" id=\"wpv-column-1f7e4b3e7d5ffcbc8d53b301a4b963bd\" ><\/div><\/div><\/div><\/div>\n<div class=\"row \"><div class=\"wpv-grid grid-1-1  wpv-first-level first extended animation-fade-in animated-active\" style=\"padding-top:0px;padding-bottom:50px\" id=\"wpv-column-753754c6dce94812f89df6e64366d04e\" ><div class=\"extended-column-inner\">\t\t<div class=\"sep-text single centered\">\n\t\t\t\t\t\t\t<span class=\"sep-text-before\"><div class=\"sep-text-line\"><\/div><\/span>\n\t\t\t\t\t\t<div class=\"content\">\n\t\t\t\t<h2 class=\"text-divider-double\">Who are we?<\/h2>\t\t\t<\/div>\n\t\t\t<span class=\"sep-text-after\"><div class=\"sep-text-line\"><\/div><\/span>\n\t\t\t\t\t<\/div>\n\t<div class=\"row \"><div class=\"wpv-grid grid-1-4  first unextended animation-from-left animated-active\" style=\"padding-top:0px;padding-bottom:0px\" id=\"wpv-column-6fb9e11843788047f8de05d3d1c5f253\" ><div class=\"services clearfix fullimage has-image has-icon has-button \" style=\"text-align:center;\">\n\t<div class=\"services-inside\">\n\t\t\t\t\t\t\t\t\t<div class=\"thumbnail\">\n\t\t\t\t\t\t\t\t\t\t\t<a href=\"#\" title=\"Learn who we are?\" class=\"has-border\">\n\t\t\t\t\t\t\t\t\t\t\t\t\t\t\t\t\t\t<img decoding=\"async\" src=\"https:\/\/church-event.vamtam.com\/wp-content\/uploads\/2013\/03\/about_1.jpg\" alt=\"\" \/>\t\t\t\t\t\t\t\t\t\t\t\t\t\t\t\t\t<\/a>\n\t\t\t\t\t\t\t\t\t<\/div>\n\t\t\t\t\t\t\t\t\t\t<h4 class=\"services-title\">\n\t\t\t\t\t\t\t\t\t<a href=\"#\" title=\"Learn who we are?\">Learn who we are?<\/a>\n\t\t\t\t\t\t\t<\/h4>\n\t\t\t\t\t\t\t<div class=\"services-content\">\nClaritas est etiam processus dynamicus, qui sequitur mutationem consuetudium lectorum.<br \/>\n<img loading=\"lazy\" decoding=\"async\" class=\"size-full wp-image-6905 aligncenter\" src=\"https:\/\/sanantonioalgeciras.com\/wp-content\/themes\/churchtheme\/samples\/images\/ornament1.png\" alt=\"ornament1\" width=\"50\" height=\"30\" \/><\/div>\n\t\t\t\t\t<\/div>\n<\/div>\n<\/div>\n<div class=\"wpv-grid grid-1-4  unextended animation-from-left animated-active\" style=\"padding-top:0px;padding-bottom:0px\" id=\"wpv-column-beda362cc4e1c080bd153d07d392ea56\" ><div class=\"services clearfix fullimage has-image has-icon has-button \" style=\"text-align:center;\">\n\t<div class=\"services-inside\">\n\t\t\t\t\t\t\t\t\t<div class=\"thumbnail\">\n\t\t\t\t\t\t\t\t\t\t\t<a href=\"#\" title=\"Our moto\" class=\"has-border\">\n\t\t\t\t\t\t\t\t\t\t\t\t\t\t\t\t\t\t<img decoding=\"async\" src=\"https:\/\/church-event.vamtam.com\/wp-content\/uploads\/2013\/03\/about_3.jpg\" alt=\"\" \/>\t\t\t\t\t\t\t\t\t\t\t\t\t\t\t\t\t<\/a>\n\t\t\t\t\t\t\t\t\t<\/div>\n\t\t\t\t\t\t\t\t\t\t<h4 class=\"services-title\">\n\t\t\t\t\t\t\t\t\t<a href=\"#\" title=\"Our moto\">Our moto<\/a>\n\t\t\t\t\t\t\t<\/h4>\n\t\t\t\t\t\t\t<div class=\"services-content\">\nClaritas est etiam processus dynamicus, qui sequitur mutationem consuetudium lectorum.<br \/>\n<img loading=\"lazy\" decoding=\"async\" class=\"aligncenter\" src=\"https:\/\/sanantonioalgeciras.com\/wp-content\/themes\/churchtheme\/samples\/images\/ornament1.png\" alt=\"ornament1\" width=\"50\" height=\"30\" \/><\/div>\n\t\t\t\t\t<\/div>\n<\/div>\n<\/div>\n<div class=\"wpv-grid grid-1-4  unextended animation-from-right animated-active\" style=\"padding-top:0px;padding-bottom:0px\" id=\"wpv-column-cc03043cb4efb34c026d2a9db1b1bf50\" ><div class=\"services clearfix fullimage has-image has-icon has-button \" style=\"text-align:center;\">\n\t<div class=\"services-inside\">\n\t\t\t\t\t\t\t\t\t<div class=\"thumbnail\">\n\t\t\t\t\t\t\t\t\t\t\t<a href=\"#\" title=\"Our history\" class=\"has-border\">\n\t\t\t\t\t\t\t\t\t\t\t\t\t\t\t\t\t\t<img decoding=\"async\" src=\"https:\/\/church-event.vamtam.com\/wp-content\/uploads\/2013\/03\/about_2.jpg\" alt=\"\" \/>\t\t\t\t\t\t\t\t\t\t\t\t\t\t\t\t\t<\/a>\n\t\t\t\t\t\t\t\t\t<\/div>\n\t\t\t\t\t\t\t\t\t\t<h4 class=\"services-title\">\n\t\t\t\t\t\t\t\t\t<a href=\"#\" title=\"Our history\">Our history<\/a>\n\t\t\t\t\t\t\t<\/h4>\n\t\t\t\t\t\t\t<div class=\"services-content\">\nClaritas est etiam processus dynamicus, qui sequitur mutationem consuetudium lectorum.<br \/>\n<img loading=\"lazy\" decoding=\"async\" class=\"aligncenter\" src=\"https:\/\/sanantonioalgeciras.com\/wp-content\/themes\/churchtheme\/samples\/images\/ornament1.png\" alt=\"ornament1\" width=\"50\" height=\"30\" \/><\/div>\n\t\t\t\t\t<\/div>\n<\/div>\n<\/div>\n<div class=\"wpv-grid grid-1-4  unextended animation-from-right animated-active\" style=\"padding-top:0px;padding-bottom:0px\" id=\"wpv-column-9ca62c4dad6ca7667d807d54b37539d9\" ><div class=\"services clearfix fullimage has-image has-icon has-button \" style=\"text-align:center;\">\n\t<div class=\"services-inside\">\n\t\t\t\t\t\t\t\t\t<div class=\"thumbnail\">\n\t\t\t\t\t\t\t\t\t\t\t<a href=\"#\" title=\"What we do?\" class=\"has-border\">\n\t\t\t\t\t\t\t\t\t\t\t\t\t\t\t\t\t\t<img decoding=\"async\" src=\"https:\/\/church-event.vamtam.com\/wp-content\/uploads\/2013\/03\/about_4.jpg\" alt=\"\" \/>\t\t\t\t\t\t\t\t\t\t\t\t\t\t\t\t\t<\/a>\n\t\t\t\t\t\t\t\t\t<\/div>\n\t\t\t\t\t\t\t\t\t\t<h4 class=\"services-title\">\n\t\t\t\t\t\t\t\t\t<a href=\"#\" title=\"What we do?\">What we do?<\/a>\n\t\t\t\t\t\t\t<\/h4>\n\t\t\t\t\t\t\t<div class=\"services-content\">\nClaritas est etiam processus dynamicus, qui sequitur mutationem consuetudium lectorum.<br \/>\n<img loading=\"lazy\" decoding=\"async\" class=\"aligncenter\" src=\"https:\/\/sanantonioalgeciras.com\/wp-content\/themes\/churchtheme\/samples\/images\/ornament1.png\" alt=\"ornament1\" width=\"50\" height=\"30\" \/><\/div>\n\t\t\t\t\t<\/div>\n<\/div>\n<\/div><\/div><\/div><\/div><\/div>\n<div class=\"row \"><div class=\"wpv-grid grid-1-1  wpv-first-level parallax-bg first has-background extended\" style=\"\n\t\t\t\tbackground: url('https:\/\/church-event.vamtam.com\/wp-content\/uploads\/2014\/04\/slider_shop_bg_big2.jpg') no-repeat center top;\n\t\t\t\tbackground-size: auto;\n\t\t\t\tbackground-attachment: fixed;\n\t\t\tpadding-top:60px;padding-bottom:60px\" id=\"wpv-column-2332bf84ea6dae1e9f67af47fa25ffcb\"  data-parallax-method=\"to-centre\" data-parallax-inertia=\"-0.2\"><div class=\"extended-column-inner\">\t\t<div class=\"sep-text single centered\">\n\t\t\t\t\t\t\t<span class=\"sep-text-before\"><div class=\"sep-text-line\"><\/div><\/span>\n\t\t\t\t\t\t<div class=\"content\">\n\t\t\t\t<h2 class=\"text-divider-double\">\nLatest sermon<\/h2>\t\t\t<\/div>\n\t\t\t<span class=\"sep-text-after\"><div class=\"sep-text-line\"><\/div><\/span>\n\t\t\t\t\t<\/div>\n\t\n<div class=\"row \"><div class=\"wpv-grid grid-1-1  first unextended\" style=\"padding-top:0px;padding-bottom:0px\" id=\"wpv-column-18a2c5baf24bdfb2c48ea9f61c45091d\" ><p> <\/div><\/div>\n<div class=\"sep\"><\/div><\/div><\/div><\/div>\n<div class=\"row \"><div class=\"wpv-grid grid-1-1  wpv-first-level parallax-bg first has-background extended\" style=\"\n\t\t\t\tbackground: url('https:\/\/church-event.vamtam.com\/wp-content\/uploads\/2013\/03\/bg_photo11.jpg') no-repeat center top;\n\t\t\t\tbackground-size: cover;\n\t\t\t\tbackground-attachment: fixed;\n\t\t\tbackground-color:#333333;padding-top:30px;padding-bottom:30px\" id=\"wpv-column-b2efdeb5208a0b25772f0b39623f9056\"  data-parallax-method=\"fixed\" data-parallax-inertia=\"-0.2\"><div class=\"extended-column-inner\"><style>#wpv-column-b2efdeb5208a0b25772f0b39623f9056 p,#wpv-column-b2efdeb5208a0b25772f0b39623f9056 em,#wpv-column-b2efdeb5208a0b25772f0b39623f9056 .column-title,#wpv-column-b2efdeb5208a0b25772f0b39623f9056 .sep-text h2.regular-title-wrapper,#wpv-column-b2efdeb5208a0b25772f0b39623f9056 .text-divider-double,#wpv-column-b2efdeb5208a0b25772f0b39623f9056 .sep-text .sep-text-line,#wpv-column-b2efdeb5208a0b25772f0b39623f9056 .sep,#wpv-column-b2efdeb5208a0b25772f0b39623f9056 .sep-2,#wpv-column-b2efdeb5208a0b25772f0b39623f9056 .sep-3{color:#b3b3b3;}#wpv-column-b2efdeb5208a0b25772f0b39623f9056:before{background-color:transparent;}<\/style>\t\t<div class=\"sep-text single centered\">\n\t\t\t\t\t\t\t<span class=\"sep-text-before\"><div class=\"sep-text-line\"><\/div><\/span>\n\t\t\t\t\t\t<div class=\"content\">\n\t\t\t\t<h2 class=\"text-divider-double\">Upcoming Events<\/h2>\t\t\t<\/div>\n\t\t\t<span class=\"sep-text-after\"><div class=\"sep-text-line\"><\/div><\/span>\n\t\t\t\t\t<\/div>\n\t<div class=\"row \"><div class=\"wpv-grid grid-1-1  first unextended\" style=\"padding-top:0px;padding-bottom:0px\" id=\"wpv-column-db93c6879c5bac479b538003fd08bd40\" ><\/div><\/div>\n<div class=\"row \"><div class=\"wpv-grid grid-1-1  first unextended animation-zoom-in animated-active\" style=\"padding-top:0px;padding-bottom:0px\" id=\"wpv-column-6f9b2da257a6941c932d7ecfeaad2010\" ><div class=\"push\" style='height:30px'><\/div>\n<p style=\"text-align: center;\"><a class=\"wpv-scroll-to-top\" href=\"#\">Top \u2191<\/a> | <a href=\"\/events\/\">View Full Calendar \u2192<\/a><\/div><\/div><\/div><\/div><\/div>\n<div class=\"push\" style='height:30px'><\/div>\n<div class=\"row \"><div class=\"wpv-grid grid-1-1  wpv-first-level first unextended animation-fade-in animated-active\" style=\"padding-top:0px;padding-bottom:0px\" id=\"wpv-column-3efe736e2273f827e2a301f616c9943b\" ><p><img loading=\"lazy\" decoding=\"async\" class=\"aligncenter size-full wp-image-7348\" src=\"https:\/\/church-event.vamtam.com\/wp-content\/uploads\/2014\/04\/element10.png\" alt=\"element10\" width=\"40\" height=\"52\" \/><\/p>\n<h2 style=\"text-align: center;\">\u201cEvery mountain top is within reach if you just keep climbing.\u201d<\/h2>\n<p style=\"text-align: center;\">Duis autem vel eum iriure dolor in hendrerit in vulputate velit esse molestie consequat, vel illum dolore eu feugiat nulla facilisis at vero eros et accumsan<br \/>\net iusto odio dignissim qui blandit praesent luptatum zzril delenit augue duis dolore te feugait nulla facilisi.<\/p>\n<p style=\"text-align: center;\"><a href=\"#\">\u2014 Richard James Molloy<\/a><\/div><\/div>\n<div class=\"push\" style='height:40px'><\/div>\n<div class=\"row \"><div class=\"wpv-grid grid-1-1  wpv-first-level first unextended\" style=\"padding-top:0px;padding-bottom:0px\" id=\"wpv-column-31c74604c99f161c6325ea7ade72dcf7\" >\t\t<div class=\"sep-text single centered\">\n\t\t\t\t\t\t\t<span class=\"sep-text-before\"><div class=\"sep-text-line\"><\/div><\/span>\n\t\t\t\t\t\t<div class=\"content\">\n\t\t\t\t<h2 class=\"text-divider-double\">What's new?<\/h2>\t\t\t<\/div>\n\t\t\t<span class=\"sep-text-after\"><div class=\"sep-text-line\"><\/div><\/span>\n\t\t\t\t\t<\/div>\n\t<div class=\"scrollable-wrapper\">\n\t<div class=\"loop-wrapper clearfix news scroll-x\">\n\t\t<ul class=\"clearfix\" data-columns=\"4\">\n\t\t\t\t\t\t\t\t<li class=\"page-content post-head list-item post-27289 post type-post status-publish format-standard has-post-thumbnail hentry category-proximoseventos\">\n\t\t\t\t\t\t<div>\n\t\t\t\t\t\t\t<div class=\"post-article has-image-wrapper \">\n\t<div class=\"standard-post-format clearfix as-image \">\n\t\t\t<div class=\"thumbnail\">\n\t\t\t\t\t\t\t<a href=\"https:\/\/sanantonioalgeciras.com\/index.php\/2025\/03\/17\/de-enfermera-abortista-a-misionera-pro-vida\/\" title=\"DE ENFERMERA ABORTISTA A MISIONERA PRO VIDA\">\n\t\t\t\t\t\t<img loading=\"lazy\" decoding=\"async\" width=\"142\" height=\"201\" src=\"https:\/\/sanantonioalgeciras.com\/wp-content\/uploads\/2025\/03\/charla-san-antonio-pdf.jpg\" class=\"attachment-post-small-4 size-post-small-4 wp-post-image\" alt=\"\" \/>\t\t\t\t\t<\/a>\n\t\t\t<\/div>\n\n\t<div class=\"post-content-wrapper\">\n\t\t\t<div class=\"post-actions-wrapper\">\n\t\t\t\t\n<div class=\"post-date\">\n\t\t\t<span class=\"top-part\">\n\t\t\t17\t\t<\/span>\n\t\t<span class=\"bottom-part\">\n\t\t\t03 '25\t\t<\/span>\n\t<\/div>\t\t\t\t\n<div class=\"post-actions\">\n\t\t\t\t\t\t<div class=\"comment-count\">\n\t\t\t\t<a href=\"https:\/\/sanantonioalgeciras.com\/index.php\/2025\/03\/17\/de-enfermera-abortista-a-misionera-pro-vida\/#respond\">0 <span class=\"comment-word\">Comments<\/span><\/a>\t\t\t<\/div>\n\t\t\n\t\t\n\t\t\t<\/div>\t\t\t<\/div>\n\t\t\t<div class=\"post-right\">\n\t\t\t\t<div class=\"post-content-outer\">\n\t\t\t\t\t\t\t<header class=\"single\">\n\t\t\t<div class=\"content\">\n\t\t\t\t<h4>\n\t\t\t\t\t<a href=\"https:\/\/sanantonioalgeciras.com\/index.php\/2025\/03\/17\/de-enfermera-abortista-a-misionera-pro-vida\/\" title=\"DE ENFERMERA ABORTISTA A MISIONERA PRO VIDA\" class=\"entry-title\">DE ENFERMERA ABORTISTA A MISIONERA PRO VIDA<\/a>\n\t\t\t\t<\/h4>\n\t\t\t<\/div>\n\t\t<\/header>\n\t<p>Querida familia, con gran alegr\u00eda, os anuncio que tendremos en nuestra parroquia a Mar\u00eda de&#8230;<\/p>\n\t\t\t\t<\/div>\n\t\t\t<\/div>\n\t<\/div>\n\t<\/div>\n<\/div>\n\t\t\t\t\t\t<\/div>\n\t\t\t\t\t<\/li>\n\t\t\t\t\t\t\t\t\t<li class=\"page-content post-head list-item post-27282 post type-post status-publish format-standard has-post-thumbnail hentry category-proximoseventos\">\n\t\t\t\t\t\t<div>\n\t\t\t\t\t\t\t<div class=\"post-article has-image-wrapper \">\n\t<div class=\"standard-post-format clearfix as-image \">\n\t\t\t<div class=\"thumbnail\">\n\t\t\t\t\t\t\t<a href=\"https:\/\/sanantonioalgeciras.com\/index.php\/2025\/02\/02\/catequesis-confirmacion-adultos\/\" title=\"CATEQUESIS CONFIRMACI\u00d3N ADULTOS\">\n\t\t\t\t\t\t<img loading=\"lazy\" decoding=\"async\" width=\"262\" height=\"201\" src=\"https:\/\/sanantonioalgeciras.com\/wp-content\/uploads\/2025\/02\/CATEQUESIS-ADULTOS-262x201.jpg\" class=\"attachment-post-small-4 size-post-small-4 wp-post-image\" alt=\"\" srcset=\"https:\/\/sanantonioalgeciras.com\/wp-content\/uploads\/2025\/02\/CATEQUESIS-ADULTOS-262x201.jpg 262w, https:\/\/sanantonioalgeciras.com\/wp-content\/uploads\/2025\/02\/CATEQUESIS-ADULTOS-480x369.jpg 480w, https:\/\/sanantonioalgeciras.com\/wp-content\/uploads\/2025\/02\/CATEQUESIS-ADULTOS-555x426.jpg 555w, https:\/\/sanantonioalgeciras.com\/wp-content\/uploads\/2025\/02\/CATEQUESIS-ADULTOS-360x276.jpg 360w\" sizes=\"auto, (max-width: 262px) 100vw, 262px\" \/>\t\t\t\t\t<\/a>\n\t\t\t<\/div>\n\n\t<div class=\"post-content-wrapper\">\n\t\t\t<div class=\"post-actions-wrapper\">\n\t\t\t\t\n<div class=\"post-date\">\n\t\t\t<span class=\"top-part\">\n\t\t\t02\t\t<\/span>\n\t\t<span class=\"bottom-part\">\n\t\t\t02 '25\t\t<\/span>\n\t<\/div>\t\t\t\t\n<div class=\"post-actions\">\n\t\t\t\t\t\t<div class=\"comment-count\">\n\t\t\t\t<a href=\"https:\/\/sanantonioalgeciras.com\/index.php\/2025\/02\/02\/catequesis-confirmacion-adultos\/#respond\">0 <span class=\"comment-word\">Comments<\/span><\/a>\t\t\t<\/div>\n\t\t\n\t\t\n\t\t\t<\/div>\t\t\t<\/div>\n\t\t\t<div class=\"post-right\">\n\t\t\t\t<div class=\"post-content-outer\">\n\t\t\t\t\t\t\t<header class=\"single\">\n\t\t\t<div class=\"content\">\n\t\t\t\t<h4>\n\t\t\t\t\t<a href=\"https:\/\/sanantonioalgeciras.com\/index.php\/2025\/02\/02\/catequesis-confirmacion-adultos\/\" title=\"CATEQUESIS CONFIRMACI\u00d3N ADULTOS\" class=\"entry-title\">CATEQUESIS CONFIRMACI\u00d3N ADULTOS<\/a>\n\t\t\t\t<\/h4>\n\t\t\t<\/div>\n\t\t<\/header>\n\t<p>El pr\u00f3ximo d\u00eda 19 de febrero comenzamos un nuevo ciclo de catequesis preparatoria para recibir&#8230;<\/p>\n\t\t\t\t<\/div>\n\t\t\t<\/div>\n\t<\/div>\n\t<\/div>\n<\/div>\n\t\t\t\t\t\t<\/div>\n\t\t\t\t\t<\/li>\n\t\t\t\t\t\t\t\t\t<li class=\"page-content post-head list-item post-27279 post type-post status-publish format-standard has-post-thumbnail hentry category-proximoseventos\">\n\t\t\t\t\t\t<div>\n\t\t\t\t\t\t\t<div class=\"post-article has-image-wrapper \">\n\t<div class=\"standard-post-format clearfix as-image \">\n\t\t\t<div class=\"thumbnail\">\n\t\t\t\t\t\t\t<a href=\"https:\/\/sanantonioalgeciras.com\/index.php\/2025\/01\/27\/misa-de-las-candelas-2\/\" title=\"MISA DE LAS CANDELAS\">\n\t\t\t\t\t\t<img loading=\"lazy\" decoding=\"async\" width=\"262\" height=\"201\" src=\"https:\/\/sanantonioalgeciras.com\/wp-content\/uploads\/2025\/01\/misa-de-las-candelas-262x201.jpg\" class=\"attachment-post-small-4 size-post-small-4 wp-post-image\" alt=\"\" srcset=\"https:\/\/sanantonioalgeciras.com\/wp-content\/uploads\/2025\/01\/misa-de-las-candelas-262x201.jpg 262w, https:\/\/sanantonioalgeciras.com\/wp-content\/uploads\/2025\/01\/misa-de-las-candelas-480x369.jpg 480w, https:\/\/sanantonioalgeciras.com\/wp-content\/uploads\/2025\/01\/misa-de-las-candelas-555x426.jpg 555w, https:\/\/sanantonioalgeciras.com\/wp-content\/uploads\/2025\/01\/misa-de-las-candelas-360x276.jpg 360w\" sizes=\"auto, (max-width: 262px) 100vw, 262px\" \/>\t\t\t\t\t<\/a>\n\t\t\t<\/div>\n\n\t<div class=\"post-content-wrapper\">\n\t\t\t<div class=\"post-actions-wrapper\">\n\t\t\t\t\n<div class=\"post-date\">\n\t\t\t<span class=\"top-part\">\n\t\t\t27\t\t<\/span>\n\t\t<span class=\"bottom-part\">\n\t\t\t01 '25\t\t<\/span>\n\t<\/div>\t\t\t\t\n<div class=\"post-actions\">\n\t\t\t\t\t\t<div class=\"comment-count\">\n\t\t\t\t<a href=\"https:\/\/sanantonioalgeciras.com\/index.php\/2025\/01\/27\/misa-de-las-candelas-2\/#respond\">0 <span class=\"comment-word\">Comments<\/span><\/a>\t\t\t<\/div>\n\t\t\n\t\t\n\t\t\t<\/div>\t\t\t<\/div>\n\t\t\t<div class=\"post-right\">\n\t\t\t\t<div class=\"post-content-outer\">\n\t\t\t\t\t\t\t<header class=\"single\">\n\t\t\t<div class=\"content\">\n\t\t\t\t<h4>\n\t\t\t\t\t<a href=\"https:\/\/sanantonioalgeciras.com\/index.php\/2025\/01\/27\/misa-de-las-candelas-2\/\" title=\"MISA DE LAS CANDELAS\" class=\"entry-title\">MISA DE LAS CANDELAS<\/a>\n\t\t\t\t<\/h4>\n\t\t\t<\/div>\n\t\t<\/header>\n\t<p>El 2 de febrero, a los 40 d\u00edas de Navidad, la Iglesia celebra la Presentaci\u00f3n&#8230;<\/p>\n\t\t\t\t<\/div>\n\t\t\t<\/div>\n\t<\/div>\n\t<\/div>\n<\/div>\n\t\t\t\t\t\t<\/div>\n\t\t\t\t\t<\/li>\n\t\t\t\t\t\t\t\t\t<li class=\"page-content post-head list-item post-27276 post type-post status-publish format-standard has-post-thumbnail hentry category-proximoseventos\">\n\t\t\t\t\t\t<div>\n\t\t\t\t\t\t\t<div class=\"post-article has-image-wrapper \">\n\t<div class=\"standard-post-format clearfix as-image \">\n\t\t\t<div class=\"thumbnail\">\n\t\t\t\t\t\t\t<a href=\"https:\/\/sanantonioalgeciras.com\/index.php\/2025\/01\/27\/curso-prematrimonial\/\" title=\"CURSO PREMATRIMONIAL\">\n\t\t\t\t\t\t<img loading=\"lazy\" decoding=\"async\" width=\"262\" height=\"201\" src=\"https:\/\/sanantonioalgeciras.com\/wp-content\/uploads\/2025\/01\/curso-prematrimonial-262x201.jpg\" class=\"attachment-post-small-4 size-post-small-4 wp-post-image\" alt=\"\" srcset=\"https:\/\/sanantonioalgeciras.com\/wp-content\/uploads\/2025\/01\/curso-prematrimonial-262x201.jpg 262w, https:\/\/sanantonioalgeciras.com\/wp-content\/uploads\/2025\/01\/curso-prematrimonial-480x369.jpg 480w, https:\/\/sanantonioalgeciras.com\/wp-content\/uploads\/2025\/01\/curso-prematrimonial-1140x876.jpg 1140w, https:\/\/sanantonioalgeciras.com\/wp-content\/uploads\/2025\/01\/curso-prematrimonial-555x426.jpg 555w, https:\/\/sanantonioalgeciras.com\/wp-content\/uploads\/2025\/01\/curso-prematrimonial-360x276.jpg 360w\" sizes=\"auto, (max-width: 262px) 100vw, 262px\" \/>\t\t\t\t\t<\/a>\n\t\t\t<\/div>\n\n\t<div class=\"post-content-wrapper\">\n\t\t\t<div class=\"post-actions-wrapper\">\n\t\t\t\t\n<div class=\"post-date\">\n\t\t\t<span class=\"top-part\">\n\t\t\t27\t\t<\/span>\n\t\t<span class=\"bottom-part\">\n\t\t\t01 '25\t\t<\/span>\n\t<\/div>\t\t\t\t\n<div class=\"post-actions\">\n\t\t\t\t\t\t<div class=\"comment-count\">\n\t\t\t\t<a href=\"https:\/\/sanantonioalgeciras.com\/index.php\/2025\/01\/27\/curso-prematrimonial\/#respond\">0 <span class=\"comment-word\">Comments<\/span><\/a>\t\t\t<\/div>\n\t\t\n\t\t\n\t\t\t<\/div>\t\t\t<\/div>\n\t\t\t<div class=\"post-right\">\n\t\t\t\t<div class=\"post-content-outer\">\n\t\t\t\t\t\t\t<header class=\"single\">\n\t\t\t<div class=\"content\">\n\t\t\t\t<h4>\n\t\t\t\t\t<a href=\"https:\/\/sanantonioalgeciras.com\/index.php\/2025\/01\/27\/curso-prematrimonial\/\" title=\"CURSO PREMATRIMONIAL\" class=\"entry-title\">CURSO PREMATRIMONIAL<\/a>\n\t\t\t\t<\/h4>\n\t\t\t<\/div>\n\t\t<\/header>\n\t<p>MATRIMONIO | Si est\u00e1s pensando en casarte, no lo dudes m\u00e1s y recibe la bendici\u00f3n&#8230;<\/p>\n\t\t\t\t<\/div>\n\t\t\t<\/div>\n\t<\/div>\n\t<\/div>\n<\/div>\n\t\t\t\t\t\t<\/div>\n\t\t\t\t\t<\/li>\n\t\t\t\t\t\t\t\t\t<li class=\"page-content post-head list-item post-27272 post type-post status-publish format-standard has-post-thumbnail hentry category-proximoseventos category-sin-categoria\">\n\t\t\t\t\t\t<div>\n\t\t\t\t\t\t\t<div class=\"post-article has-image-wrapper \">\n\t<div class=\"standard-post-format clearfix as-image \">\n\t\t\t<div class=\"thumbnail\">\n\t\t\t\t\t\t\t<a href=\"https:\/\/sanantonioalgeciras.com\/index.php\/2025\/01\/13\/bendicion-de-mascotas-2\/\" title=\"Bendici\u00f3n de mascotas\">\n\t\t\t\t\t\t<img loading=\"lazy\" decoding=\"async\" width=\"262\" height=\"201\" src=\"https:\/\/sanantonioalgeciras.com\/wp-content\/uploads\/2025\/01\/Bendicion-mascotas-2025-262x201.jpg\" class=\"attachment-post-small-4 size-post-small-4 wp-post-image\" alt=\"\" srcset=\"https:\/\/sanantonioalgeciras.com\/wp-content\/uploads\/2025\/01\/Bendicion-mascotas-2025-262x201.jpg 262w, https:\/\/sanantonioalgeciras.com\/wp-content\/uploads\/2025\/01\/Bendicion-mascotas-2025-480x369.jpg 480w, https:\/\/sanantonioalgeciras.com\/wp-content\/uploads\/2025\/01\/Bendicion-mascotas-2025-555x426.jpg 555w, https:\/\/sanantonioalgeciras.com\/wp-content\/uploads\/2025\/01\/Bendicion-mascotas-2025-360x276.jpg 360w\" sizes=\"auto, (max-width: 262px) 100vw, 262px\" \/>\t\t\t\t\t<\/a>\n\t\t\t<\/div>\n\n\t<div class=\"post-content-wrapper\">\n\t\t\t<div class=\"post-actions-wrapper\">\n\t\t\t\t\n<div class=\"post-date\">\n\t\t\t<span class=\"top-part\">\n\t\t\t13\t\t<\/span>\n\t\t<span class=\"bottom-part\">\n\t\t\t01 '25\t\t<\/span>\n\t<\/div>\t\t\t\t\n<div class=\"post-actions\">\n\t\t\t\t\t\t<div class=\"comment-count\">\n\t\t\t\t<a href=\"https:\/\/sanantonioalgeciras.com\/index.php\/2025\/01\/13\/bendicion-de-mascotas-2\/#respond\">0 <span class=\"comment-word\">Comments<\/span><\/a>\t\t\t<\/div>\n\t\t\n\t\t\n\t\t\t<\/div>\t\t\t<\/div>\n\t\t\t<div class=\"post-right\">\n\t\t\t\t<div class=\"post-content-outer\">\n\t\t\t\t\t\t\t<header class=\"single\">\n\t\t\t<div class=\"content\">\n\t\t\t\t<h4>\n\t\t\t\t\t<a href=\"https:\/\/sanantonioalgeciras.com\/index.php\/2025\/01\/13\/bendicion-de-mascotas-2\/\" title=\"Bendici\u00f3n de mascotas\" class=\"entry-title\">Bendici\u00f3n de mascotas<\/a>\n\t\t\t\t<\/h4>\n\t\t\t<\/div>\n\t\t<\/header>\n\t<p>El pr\u00f3ximo domingo, 19 de enero, se bendecir\u00e1n las mascotas en nuestra parroquia. Tendr\u00e1 lugar&#8230;<\/p>\n\t\t\t\t<\/div>\n\t\t\t<\/div>\n\t<\/div>\n\t<\/div>\n<\/div>\n\t\t\t\t\t\t<\/div>\n\t\t\t\t\t<\/li>\n\t\t\t\t\t\t\t\t\t<li class=\"page-content post-head list-item post-27268 post type-post status-publish format-standard has-post-thumbnail hentry category-ultimasnoticias\">\n\t\t\t\t\t\t<div>\n\t\t\t\t\t\t\t<div class=\"post-article has-image-wrapper \">\n\t<div class=\"standard-post-format clearfix as-image \">\n\t\t\t<div class=\"thumbnail\">\n\t\t\t\t\t\t\t<a href=\"https:\/\/sanantonioalgeciras.com\/index.php\/2024\/12\/22\/visita-pastoral-de-d-rafael\/\" title=\"Visita Pastoral de D. Rafael\">\n\t\t\t\t\t\t<img loading=\"lazy\" decoding=\"async\" width=\"262\" height=\"201\" src=\"https:\/\/sanantonioalgeciras.com\/wp-content\/uploads\/2024\/12\/visita-pastoral-de-D-Rafael-262x201.jpg\" class=\"attachment-post-small-4 size-post-small-4 wp-post-image\" alt=\"\" srcset=\"https:\/\/sanantonioalgeciras.com\/wp-content\/uploads\/2024\/12\/visita-pastoral-de-D-Rafael-262x201.jpg 262w, https:\/\/sanantonioalgeciras.com\/wp-content\/uploads\/2024\/12\/visita-pastoral-de-D-Rafael-480x369.jpg 480w, https:\/\/sanantonioalgeciras.com\/wp-content\/uploads\/2024\/12\/visita-pastoral-de-D-Rafael-555x426.jpg 555w, https:\/\/sanantonioalgeciras.com\/wp-content\/uploads\/2024\/12\/visita-pastoral-de-D-Rafael-360x276.jpg 360w\" sizes=\"auto, (max-width: 262px) 100vw, 262px\" \/>\t\t\t\t\t<\/a>\n\t\t\t<\/div>\n\n\t<div class=\"post-content-wrapper\">\n\t\t\t<div class=\"post-actions-wrapper\">\n\t\t\t\t\n<div class=\"post-date\">\n\t\t\t<span class=\"top-part\">\n\t\t\t22\t\t<\/span>\n\t\t<span class=\"bottom-part\">\n\t\t\t12 '24\t\t<\/span>\n\t<\/div>\t\t\t\t\n<div class=\"post-actions\">\n\t\t\t\t\t\t<div class=\"comment-count\">\n\t\t\t\t<a href=\"https:\/\/sanantonioalgeciras.com\/index.php\/2024\/12\/22\/visita-pastoral-de-d-rafael\/#respond\">0 <span class=\"comment-word\">Comments<\/span><\/a>\t\t\t<\/div>\n\t\t\n\t\t\n\t\t\t<\/div>\t\t\t<\/div>\n\t\t\t<div class=\"post-right\">\n\t\t\t\t<div class=\"post-content-outer\">\n\t\t\t\t\t\t\t<header class=\"single\">\n\t\t\t<div class=\"content\">\n\t\t\t\t<h4>\n\t\t\t\t\t<a href=\"https:\/\/sanantonioalgeciras.com\/index.php\/2024\/12\/22\/visita-pastoral-de-d-rafael\/\" title=\"Visita Pastoral de D. Rafael\" class=\"entry-title\">Visita Pastoral de D. Rafael<\/a>\n\t\t\t\t<\/h4>\n\t\t\t<\/div>\n\t\t<\/header>\n\t<p>Durante los d\u00edas 19, 20 y 21 de diciembre, tuvimos el honor de recibir la&#8230;<\/p>\n\t\t\t\t<\/div>\n\t\t\t<\/div>\n\t<\/div>\n\t<\/div>\n<\/div>\n\t\t\t\t\t\t<\/div>\n\t\t\t\t\t<\/li>\n\t\t\t\t\t\t\t\t\t<li class=\"page-content post-head list-item post-27244 post type-post status-publish format-standard has-post-thumbnail hentry category-proximoseventos\">\n\t\t\t\t\t\t<div>\n\t\t\t\t\t\t\t<div class=\"post-article has-image-wrapper \">\n\t<div class=\"standard-post-format clearfix as-image \">\n\t\t\t<div class=\"thumbnail\">\n\t\t\t\t\t\t\t<a href=\"https:\/\/sanantonioalgeciras.com\/index.php\/2024\/09\/26\/catequesis-de-confirmacion-de-adultos\/\" title=\"CATEQUESIS DE CONFIRMACI\u00d3N DE ADULTOS\">\n\t\t\t\t\t\t<img loading=\"lazy\" decoding=\"async\" width=\"262\" height=\"201\" src=\"https:\/\/sanantonioalgeciras.com\/wp-content\/uploads\/2024\/09\/Catequesis-confirmacion-adultos-262x201.jpg\" class=\"attachment-post-small-4 size-post-small-4 wp-post-image\" alt=\"\" srcset=\"https:\/\/sanantonioalgeciras.com\/wp-content\/uploads\/2024\/09\/Catequesis-confirmacion-adultos-262x201.jpg 262w, https:\/\/sanantonioalgeciras.com\/wp-content\/uploads\/2024\/09\/Catequesis-confirmacion-adultos-480x369.jpg 480w, https:\/\/sanantonioalgeciras.com\/wp-content\/uploads\/2024\/09\/Catequesis-confirmacion-adultos-555x426.jpg 555w, https:\/\/sanantonioalgeciras.com\/wp-content\/uploads\/2024\/09\/Catequesis-confirmacion-adultos-360x276.jpg 360w\" sizes=\"auto, (max-width: 262px) 100vw, 262px\" \/>\t\t\t\t\t<\/a>\n\t\t\t<\/div>\n\n\t<div class=\"post-content-wrapper\">\n\t\t\t<div class=\"post-actions-wrapper\">\n\t\t\t\t\n<div class=\"post-date\">\n\t\t\t<span class=\"top-part\">\n\t\t\t26\t\t<\/span>\n\t\t<span class=\"bottom-part\">\n\t\t\t09 '24\t\t<\/span>\n\t<\/div>\t\t\t\t\n<div class=\"post-actions\">\n\t\t\t\t\t\t<div class=\"comment-count\">\n\t\t\t\t<a href=\"https:\/\/sanantonioalgeciras.com\/index.php\/2024\/09\/26\/catequesis-de-confirmacion-de-adultos\/#respond\">0 <span class=\"comment-word\">Comments<\/span><\/a>\t\t\t<\/div>\n\t\t\n\t\t\n\t\t\t<\/div>\t\t\t<\/div>\n\t\t\t<div class=\"post-right\">\n\t\t\t\t<div class=\"post-content-outer\">\n\t\t\t\t\t\t\t<header class=\"single\">\n\t\t\t<div class=\"content\">\n\t\t\t\t<h4>\n\t\t\t\t\t<a href=\"https:\/\/sanantonioalgeciras.com\/index.php\/2024\/09\/26\/catequesis-de-confirmacion-de-adultos\/\" title=\"CATEQUESIS DE CONFIRMACI\u00d3N DE ADULTOS\" class=\"entry-title\">CATEQUESIS DE CONFIRMACI\u00d3N DE ADULTOS<\/a>\n\t\t\t\t<\/h4>\n\t\t\t<\/div>\n\t\t<\/header>\n\t<p>El d\u00eda 2 de octubre a las 20:00h, retomamos la catequesis de confirmaci\u00f3n para adultos&#8230;<\/p>\n\t\t\t\t<\/div>\n\t\t\t<\/div>\n\t<\/div>\n\t<\/div>\n<\/div>\n\t\t\t\t\t\t<\/div>\n\t\t\t\t\t<\/li>\n\t\t\t\t\t\t\t\t\t<li class=\"page-content post-head list-item post-27232 post type-post status-publish format-standard has-post-thumbnail hentry category-ultimasnoticias\">\n\t\t\t\t\t\t<div>\n\t\t\t\t\t\t\t<div class=\"post-article has-image-wrapper \">\n\t<div class=\"standard-post-format clearfix as-image \">\n\t\t\t<div class=\"thumbnail\">\n\t\t\t\t\t\t\t<a href=\"https:\/\/sanantonioalgeciras.com\/index.php\/2024\/02\/04\/vida-consagrada\/\" title=\"Vida Consagrada\">\n\t\t\t\t\t\t<img loading=\"lazy\" decoding=\"async\" width=\"262\" height=\"201\" src=\"https:\/\/sanantonioalgeciras.com\/wp-content\/uploads\/2024\/02\/vida-consagrada-262x201.jpg\" class=\"attachment-post-small-4 size-post-small-4 wp-post-image\" alt=\"\" srcset=\"https:\/\/sanantonioalgeciras.com\/wp-content\/uploads\/2024\/02\/vida-consagrada-262x201.jpg 262w, https:\/\/sanantonioalgeciras.com\/wp-content\/uploads\/2024\/02\/vida-consagrada-480x369.jpg 480w, https:\/\/sanantonioalgeciras.com\/wp-content\/uploads\/2024\/02\/vida-consagrada-555x426.jpg 555w, https:\/\/sanantonioalgeciras.com\/wp-content\/uploads\/2024\/02\/vida-consagrada-360x276.jpg 360w\" sizes=\"auto, (max-width: 262px) 100vw, 262px\" \/>\t\t\t\t\t<\/a>\n\t\t\t<\/div>\n\n\t<div class=\"post-content-wrapper\">\n\t\t\t<div class=\"post-actions-wrapper\">\n\t\t\t\t\n<div class=\"post-date\">\n\t\t\t<span class=\"top-part\">\n\t\t\t04\t\t<\/span>\n\t\t<span class=\"bottom-part\">\n\t\t\t02 '24\t\t<\/span>\n\t<\/div>\t\t\t\t\n<div class=\"post-actions\">\n\t\t\t\t\t\t<div class=\"comment-count\">\n\t\t\t\t<a href=\"https:\/\/sanantonioalgeciras.com\/index.php\/2024\/02\/04\/vida-consagrada\/#respond\">0 <span class=\"comment-word\">Comments<\/span><\/a>\t\t\t<\/div>\n\t\t\n\t\t\n\t\t\t<\/div>\t\t\t<\/div>\n\t\t\t<div class=\"post-right\">\n\t\t\t\t<div class=\"post-content-outer\">\n\t\t\t\t\t\t\t<header class=\"single\">\n\t\t\t<div class=\"content\">\n\t\t\t\t<h4>\n\t\t\t\t\t<a href=\"https:\/\/sanantonioalgeciras.com\/index.php\/2024\/02\/04\/vida-consagrada\/\" title=\"Vida Consagrada\" class=\"entry-title\">Vida Consagrada<\/a>\n\t\t\t\t<\/h4>\n\t\t\t<\/div>\n\t\t<\/header>\n\t<p>El d\u00eda de la presentaci\u00f3n del Se\u00f1or celebramos tambi\u00e9n la Jornada de la Vida Consagrada&#8230;.<\/p>\n\t\t\t\t<\/div>\n\t\t\t<\/div>\n\t<\/div>\n\t<\/div>\n<\/div>\n\t\t\t\t\t\t<\/div>\n\t\t\t\t\t<\/li>\n\t\t\t\t\t\t<\/ul>\n\t<\/div>\n<\/div>\n\n<\/div><\/div>\n<div class=\"push\" style='height:60px'><\/div>\n<div class=\"row \"><div class=\"wpv-grid grid-1-1  wpv-first-level first has-background extended\" style=\"\n\t\t\t\tbackground: url('https:\/\/sanantonioalgeciras.com\/wp-content\/themes\/churchtheme\/samples\/images\/bg_photo2.jpg') no-repeat center top;\n\t\t\t\tbackground-size: auto;\n\t\t\t\tbackground-attachment: scroll;\n\t\t\tbackground-color:#efefef;padding-top:0px;padding-bottom:10px\" id=\"wpv-column-23dfd83d6d9c0f95f32b57e83bc8539f\" ><div class=\"extended-column-inner\"><style>#wpv-column-23dfd83d6d9c0f95f32b57e83bc8539f p,#wpv-column-23dfd83d6d9c0f95f32b57e83bc8539f em,#wpv-column-23dfd83d6d9c0f95f32b57e83bc8539f .column-title,#wpv-column-23dfd83d6d9c0f95f32b57e83bc8539f .sep-text h2.regular-title-wrapper,#wpv-column-23dfd83d6d9c0f95f32b57e83bc8539f .text-divider-double,#wpv-column-23dfd83d6d9c0f95f32b57e83bc8539f .sep-text .sep-text-line,#wpv-column-23dfd83d6d9c0f95f32b57e83bc8539f .sep,#wpv-column-23dfd83d6d9c0f95f32b57e83bc8539f .sep-2,#wpv-column-23dfd83d6d9c0f95f32b57e83bc8539f .sep-3{color:#707070;}#wpv-column-23dfd83d6d9c0f95f32b57e83bc8539f:before{background-color:transparent;}<\/style><div class=\"row \"><div class=\"wpv-grid grid-1-1  first unextended\" style=\"padding-top:0px;padding-bottom:0px\" id=\"wpv-column-ddd3803835bbacfe2b33e9c53309a45b\" >\t<div class=\"bxslider-wrapper\">\n\t\t<ul class=\"bxslider-container\" id=\"f7c2d2b016711926afb1fe584139aac5\">\n\t\t\t\t\t\t\t<li>\n\t\t\t\t\t\t\t\t\t\t\t<blockquote class='clearfix small simple'><div class=\"quote-thumbnail\"><img loading=\"lazy\" decoding=\"async\" width=\"150\" height=\"150\" src=\"https:\/\/sanantonioalgeciras.com\/wp-content\/uploads\/2013\/04\/large-150x150.jpg\" class=\"attachment-thumbnail size-thumbnail wp-post-image\" alt=\"\" srcset=\"https:\/\/sanantonioalgeciras.com\/wp-content\/uploads\/2013\/04\/large-150x150.jpg 150w, https:\/\/sanantonioalgeciras.com\/wp-content\/uploads\/2013\/04\/large-60x60.jpg 60w, https:\/\/sanantonioalgeciras.com\/wp-content\/uploads\/2013\/04\/large-43x43.jpg 43w, https:\/\/sanantonioalgeciras.com\/wp-content\/uploads\/2013\/04\/large-106x106.jpg 106w\" sizes=\"auto, (max-width: 150px) 100vw, 150px\" \/><strong class='quote-title'><span class='the-title'>Rodney Stratton<\/span><\/strong><\/div><div class='quote-text'><div class=\"quote-content\"><h1 style=\"font-size: 64px; font-weight: 800;\" class=\"accent-1\">GOD<br \/>\nIS IN NATURE,<br \/>\nLOVE IT!<\/h1>\n<em>\"Claritas est etiam processus dynamicus, qui sequitur mutationem consuetudium lectorum. Claritas est etiam processus dynamicus, qui sequitur mutationem consuetudium lectorum.\"<\/em><\/div><\/div><\/blockquote>\t\t\t\t\t\t\t\t\t<\/li>\n\t\t\t\t\t\t\t<li>\n\t\t\t\t\t\t\t\t\t\t\t<blockquote class='clearfix small simple'><div class=\"quote-thumbnail\"><img loading=\"lazy\" decoding=\"async\" width=\"150\" height=\"150\" src=\"https:\/\/sanantonioalgeciras.com\/wp-content\/uploads\/2013\/04\/large-150x150.jpg\" class=\"attachment-thumbnail size-thumbnail wp-post-image\" alt=\"\" srcset=\"https:\/\/sanantonioalgeciras.com\/wp-content\/uploads\/2013\/04\/large-150x150.jpg 150w, https:\/\/sanantonioalgeciras.com\/wp-content\/uploads\/2013\/04\/large-60x60.jpg 60w, https:\/\/sanantonioalgeciras.com\/wp-content\/uploads\/2013\/04\/large-43x43.jpg 43w, https:\/\/sanantonioalgeciras.com\/wp-content\/uploads\/2013\/04\/large-106x106.jpg 106w\" sizes=\"auto, (max-width: 150px) 100vw, 150px\" \/><strong class='quote-title'><span class='the-title'>Robert H. Schuller<\/span><\/strong><\/div><div class='quote-text'><div class=\"quote-content\"><h1 style=\"font-size: 64px; font-weight: 800;\" class=\"accent-1\">WE ALL <br \/>KNOW THAT A CHURCH <br \/>IS NOT A BUILDING.\n\n<\/h1>\n<em>\"Claritas est etiam processus dynamicus, qui sequitur mutationem consuetudium lectorum. Claritas est etiam processus dynamicus, qui sequitur mutationem consuetudium lectorum.\"<\/em><\/div><\/div><\/blockquote>\t\t\t\t\t\t\t\t\t<\/li>\n\t\t\t\t\t\t\t<li>\n\t\t\t\t\t\t\t\t\t\t\t<blockquote class='clearfix small simple'><div class=\"quote-thumbnail\"><img loading=\"lazy\" decoding=\"async\" width=\"150\" height=\"150\" src=\"https:\/\/sanantonioalgeciras.com\/wp-content\/uploads\/2013\/04\/large-150x150.jpg\" class=\"attachment-thumbnail size-thumbnail wp-post-image\" alt=\"\" srcset=\"https:\/\/sanantonioalgeciras.com\/wp-content\/uploads\/2013\/04\/large-150x150.jpg 150w, https:\/\/sanantonioalgeciras.com\/wp-content\/uploads\/2013\/04\/large-60x60.jpg 60w, https:\/\/sanantonioalgeciras.com\/wp-content\/uploads\/2013\/04\/large-43x43.jpg 43w, https:\/\/sanantonioalgeciras.com\/wp-content\/uploads\/2013\/04\/large-106x106.jpg 106w\" sizes=\"auto, (max-width: 150px) 100vw, 150px\" \/><strong class='quote-title'><span class='the-title'>Thomas Paine<\/span><\/strong><\/div><div class='quote-text'><div class=\"quote-content\"><h1 style=\"font-size: 64px; font-weight: 800;\" class=\"accent-1\">MY <br \/>\n MIND IS MY <br \/>OWN CHURCH.<\/h1>\n<em>\"Claritas est etiam processus dynamicus, qui sequitur mutationem consuetudium lectorum. Claritas est etiam processus dynamicus, qui sequitur mutationem consuetudium lectorum.\"<\/em><\/div><\/div><\/blockquote>\t\t\t\t\t\t\t\t\t<\/li>\n\t\t\t\t\t<\/ul>\n\t\t<script>\n\t\t\tjQuery(function($) {\n\t\t\t\tvar el = $('#f7c2d2b016711926afb1fe584139aac5');\n\t\t\t\tel.data('bxslider', el.bxSlider({\n\t\t\t\t\tpager: true,\n\t\t\t\t\tcontrols: false,\n\t\t\t\t\tauto: false,\n\t\t\t\t\tadaptiveHeight: true,\n\t\t\t\t\tpause: 7000,\n\t\t\t\t\tautoHover: true,\n\t\t\t\t\tadaptiveHeight: false\t\t\t\t}));\n\t\t\t});\n\t\t<\/script>\n\t<\/div>\n\n<\/div><\/div>\n<div class=\"push\" style='height:30px'><\/div>\n<div class=\"row \"><div class=\"wpv-grid grid-1-1  first unextended animation-zoom-in animated-active\" style=\"padding-top:0px;padding-bottom:0px\" id=\"wpv-column-c06e7550f997687b21e7e60ba4631a8e\" ><p style=\"text-align: center;\"><a class=\"wpv-scroll-to-top\" href=\"#\">Top \u2191<\/a> | <a href=\"#\">View All Quotes \u2192<\/a><\/div><\/div><\/div><\/div><\/div>\n","protected":false},"excerpt":{"rendered":"<p>MY MIND IS MY OWN CHURCH. \u00abClaritas est etiam processus dynamicus, qui sequitur mutationem consuetudium lectorum. Claritas est etiam processus dynamicus, qui sequitur mutationem consuetudium lectorum.\u00bb<\/p>\n","protected":false},"author":1,"featured_media":0,"parent":0,"menu_order":0,"comment_status":"closed","ping_status":"closed","template":"","meta":{"footnotes":""},"class_list":["post-7342","page","type-page","status-publish","hentry"],"_links":{"self":[{"href":"https:\/\/sanantonioalgeciras.com\/index.php\/wp-json\/wp\/v2\/pages\/7342","targetHints":{"allow":["GET"]}}],"collection":[{"href":"https:\/\/sanantonioalgeciras.com\/index.php\/wp-json\/wp\/v2\/pages"}],"about":[{"href":"https:\/\/sanantonioalgeciras.com\/index.php\/wp-json\/wp\/v2\/types\/page"}],"author":[{"embeddable":true,"href":"https:\/\/sanantonioalgeciras.com\/index.php\/wp-json\/wp\/v2\/users\/1"}],"replies":[{"embeddable":true,"href":"https:\/\/sanantonioalgeciras.com\/index.php\/wp-json\/wp\/v2\/comments?post=7342"}],"version-history":[{"count":0,"href":"https:\/\/sanantonioalgeciras.com\/index.php\/wp-json\/wp\/v2\/pages\/7342\/revisions"}],"wp:attachment":[{"href":"https:\/\/sanantonioalgeciras.com\/index.php\/wp-json\/wp\/v2\/media?parent=7342"}],"curies":[{"name":"wp","href":"https:\/\/api.w.org\/{rel}","templated":true}]}}